{"id":2346,"date":"2022-02-27T11:04:30","date_gmt":"2022-02-27T10:04:30","guid":{"rendered":"http:\/\/www.landrea.net\/?page_id=2346"},"modified":"2026-04-11T11:37:53","modified_gmt":"2026-04-11T09:37:53","slug":"lk2","status":"publish","type":"page","link":"https:\/\/www.landrea.net\/index.php\/lk2\/","title":{"rendered":"_LK2"},"content":{"rendered":"<div id=\"LK2Conteneur\" onmouseover=\"LK2Anime('LK2Conteneur')\"><img decoding=\"async\" style=\"\"\n     src=\"http:\/\/www.landrea.net\/wp-content\/uploads\/2021\/12\/Lukasa2-JK.jpeg\"\n     alt=\"Lukasa\"><\/p>\n<div id=\"LK2Cadre\"><\/div>\n<div id=\"LK2TableauBlanc\"><\/div>\n<div id=\"LK2a01\" class=\"LK2Actif\" onmouseover=\"LK2Survol('LK2a01')\" onclick=\"LK2Clic('LK2a01')\" ><\/div>\n<div id=\"LK2a06\" class=\"Marge LK2Actif\" onmouseover=\"LK2Survol('LK2a06')\" onclick=\"LK2Clic('LK2a06')\" ><\/div>\n<div id=\"LK2a10\" class=\"Marge LK2Actif\" onmouseover=\"LK2Survol('LK2a10')\" onclick=\"LK2Clic('LK2a10')\" ><\/div>\n<div id=\"LK2a16\" class=\"Marge LK2Actif\" onmouseover=\"LK2Survol('LK2a16')\" onclick=\"LK2Clic('LK2a16')\" ><\/div>\n<div id=\"LK2a19\" class=\"Marge LK2Actif\" onmouseover=\"LK2Survol('LK2a19')\" onclick=\"LK2Clic('LK2a19')\" ><\/div>\n<div id=\"LK2a22\" class=\"Marge LK2Actif\" onmouseover=\"LK2Survol('LK2a22')\" onclick=\"LK2Clic('LK2a22')\" ><\/div>\n<div id=\"LK2a23\" class=\"Marge LK2Actif\" onmouseover=\"LK2Survol('LK2a23')\" onclick=\"LK2Clic('LK2a23')\" ><\/div>\n<div id=\"LK2a24\" class=\"Marge LK2Actif\" onmouseover=\"LK2Survol('LK2a24')\" onclick=\"LK2Clic('LK2a24')\" ><\/div>\n<div id=\"LK2a25\" class=\"Marge LK2Actif\" onmouseover=\"LK2Survol('LK2a25')\" onclick=\"LK2Clic('LK2a25')\" ><\/div>\n<div id=\"LK2a26\" class=\"Marge LK2Actif\" onmouseover=\"LK2Survol('LK2a26')\" onclick=\"LK2Clic('LK2a26')\" ><\/div>\n<div id=\"LK2a29\" class=\"Marge LK2Actif\" onmouseover=\"LK2Survol('LK2a29')\" onclick=\"LK2Clic('LK2a29')\" ><\/div>\n<div id=\"LK2a30\" class=\"Marge LK2Actif\" onmouseover=\"LK2Survol('LK2a30')\" onclick=\"LK2Clic('LK2a30')\" ><\/div>\n<div id=\"LK2a31\" class=\"Marge LK2Actif\" onmouseover=\"LK2Survol('LK2a31')\" onclick=\"LK2Clic('LK2a31')\" ><\/div>\n<div id=\"LK2a32\" class=\"Marge LK2Actif\" onmouseover=\"LK2Survol('LK2a32')\" onclick=\"LK2Clic('LK2a32')\" ><\/div>\n<div id=\"LK2a35\" class=\"Marge LK2Actif\" onmouseover=\"LK2Survol('LK2a35')\" onclick=\"LK2Clic('LK2a35')\" ><\/div>\n<div id=\"LK2a36\" class=\"Marge LK2Actif\" onmouseover=\"LK2Survol('LK2a36')\" onclick=\"LK2Clic('LK2a36')\" ><\/div>\n<div id=\"LK2a38\" class=\"Marge LK2Actif\" onmouseover=\"LK2Survol('LK2a38')\" onclick=\"LK2Clic('LK2a38')\" ><\/div>\n<div id=\"LK2a39\" class=\"Marge LK2Actif\" onmouseover=\"LK2Survol('LK2a39')\" onclick=\"LK2Clic('LK2a39')\" ><\/div>\n<div id=\"LK2a40\" class=\"Marge LK2Actif\" onmouseover=\"LK2Survol('LK2a40')\" onclick=\"LK2Clic('LK2a40')\" ><\/div>\n<div id=\"LK2a42\" class=\"Marge LK2Actif\" onmouseover=\"LK2Survol('LK2a42')\" onclick=\"LK2Clic('LK2a42')\" ><\/div>\n<div id=\"LK2a43\" class=\"Marge LK2Actif\" onmouseover=\"LK2Survol('LK2a43')\" onclick=\"LK2Clic('LK2a43')\" ><\/div>\n<div id=\"LK2a45\" class=\"Marge LK2Actif\" onmouseover=\"LK2Survol('LK2a45')\" onclick=\"LK2Clic('LK2a45')\" ><\/div>\n<div id=\"LK2a46\" class=\"Marge LK2Actif\" onmouseover=\"LK2Survol('LK2a46')\" onclick=\"LK2Clic('LK2a46')\" ><\/div>\n<div id=\"LK2a47\" class=\"Marge LK2Actif\" onmouseover=\"LK2Survol('LK2a47')\" onclick=\"LK2Clic('LK2a47')\" ><\/div>\n<div id=\"LK2a49\" class=\"Marge LK2Actif\" onmouseover=\"LK2Survol('LK2a49')\" onclick=\"LK2Clic('LK2a49')\" ><\/div>\n<div id=\"LK2a51\" class=\"Marge LK2Actif\" onmouseover=\"LK2Survol('LK2a51')\" onclick=\"LK2Clic('LK2a51')\" ><\/div>\n<div id=\"LK2a52\" class=\"Marge LK2Actif\" onmouseover=\"LK2Survol('LK2a52')\" onclick=\"LK2Clic('LK2a52')\" ><\/div>\n<div id=\"LK2a54\" class=\"Marge LK2Actif\" onmouseover=\"LK2Survol('LK2a54')\" onclick=\"LK2Clic('LK2a54')\" >54<\/div>\n<div id=\"LK2a55\" class=\"Marge LK2Actif\" onmouseover=\"LK2Survol('LK2a55')\" onclick=\"LK2Clic('LK2a55')\" ><\/div>\n<div id=\"LK2a56\" class=\"Marge LK2Actif\" onmouseover=\"LK2Survol('LK2a56')\" onclick=\"LK2Clic('LK2a56')\" ><\/div>\n<div id=\"LK2a57\" class=\"Marge LK2Actif\" onmouseover=\"LK2Survol('LK2a57')\" onclick=\"LK2Clic('LK2a57')\" ><\/div>\n<div id=\"LK2a58\" class=\"Marge LK2Actif\" onmouseover=\"LK2Survol('LK2a58')\" onclick=\"LK2Clic('LK2a58')\" ><\/div>\n<div id=\"LK2a59\" class=\"Marge LK2Actif\" onmouseover=\"LK2Survol('LK2a59')\" onclick=\"LK2Clic('LK2a59')\" ><\/div>\n<div id=\"LK2a60\" class=\"Marge LK2Actif\" onmouseover=\"LK2Survol('LK2a60')\" onclick=\"LK2Clic('LK2a60')\" ><\/div>\n<div id=\"LK2a62\" class=\"Marge LK2Actif\" onmouseover=\"LK2Survol('LK2a62')\" onclick=\"LK2Clic('LK2a62')\" ><\/div>\n<div id=\"LK2a63\" class=\"Marge LK2Actif\" onmouseover=\"LK2Survol('LK2a63')\" onclick=\"LK2Clic('LK2a63')\" ><\/div>\n<div id=\"LK2a64\" class=\"Marge LK2Actif\" onmouseover=\"LK2Survol('LK2a64')\" onclick=\"LK2Clic('LK2a64')\" ><\/div>\n<div id=\"LK2a65\" class=\"Marge LK2Actif\" onmouseover=\"LK2Survol('LK2a65')\" onclick=\"LK2Clic('LK2a65')\" ><\/div>\n<div id=\"LK2a66\" class=\"Marge LK2Actif\" onmouseover=\"LK2Survol('LK2a66')\" onclick=\"LK2Clic('LK2a66')\" ><\/div>\n<div id=\"LK2a67\" class=\"Marge LK2Actif\" onmouseover=\"LK2Survol('LK2a67')\" onclick=\"LK2Clic('LK2a67')\" ><\/div>\n<div id=\"LK2a68\" class=\"Marge LK2Actif\" onmouseover=\"LK2Survol('LK2a68')\" onclick=\"LK2Clic('LK2a68')\" ><\/div>\n<div id=\"LK2a70\" class=\"Marge LK2Actif\" onmouseover=\"LK2Survol('LK2a70')\" onclick=\"LK2Clic('LK2a70')\" ><\/div>\n<div id=\"LK2a71\" class=\"Marge LK2Actif\" onmouseover=\"LK2Survol('LK2a71')\" onclick=\"LK2Clic('LK2a71')\" >71<\/div>\n<div id=\"LK2a72\" class=\"Marge LK2Actif\" onmouseover=\"LK2Survol('LK2a72')\" onclick=\"LK2Clic('LK2a72')\" ><\/div>\n<div id=\"LK2a73\" class=\"Marge LK2Actif\" onmouseover=\"LK2Survol('LK2a73')\" onclick=\"LK2Clic('LK2a73')\" ><\/div>\n<div id=\"LK2a74\" class=\"Marge LK2Actif\" onmouseover=\"LK2Survol('LK2a74')\" onclick=\"LK2Clic('LK2a74')\" ><\/div>\n<div id=\"LK2a76\" class=\"Marge LK2Actif\" onmouseover=\"LK2Survol('LK2a76')\" onclick=\"LK2Clic('LK2a76')\" >76<\/div>\n<div id=\"LK2a77\" class=\"Marge LK2Actif\" onmouseover=\"LK2Survol('LK2a77')\" onclick=\"LK2Clic('LK2a77')\" ><\/div>\n<div id=\"LK2aa1\" class=\"Marge LK2Actif\" onmouseover=\"LK2Survol('LK2aa1')\" onclick=\"LK2Clic('LK2aa1')\" ><\/div>\n<div id=\"LK2aa2\" class=\"Marge LK2Actif\" onmouseover=\"LK2Survol('LK2aa2')\" onclick=\"LK2Clic('LK2aa2')\" ><\/div>\n<div id=\"LK2aa3\" class=\"Marge LK2Actif\" onmouseover=\"LK2Survol('LK2aa3')\" onclick=\"LK2Clic('LK2aa3')\" ><\/div>\n<div id=\"LK2aa4\" class=\"Marge LK2Actif\" onmouseover=\"LK2Survol('LK2aa4')\" onclick=\"LK2Clic('LK2aa4')\" ><\/div>\n<div id=\"LK2aa5\" class=\"Marge LK2Actif\" onmouseover=\"LK2Survol('LK2aa5')\" onclick=\"LK2Clic('LK2aa5')\" ><\/div>\n<div id=\"LK2-Scroll\" class=\"rotation-90\"><img decoding=\"async\" src=\"http:\/\/www.landrea.net\/wp-content\/uploads\/Lukasa-Scroll2.png\" \/><\/div>\n<div id=\"LK2-Scroll-Texte\" class=\"rotation-90\" onclick=\"AppelPrompteur('1')\">Prompteur<\/div>\n<div id=\"LK2-Scroll-Compteur\"><\/div>\n<div id=\"LK2-Scroll-Stop\" onclick=\"AppelPrompteur('0')\"><img decoding=\"async\" src=\"http:\/\/www.landrea.net\/wp-content\/uploads\/2021\/12\/Lukasa-63-Image.png\" \/><\/div>\n<div id=\"LK2-Memoire\">Ressource01<\/div>\n<div id=\"LK2-Debug\"><\/div>\n<div class=\"LK2Separateur\">============================== 01 ====================================<\/div>\n<div id=\"Ressource01\" class=\"LK2Ressource\">\n<p class=\"K-Titre-Centre\">Testament d\u2019une m\u00e8re<br \/>\n(Extrait)<\/p>\n<div class=\"K-Image-Centre\"><img loading=\"lazy\" decoding=\"async\" src=\"http:\/\/www.landrea.net\/wp-content\/uploads\/2021\/11\/Lukasa-01-Image-226x300.png\" alt=\"\" width=\"113\" height=\"150\" \/>\n<\/div>\n<p class=\"K-Texte-Centre K-Texte\">\n<span class=\"esp\">Ma m\u00e8re r\u00e9pudi\u00e9e<\/span><span>a d\u00fb me laisser \u00e0 mon p\u00e8re<\/span><br \/>\n<span class=\"esp\">J\u2019avais quatre mois<\/span><span>J\u2019avais encore soif de lait maternel<\/span><br \/>\n<span class=\"esp\">Elle s\u2019appelait Ndaay\u00e0 Mw\u00e2Kabuta<sup> 2<\/sup><\/span><span>et lui Kambal\u00e0 Ambroise<\/span><br \/>\n<span class=\"esp\">Je l\u2019ai rencontr\u00e9e \u00e0 quelques reprises<\/span><span>Elle a v\u00e9cu jusqu\u2019en 1991<\/span><br \/>\n<span class=\"esp\">En r\u00e9alit\u00e9 elle ne m\u2019a jamais quitt\u00e9<\/span><span>Car sa parole est toujours en moi<\/span><br \/>\n<span class=\"esp\">Plus sonnante que jamais<\/span><span>elle est dans mes oreilles et dans mes muscles<\/span><br \/>\n<span class=\"esp\">Elle est dans le sang qui coule dans mes veines<\/span><span>Elle nourrit toute ma pens\u00e9e<\/span><br \/>\n<span class=\"esp\">Ma m\u00e8re n\u2019est jamais morte Dieu merci<\/span><span>Je ne suis pas orphelin loin s\u2019en faut<\/span><br \/>\n<span class=\"esp\">Je suis le fruit d\u2019h\u00e9ritages multiples<\/span><span>augment\u00e9s d\u2019apports issus de mon action<\/span><\/p>\n<p class=\"K-Texte-Centre K-Texte\">\n<span class=\"esp\">Le ph\u00e9nom\u00e8ne humain<\/span><span>quelle merveille quel myst\u00e8re\u00a0!<\/span><br \/>\n<span class=\"esp\">Voici les dimensions de l\u2019umuntu<\/span><span>autrement dit la personne<\/span><br \/>\n<span class=\"esp\">Qu\u2019on nomme aussi muntu<\/span><span>en cilub\u00e0 langue de ma m\u00e8re<\/span><\/p>\n<p class=\"K-Texte-Centre K-Texte\">\n<span class=\"esp\">Le corps est sa dimension physique visible<\/span><span>et l\u2019esprit sa dimension pensante<\/span><br \/>\n<span class=\"esp\">Le chi ou wayne bibi est sa dimension divine<\/span><span>la parole sa dimension vibratoire<\/span><br \/>\n<span class=\"esp\">C\u2019est dans le chi qu\u2019est log\u00e9 le sentiment<\/span><span>de dignit\u00e9 de souverainet\u00e9 de libert\u00e9<\/span><br \/>\n<span class=\"esp\">C\u2019est le lieu inali\u00e9nable inviolable de l\u2019\u00eatre<\/span><span>C\u2019est peut-\u00eatre l\u2019\u00ab\u00a0\u00e2me\u00a0\u00bb de Cheng<\/span><br \/>\n<span class=\"esp\">La parole ph\u00e9nom\u00e8ne vibratoire<\/span><span>se laisse consigner par l\u2019\u00e9criture qui est silence<\/span><\/p>\n<p class=\"K-Texte-Centre K-Texte\">\n<span class=\"esp\">Le corps ph\u00e9nom\u00e8ne temporel<\/span><span>s\u2019use et finit par se dissoudre dans la terre-m\u00e8re<\/span><br \/>\n<span class=\"esp\">Structure ou formule complexe et fragile<\/span><span>il c\u00e8de devant la maladie ou l\u2019accident<\/span><br \/>\n<span class=\"esp\">L\u2019umuntu ou \u00eatre humain est tel<\/span><span>surtout par ses dimensions supra-temporelles<\/span><\/p>\n<p class=\"K-Texte-Centre K-Texte\">\n<span class=\"esp\">\u00c9coutez la voix de ma m\u00e8re<\/span><span>Celle qui ne fr\u00e9quenta jamais l\u2019\u00e9cole occidentale<\/span><br \/>\n<span class=\"esp\">Celle qui a appris \u00e0 lire et \u00e0 \u00e9crire toute seule<\/span><span>en observant les \u00e9coliers<\/span><\/p>\n<p class=\"K-Texte-Gauche K-Texte\">\n<span class=\"esp\">Comment lire et \u00e9crire une lettre\u00a0?<\/span><span>Lorsque tu re\u00e7ois une lettre<\/span><br \/>\n<span class=\"esp\">Laisse-la d\u2019abord reposer<\/span><span>jusqu\u2019\u00e0 ce que tu oublies que tu as re\u00e7u une lettre<\/span><br \/>\n<span class=\"esp\">Quand ton esprit est d\u00e9gag\u00e9<\/span><span>reprends la lettre re\u00e7ue et lis-la une fois<\/span><br \/>\n<span class=\"esp\">Laisse-la encore reposer un jour ou deux<\/span><span>puis reprends-la et relis-la<\/span><br \/>\n<span class=\"esp\">Fais cela pendant cinq jours<\/span><span>Alors seulement commence \u00e0 y r\u00e9pondre\u00a0!<\/span><\/p>\n<p class=\"K-Texte-Gauche K-Texte\">\n<span class=\"esp\">D\u2019une mani\u00e8re g\u00e9n\u00e9rale<\/span><span>vous autres gens instruits<\/span><br \/>\n<span class=\"esp\">Quand vous recevez une lettre<\/span><span>vous la parcourez pr\u00e9cipitamment<\/span><br \/>\n<span class=\"esp\">Et vous vous mettez \u00e0 r\u00e9pondre<\/span><span>Et vous r\u00e9pondez n\u2019importe quoi\u00a0!<\/span><br \/>\n<span class=\"esp\">Souvent vous lisez \u00e0 peine et jetez la lettre<\/span><span>Et vous ne r\u00e9pondez pas\u00a0!<\/span><\/p>\n<p class=\"K-Texte-Gauche K-Texte\">\n<span class=\"esp\">Toi mon fils en particulier<\/span><span>en t\u2019envoyant en Europe je t\u2019ai perdu<\/span><br \/>\n<span class=\"esp\">Tu y as perdu tes cheveux et la patience<\/span><span>Et tu ne sais toujours pas lire\u00a0!<\/span><br \/>\n<span class=\"esp\">Il me semble m\u00eame quelquefois<\/span><span>que tu as peur de tout ce qui est \u00e9crit\u00a0!<\/span><\/p>\n<p class=\"K-Texte-Gauche K-Texte\">\n<span class=\"esp\">Quand on est dipl\u00f4m\u00e9 qu\u2019on a fini l\u2019\u00e9cole<\/span><span>on n\u2019a pas fini d\u2019apprendre<\/span><br \/>\n<span class=\"esp\">Il reste \u00e0 aller au-del\u00e0 de l\u2019\u00e9cole<\/span><span>Il reste \u00e0 entrer \u00e0 l\u2019\u00e9cole de la vie<\/span><br \/>\n<span class=\"esp\">L\u00e0 o\u00f9 l\u2019on apprend le buum\u00f9nt\u00f9<sup> 3<\/sup><\/span><span>c\u2019est-\u00e0-dire l\u2019art d\u2019\u00eatre avec les autres et avec soi<\/span><br \/>\n<span class=\"esp\">Le buum\u00f9nt\u00f9 ou ubuntu c\u2019est l\u2019art d\u2019\u00eatre un muntu<\/span><span>porteur du souffle de Dieu<\/span><\/p>\n<p class=\"K-Texte-Note K-Texte\"><span style=\"margin-left:10vw;\"><sup>2:<\/sup> \u00ab\u00a0M\u00e8re de Kabuta\u00a0\u00bb. En Afrique subsaharienne, la m\u00e8re est g\u00e9n\u00e9ralement appel\u00e9e d\u2019apr\u00e8s son 1er enfant. <\/span><br \/>\n<span style=\"margin-left:10vw;\"><sup>3 <\/sup>\u00c9quivalent de ubuntu, en cilub\u00e0 (langue de la RDC).<\/span><\/p>\n<div class=\"K-Bottom-01\"><\/div>\n<\/p>\n<\/div>\n<div class=\"LK2Separateur\">============================== 06 ====================================<\/div>\n<div id=\"Ressource06\" class=\"LK2Ressource\">\n<p class=\"K-Titre-Centre\">Colon &#038; Nsonga<\/p>\n<p class=\"K-Texte-Centre K-Texte\">\n<span class=\"esp\">Je suis en 2\u00e8me ann\u00e9e j\u2019ai neuf ans<\/span><span>J\u2019ai une belle voix<\/span><br \/>\n<span class=\"esp\">Le pr\u00eatre m\u2019accueille<\/span><span>dans sa chorale en pleine r\u00e9p\u00e9tition<\/span><br \/>\n<span class=\"esp\">Le enfants chantent si bien\u00a0:<\/span><span>\u00ab\u00a0\u00c7a doit \u00eatre \u00e7a, le paradis\u00a0!\u00a0\u00bb<\/span><br \/>\n<span class=\"esp\">Jusqu\u2019\u00e0 ce jour ce chant r\u00e9sonne en moi\u00a0!<\/span><span>C\u2019\u00e9tait Mozart<\/span><br \/>\n<span class=\"esp\">Celui-qui-a-visit\u00e9-le-Paradis-<\/span><span>et-en-a-ramen\u00e9-les-m\u00e9lodies<\/span><\/p>\n<p class=\"K-Texte-Centre K-Texte\">\n<span class=\"esp\">Je chante dans la chorale<\/span><span>Je vis chez Ns\u00f2nga ma mar\u00e2tre<\/span><br \/>\n<span class=\"esp\">Au milieu de ses enfants qu\u2019elle g\u00e2te et pourrit <\/span><span> Je suis le boy<\/span><br \/>\n<span class=\"esp\">Ma m\u00e8re avait \u00e9t\u00e9 r\u00e9pudi\u00e9e<\/span><span>alors que j\u2019avais quelques mois<\/span><br \/>\n<span class=\"esp\">Elle \u00e9tait peu soumise elle pensait<\/span><span>Elle mena\u00e7ait le patriarcat\u00a0!<\/span><br \/>\n<span class=\"esp\">On lui interdit l\u2019acc\u00e8s \u00e0 moi<\/span><span>en raison d\u2019une coutume cruelle\u00a0:<\/span><br \/>\n<span class=\"esp\">Dans mon pays d\u2019origine<\/span><span>l\u2019enfant appartient au clan du p\u00e8re\u00a0!<\/span><br \/>\n<span class=\"esp\">Or Colon est polygame<\/span><span>Quand il appara\u00eet il est ivre et m\u00e9chant<\/span><br \/>\n<span class=\"esp\">Il nous bat tous Ns\u00f2nga y compris<\/span><span>pour affirmer son autorit\u00e9\u00a0!<\/span><br \/>\n<span class=\"esp\">Je garde l\u2019image d\u2019un p\u00e8re violent<\/span><span>cependant ais\u00e9 et intelligent<\/span><br \/>\n<span class=\"esp\">Qui jouissait d\u2019une belle notori\u00e9t\u00e9<\/span><span>Et j\u2019\u00e9tais fier d\u2019\u00eatre son fils\u00a0!<\/span><\/p>\n<p class=\"K-Texte-Centre K-Texte\">\n<span class=\"esp\">La chorale s\u2019appr\u00eate \u00e0 partir en tourn\u00e9e<\/span><span>\u00e0 Kolwezi et Lwena<\/span><br \/>\n<span class=\"esp\">Tous les enfants ont des sacs<\/span><span>pleins de provisions et d\u2019habits<\/span><br \/>\n<span class=\"esp\">Moi je pars en voyage les mains vides<\/span><span>comme un orphelin\u00a0!<\/span><br \/>\n<span class=\"esp\">Le train va bient\u00f4t quitter le quai<\/span><span>le chef de train va siffler\u00a0!<\/span><br \/>\n<span class=\"esp\">Arrive in extremis Mans\u00e8\u00e8l\u00e0<\/span><span>une voisine-amie \u00e0 ma m\u00e8re<\/span><br \/>\n<span class=\"esp\">Avec un panier sur la t\u00eate<\/span><span>Elle a couru elle est essouffl\u00e9e\u00a0!<\/span><br \/>\n<span class=\"esp\">Elle me le tend par la fen\u00eatre\u00a0:<\/span><span>\u00ab\u00a0C\u2019est de Mw\u00e2-Kabuta\u00a0!\u00a0\u00bb <\/span><br \/>\n<span class=\"norm\">Je voyage ravi !<\/span><span class=\"esp\" style=\"font-weight:600;\">J\u2019AI UNE MAMAN<\/span><span>comme les autres\u00a0!<\/span><\/p>\n<p class=\"K-Texte-Centre K-Texte\">\n<span class=\"esp\">Elle avait eu vent de la nouvelle<\/span><span>Elle avait fait une trousse<\/span><br \/>\n<span class=\"esp\">Avec des victuailles<\/span><span>avec des v\u00eatements et des draps de lit<\/span><br \/>\n<span class=\"esp\">Il fallait pouvoir courir<\/span><span>Elle s\u2019adressa \u00e0 la jeune Mans\u00e8\u00e8l\u00e0\u00a0!<\/span><br \/>\n<span class=\"esp\">Quand j\u2019\u00e9cris ces vers<\/span><span>tout mon \u00eatre fr\u00e9mit encore de joie\u00a0!<\/span><br \/>\n<span class=\"esp\">D\u00e9sormais ma vie se passe surtout<\/span><span>\u00e0 la mission catholique<\/span><br \/>\n<span class=\"esp\">Et dans le monde privil\u00e9gi\u00e9 des Blancs\u00a0:<\/span><span>les salles de concert<\/span><br \/>\n<span class=\"esp\">Et la base militaire de Kamina<\/span><span>o\u00f9 nous donnons nos r\u00e9citals<\/span><br \/>\n<span class=\"esp\">Les veilles de No\u00ebl \u00e0 la mission<\/span><span>sont particuli\u00e8rement belles<\/span><br \/>\n<span class=\"esp\">Des artistes venus d\u2019Europe<\/span><span>nous \u00e9blouissent chaque fois<\/span><br \/>\n<span class=\"esp\">Par leur ma\u00eetrise de la voix<\/span><span>et par leur noble provenance\u00a0!<\/span><\/p>\n<div class=\"K-Bottom-02\"><\/div>\n<\/p>\n<\/div>\n<div class=\"LK2Separateur\">============================== 10 ====================================<\/div>\n<div id=\"Ressource10\" class=\"LK2Ressource\">\n<p class=\"K-Titre-Centre\"> Mes parents flamands <\/p>\n<div class=\"K-Image-Centre\"><img loading=\"lazy\" decoding=\"async\" src=\"http:\/\/www.landrea.net\/wp-content\/uploads\/2021\/12\/Lukasa-50-Image-300x178.png\" alt=\"\" width=\"150\" height=\"89\" \/>\n<\/div>\n<p class=\"K-Texte-Centre K-Texte\">\n<span class=\"esp\">Bient\u00f4t donc<\/span><span>c\u2019est l\u2019entr\u00e9e dans le r\u00eave\u00a0!<\/span><br \/>\n<span class=\"esp\">Expo58 ann\u00e9e faste\u00a0:<\/span><span>visites somptueuses<\/span><br \/>\n<span class=\"esp\">Au palais royal<\/span><span>dans les ch\u00e2teaux les mairies<\/span><br \/>\n<span class=\"esp\">R\u00e9citals et feux de la rampe<\/span><span>et feux d\u2019artifice\u00a0!<\/span><br \/>\n<span class=\"esp\">D\u00e9licatesse et parfums\u00a0!<\/span><span>Une Main bienveillante<\/span><br \/>\n<span class=\"esp\">Est venue se poser sur moi<\/span><span>et m\u2019a d\u00e9pos\u00e9 l\u00e0-bas<\/span><br \/>\n<span class=\"esp\">De l\u2019autre c\u00f4t\u00e9 du d\u00e9sert<\/span><span>\u00e0 l\u2019autre bout du monde<\/span><br \/>\n<span class=\"esp\">Le pays de Mozart<\/span><span>et de Bach et de Mendelssohn\u00a0!<\/span><br \/>\n<span class=\"esp\">Je re\u00e7ois de nouveaux parents<\/span><span>des gens de Dieu\u00a0:<\/span><br \/>\n<span class=\"esp\">Jacques Derickx<\/span><span>et son \u00e9pouse Jos\u00e9phine Haazen<\/span><br \/>\n<span class=\"esp\">Pour la premi\u00e8re fois<\/span><span>j\u2019appelle quelqu\u2019un Maman<\/span><br \/>\n<span class=\"esp\">Pour la premi\u00e8re fois<\/span><span>j\u2019appelle quelqu\u2019un Papa\u00a0!<\/span><br \/>\n<span class=\"esp\">Je suis si content de prononcer<\/span><span>ces mots suaves\u00a0!<\/p>\n<p><\/span><\/p>\n<p class=\"K-Texte-Centre K-Texte\">\n<span class=\"esp\">Me voici enfin<\/span><span>dans une famille qui fonctionne<\/span><br \/>\n<span class=\"esp\">Dans ma chambre\u00a0:<\/span><span>la po\u00e9sie de Guido Gezelle<\/span><br \/>\n<span class=\"esp\">Mozart et d\u2019autres classiques<\/span><span>Catarina Valente<\/span><br \/>\n<span class=\"esp\">Et des tas d\u2019autres musiques<\/span><span>Je suis combl\u00e9\u00a0!<\/span><br \/>\n<span class=\"esp\">J\u2019\u00e9coute je savoure<\/span><span>Ah oui j\u2019ai aussi un piano<\/span><br \/>\n<span class=\"esp\">Je suis des cours<\/span><span>d\u00e9chiffre pr\u00e9ludes et fugues<\/span><br \/>\n<span class=\"esp\">Chaque moment<\/span><span>est une savoureuse surprise<\/span><br \/>\n<span class=\"esp\">Je me sens tellement choy\u00e9<\/span><span>Je suis heureux !<\/span><br \/>\n<span class=\"esp\">Jamais je n\u2019ai vu<\/span><span>des \u00eatres si bons si aimants<\/span><br \/>\n<span class=\"esp\">Ils m\u2019aiment sans mesure<\/span><span>je suis ivre de joie<\/span><br \/>\n<span class=\"esp\">J\u2019en perds la conscience<\/span><span>de la couleur<\/span><br \/>\n<span class=\"esp\">Je suis dans l\u2019horizon<\/span><span>dans le r\u00eave<\/span><br \/>\n<span class=\"esp\">J\u2019y suis donc<\/span><span>au paradis\u00a0!<\/span><\/p>\n<p class=\"K-Texte-Centre K-Texte\">\n<span class=\"esp\">Peut-on imaginer<\/span><span>une existence<\/span><br \/>\n<span class=\"esp\">Dont chaque instant<\/span><span>est magie\u00a0?<\/span><br \/>\n<span class=\"esp\">Nous visitons en famille<\/span><span>la France du nord au sud<\/span><br \/>\n<span class=\"esp\">Voir Lisieux Lourdes<\/span><span>quelle f\u00e9licit\u00e9 pour l\u2019adolescent<\/span><br \/>\n<span class=\"esp\">Qui r\u00eave de consacrer sa vie au Bon Dieu<\/span><span>et que je suis\u00a0!<\/span><br \/>\n<span class=\"esp\">Ensuite Carcassonne<\/span><span>\u2013 Le moyen \u00e2ge c\u2019\u00e9tait donc \u00e7a\u00a0! \u2013<\/span><br \/>\n<span class=\"esp\">Et tant d\u2019autres lieux<\/span><span>qui m\u2019impressionnent\u00a0tant !<\/span><\/p>\n<p class=\"K-Texte-Centre K-Texte\">\n<span class=\"esp\">Je pars en croisi\u00e8re<\/span><span>depuis Anvers jusqu\u2019\u00e0 Lobito en Angola<\/span><br \/>\n<span class=\"esp\">Deux semaines idylliques<\/span><span>avec une escale aux \u00celes Canaries<\/span><br \/>\n<span class=\"esp\">Paysages mirifiques visages inhabituels<\/span><span>je suis \u00e9poustoufl\u00e9\u00a0!<\/span><br \/>\n<span class=\"esp\">Je me fais des copains sur notre paquebot<\/span><span>le Baudouinville<\/span><br \/>\n<span class=\"esp\">Nous avons du plaisir<\/span><span>\u00e0 jouer aux cartes aux dames au Lego<\/span><br \/>\n<span class=\"esp\">\u00c0 lire Jusqu\u2019au grand nord de Kingston<\/span><span>et d\u2019autres aventures<\/span><br \/>\n<span class=\"esp\">Qui se d\u00e9roulent en haute mer<\/span><span>Ma vie est un r\u00eave continu !<\/span><br \/>\n<span class=\"esp\">Je passe pr\u00e8s de deux ann\u00e9es \u00e0 Kamina-ville<\/span><span>ma ville natale<\/span><br \/>\n<span class=\"esp\">Ma m\u00e8re m\u2019offre un v\u00e9lo bleu<\/span><span>une vraie Rolls \u00e0 l\u2019\u00e9poque\u00a0!<\/span><br \/>\n<span class=\"esp\">Pouvoir simplement vivre \u00e0 ses c\u00f4t\u00e9s<\/span><span>quelle b\u00e9n\u00e9diction\u00a0!<\/span><br \/>\n<span class=\"esp\">J\u2019occupe un studio dans ma maison<\/span><span>et j\u2019ai des locataires<\/span><br \/>\n<span class=\"esp\">Je per\u00e7ois un loyer<\/span><span>je re\u00e7ois des sous de Papa et Maman<\/span><br \/>\n<span class=\"esp\">L\u2019\u00e9change de courriers avec eux<\/span><span>me fait tant de bien<\/span><br \/>\n<span class=\"esp\">Et m\u2019aide efficacement<\/span><span>\u00e0 perfectionner mon fran\u00e7ais<\/span><\/p>\n<p class=\"K-Texte-Centre K-Texte\">\n<span class=\"esp\">Je suis bon \u00e9l\u00e8ve<\/span><span>Je joue des sonates de Mozart<\/span><br \/>\n<span class=\"esp\">Les pr\u00eatres m\u2019aiment<\/span><span>Mes camarades d\u2019admirent<\/span><br \/>\n<span class=\"esp\">Les filles me recherchent<\/span><span>Je reste fid\u00e8le \u00e0 Dieu\u00a0!<\/span><br \/>\n<span class=\"esp\">J\u2019ai un ami presque un fr\u00e8re<\/span><span>Il s\u2019appelle Hubert<\/span><br \/>\n<span class=\"esp\">Il est si bienveillant<\/span><span>et il m\u2019apprend \u00e0 partager<\/span><br \/>\n<span class=\"esp\">Je me souviens de sa noblesse<\/span><span>et je le remercie<\/span><br \/>\n<span class=\"esp\">Dans le Katanga libre<\/span><span>je suis Le-Paradisiaque\u00a0!<\/span><\/p>\n<div class=\"K-Bottom-03\"><\/div>\n<\/p>\n<\/div>\n<div class=\"LK2Separateur\">============================== 16 ====================================<\/div>\n<div id=\"Ressource16\" class=\"LK2Ressource\">\n<p class=\"K-Titre-Centre\">VISION DU MONDE<\/p>\n<p class=\"K-Titre-Centre\">La Passion selon Saint-Mathieu<br \/>\n(Semaine de gr\u00e2ce)\n<\/p>\n<p class=\"K-Texte-Centre K-Texte\">Hier soir c\u2019\u00e9tait la Passion selon Saint-Mathieu<br \/>\nPar l\u2019Orchestre Symphonique de Montr\u00e9al<br \/>\nSous la direction de Kent Nagano<\/p>\n<p class=\"K-Texte-Centre K-Texte\">La salle de concert tout en bois<br \/>\n\u00c9voque un coin du Paradis<br \/>\nMirifique et miraculeux\u00a0!<\/p>\n<p class=\"K-Texte-Centre K-Texte\">Bach et ses semblables<br \/>\nSont des hommes-firmaments<br \/>\nSortis de l\u2019atelier divin de cr\u00e9ation<br \/>\nSouvent ils \u00e9mulent leur Ma\u00eetre<br \/>\nSouvent le Ma\u00eetre est jaloux<br \/>\nQui confessa un jour\u00a0:<br \/>\nMoi Jhwh ton Dieu<br \/>\nJe suis un Dieu jaloux<\/p>\n<p class=\"K-Texte-Centre K-Texte\">Voici un \u00e9pisode remarquable<br \/>\nDe l\u2019\u00e9pop\u00e9e de J\u00e9sus de Nazareth<br \/>\nFils-de-l\u2019Homme dit Fils-unique-de-Dieu<br \/>\nFils de Marie \u00e9pouse de Joseph La-Pleine-de-gr\u00e2ce<br \/>\nAmi intime de Marie-Madeleine La-Pleine-de-beaut\u00e9<br \/>\nGuide-sans-pareil-aux-disciples-sans-nombre<br \/>\nVedette-qui-reste-des-mill\u00e9naires-\u00e0-l\u2019affiche<br \/>\nEnseignant excellent qui enseigna \u00e0 aimer<br \/>\nR\u00e9volutionnaire venu apprendre aux Juifs<br \/>\nDe nouvelles mani\u00e8res d\u2019\u00eatre au monde<br \/>\nCelui-qui-multiplie-le-pain-et-le-poisson<br \/>\nCelui-qui-r\u00e9siste-\u00e0-Lucifer-ange-rebelle<br \/>\nLa-Voie-qui-conduit-\u00e0-l\u2019Esprit-Supr\u00eame<br \/>\nIntelligence-en-avance-sur-son-temps<br \/>\nMagicien-in\u00e9gal\u00e9-source-de-miracles<br \/>\nCelui-qui-transmute-l\u2019eau-en-vin<br \/>\nCelui-qui-gu\u00e9rit-les-paralytiques<br \/>\nCelui-qui-ressuscite-les-morts<br \/>\nCelui-qui-triomphe-de-la-mort<\/p>\n<p class=\"K-Texte-Droite K-Texte\">Cet homme par excellence<br \/>\nUnique en son genre<br \/>\nFut captur\u00e9<br \/>\nJug\u00e9 sommairement<br \/>\nEt mis \u00e0 mort<br \/>\nSur une immonde croix\u00a0!<\/p>\n<p class=\"K-Texte-Centre K-Texte\">Jean-S\u00e9bastien Bach<br \/>\nCantor de Leipzig g\u00e9nial conteur<br \/>\nA su raconter cette histoire tragique<br \/>\nCelle du h\u00e9ros destin\u00e9 \u00e0 une mort violente<br \/>\nAvec des fl\u00fbtes des orgues et des clarinettes<br \/>\nAvec des barytons des sopranos et des basses<br \/>\nCr\u00e9ant des vibrations magiques enchev\u00eatr\u00e9es<br \/>\nProvoquant de myst\u00e9rieuses r\u00e9sonances<br \/>\nAu plus intime de notre \u00eatre r\u00e9volt\u00e9<br \/>\nNous mettant en contact direct<br \/>\nAvec le divin<\/p>\n<p class=\"K-Texte-Centre K-Texte\">Je rends gr\u00e2ce<br \/>\nDe pouvoir toucher \u00e0 la Beaut\u00e9<br \/>\nDe voir un reflet de l\u2019Absolu !<\/p>\n<p class=\"K-Texte-Centre K-Texte\">Apr\u00e8s \u00e7a<br \/>\nTout discours sur Dieu ou sur la foi<br \/>\nDevient pur bruit !<\/p>\n<div class=\"K-Bottom-04\"><\/div>\n<\/p>\n<\/div>\n<div class=\"LK2Separateur\">============================== 19 ====================================<\/div>\n<div id=\"Ressource19\" class=\"LK2Ressource\">\n<p class=\"K-Titre-Centre\">M<span style=\"font-size:80%;\">e<\/span> Camplimbar\n<\/p>\n<div class=\"K-Image-Centre\"><img loading=\"lazy\" decoding=\"async\" src=\"http:\/\/www.landrea.net\/wp-content\/uploads\/2021\/12\/Lukasa-19-Image-225x300.png\" alt=\"\" width=\"123\" height=\"150\" \/>\n<\/div>\n<p class=\"K-Texte-Justifie K-Texte\">Cimbu Ann\u00e0, une femme originaire des Beena Kany\u00f2ka, avait \u00e9t\u00e9 mari\u00e9e \u00e0 l\u2019\u00e2ge de treize ans, comme cela \u00e9tait la coutume en ce temps-l\u00e0. Elle avait eu son premier fils, Luf\u00f9lw\u00e0b\u00f2 Kab\u00e0mb\u00e0 Paul, \u00e0 l\u2019\u00e2ge de quatorze ans. D\u00e9sormais, on ne l\u2019appela plus que Mw\u00e2 Kab\u00e0mb\u00e0 (m\u00e8re de Kab\u00e0mb\u00e0), ainsi que le veut la tradition. Elle a mis au monde onze enfants au total, dont un seul a perdu la vie en bas \u00e2ge.<\/p>\n<div style=\"margin-left:5vw\">\n<p class=\"K-Texte-Gauche K-Texte\">Eh ben, celui-l\u00e0, ce n\u2019est pas n\u2019importe qui,\u00a0hein !<br \/>\nLe prisonnier qui renverse les empereurs<br \/>\nKab\u00e0mb\u00e0 P\u00f4l\u00f9 Mwena Kalenda<br \/>\nKoonyimutengele g\u00e9ant qui se dresse \u00e0 D\u00ecnsang\u00e0<br \/>\nBaobab que l\u2019on n\u2019encercle<br \/>\nSource o\u00f9 chacun se d\u00e9salt\u00e8re<br \/>\nFr\u00e8re a\u00een\u00e9 de Ndaay\u00e0 Mw\u00e2-Kabuta<br \/>\nFils premier n\u00e9 de Cimbu Ann\u00e0 et de Luf\u00f9lw\u00e0b\u00f2 Simon<br \/>\nEl\u00e9phant-\u00e0-la-peau-rugueuse qu\u2019on ne terrasse<br \/>\nLe Ma\u00eetre qui gagne les causes les plus d\u00e9sesp\u00e9r\u00e9es<br \/>\nM\u00e8re aim\u00e9e comment dire tes noms<br \/>\nAmi des femmes et des hommes ami des enfants<br \/>\nLe riche sans compte en banque qui place sa richesse dans les humains<br \/>\nMa joie est sans limites aujourd\u2019hui est un jour b\u00e9ni<\/p>\n<\/div>\n<p class=\"K-Texte-Gauche K-Texte\">Cette \u00e9poque tumultueuse vit donc la naissance d\u2019\u00eatres \u00e9tonnants<br \/>\nTel Paul Kab\u00e0mb\u00e0 fils a\u00een\u00e9 de Cimbu Anne et de Luf\u00f9lw\u00e0b\u00f2 Simon<br \/>\nLe Ma\u00eetre qui vint enseigner aux hommes l\u2019art d\u2019aimer et de vivre<br \/>\nTelle Ndaay\u00e0 Louise s\u0153ur du Ma\u00eetre et femme d\u2019exception<\/p>\n<p class=\"K-Texte-Centre K-Texte\">Kab\u00e0mb\u00e0 Nsenda Luf\u00f9lw\u00e0b\u00f2 dit Camplimbar<br \/>\nLe Ma\u00eetre plein d\u2019intelligence et de bienveillance<\/p>\n<p class=\"K-Texte-Centre K-Texte\">Kab\u00e0mb\u00e0 Nsenda Luf\u00f9lw\u00e0b\u00f2 La-force-faite-homme<br \/>\nQue n\u2019effray\u00e8rent ni l\u2019ouragan ni l\u2019incendie ni la nuit<\/p>\n<p class=\"K-Texte-Centre K-Texte\">Luf\u00f9lw\u00e0b\u00f2 Nsenda Kab\u00e0mb\u00e0<br \/>\nLe Ma\u00eetre libre plein de compassion<\/p>\n<p class=\"K-Texte-Centre K-Texte\">Cimbu Anna c\u2019\u00e9tait la M\u00e8re<br \/>\nDe Kab\u00e0mb\u00e0 Luf\u00f9lw\u00e0b\u00f2 Nsenda<br \/>\nCelui \u00e0 qui les pasteurs venus d\u2019Am\u00e9rique<br \/>\nAvaient impos\u00e9 le nom de l\u2019ap\u00f4tre Paul<br \/>\nCelui qu\u2019appelaient Ma\u00eetre Camplimbar<br \/>\nCelles et ceux qui avaient eu la chance<br \/>\nDe l\u2019approcher et de le conna\u00eetre<br \/>\nOui elle avait enfant\u00e9 un Ma\u00eetre<\/p>\n<p class=\"K-Texte-Centre K-Texte\">Sur ma route je croisai Ndaay\u00e0 fille de Cimbu et Luf\u00f9lw\u00e0b\u00f2<br \/>\nElle m\u2019accueillit au plus intime d\u2019elle-m\u00eame Elle me donna le jour<br \/>\nEt je croisai son fr\u00e8re a\u00een\u00e9 Kab\u00e0mb\u00e0 Paul le Libre-et-G\u00e9n\u00e9reux<br \/>\nTous deux \u00eatres de grande envergure aux mille seins<br \/>\nIssus de Kalonji qui descendait de Kalenda le Prolifique<br \/>\nTous deux grands sages serviteurs du Dieu pr\u00e9sent en eux<br \/>\nAimant l\u2019Homme et admirateurs de l\u2019Enfant Pure-innocence<\/p>\n<p class=\"K-Texte-Centre K-Texte\">Ma m\u00e8re c\u2019est Ndaay\u00e0 Lwis\u00e0 wa Konj\u00ec<br \/>\nS\u0153ur de Kab\u00e0mb\u00e0 Le-Grand Le-Magnanime<br \/>\nFille de Cimbu An\u00e0 Mw\u00e2 Kab\u00e0mb\u00e0<br \/>\nMa formidable grand-m\u00e8re<\/p>\n<p class=\"K-Texte-Centre K-Texte\"><span class=\"esp\">Kab\u00e0mb\u00e0 Luf\u00f9lw\u00e0b\u00f2<\/span><span>et ceux de sa trempe<\/span><br \/>\n<span class=\"esp\">Ont marqu\u00e9 leur temps<\/span><span>Ils ne sont pas pass\u00e9s inaper\u00e7us<\/span><\/p>\n<p class=\"K-Texte-Centre K-Texte\"><span class=\"esp\">Fr\u00e8re a\u00een\u00e9 de Maam\u00e0 S\u00e2l\u00e0<\/span><span>il est connu aussi sous les noms<\/span><br \/>\n<span class=\"esp\">De Luf\u00f9lw\u00e0b\u00f2 Kab\u00e0mb\u00e0 Nsenda et<\/span><span>ou Camplimbar ou Ma\u00eetre<\/span><\/p>\n<div class=\"K-Bottom-05\"><\/div>\n<\/p>\n<\/div>\n<div class=\"LK2Separateur\">============================== 22 ====================================<\/div>\n<div id=\"Ressource22\" class=\"LK2Ressource\">\n<p class=\"K-Titre-Centre\">Kas\u00e0l\u00e0 pour<br \/>\nMe Kabuta<\/p>\n<div class=\"K-Image-Centre\"><img loading=\"lazy\" decoding=\"async\" src=\"http:\/\/www.landrea.net\/wp-content\/uploads\/2021\/12\/Lukasa-56-Image-300x252.png\" alt=\"\" width=\"150\" height=\"126\" \/>\n<\/div>\n<p class=\"K-Titre-Centre\">Chant I<\/p>\n<p class=\"K-Texte-Centre K-Texte\">J\u2019appelle Kabuta Lel\u00e0\u00e0y\u00ec Mbiiy\u00e8 Mwa-Kikangala Elise<br \/>\nFille de Jean Kabuta Ng\u00e8l\u00e8nj\u00ec B\u00eany\u00ec Ntalaja Ngo Semzara<br \/>\nEt de Sidonie Claudine Kikangala Mudioko<\/p>\n<p class=\"K-Texte-Centre K-Texte\">Soeur de Nt\u00f9mb\u00e0 C\u00ecbaad\u00eck\u00f2ngo Soline<br \/>\nDe Ndaay\u00e0 Sara Mw\u00e2-Kabuta la Voyageuse au teint rouge<br \/>\nEt de Kambal\u00e0 Sola Ngalula qu\u2019on appelle Mandela<br \/>\nPetite-fille de Kambal\u00e0 Cik\u00e8ng\u00e8l\u00e8 Ambroise<br \/>\nL\u2019artisan dou\u00e9 que fr\u00e9quentaient les Blancs<br \/>\nQui avait ainsi conquis le titre convoit\u00e9 de Colon<br \/>\nEt de Ndaay\u00e0 Mw\u00e2-Kabuta dite Maam\u00e0 S\u00e2l\u00e0<br \/>\nCelle dont la vie fut l\u2019incarnation de la compassion<br \/>\nPetite-fille de Mudioko Floribert le Mus\u00f4ngye<br \/>\nEt de Lel\u00e0\u00e0y\u00ec Mbiiy\u00e8 la Mukw\u00e0 Kalonji<br \/>\nTruie-aux-nombreuses-mamelles<\/p>\n<p class=\"K-Texte-Centre K-Texte\">Ni\u00e8ce de Din\u00e0ng\u00e0 Muk\u00f9nze appel\u00e9 aussi Jean<br \/>\nWa Kab\u00e0mb\u00e0 Nsenda Luf\u00f9lw\u00e0b\u00f2 dit Camplimbar<br \/>\nLe Ma\u00eetre plein d\u2019intelligence et de bienveillance<br \/>\nEt ni\u00e8ce de Nt\u00f9mb\u00e0 M\u00f9t\u00e2nd\u00e0 dit G\u00e9rard<br \/>\nLe jeune p\u00e8re \u00e0 l\u2019esprit vif<\/p>\n<p class=\"K-Titre-Centre\">Chant II<\/p>\n<p class=\"K-Texte-Centre K-Texte\">Le temps me manque<br \/>\nPour \u00e9voquer comme il se doit<br \/>\nCitenga Nt\u00e2mbw\u00e0 et Nt\u00f9mb\u00e0 wa K\u00e0\u00e0mud\u00ecmb\u00e0<br \/>\nLuf\u00f9lw\u00e0b\u00f2 Simon et Cimbu Anna Mw\u00e2-Kab\u00e0mb\u00e0<br \/>\nTes amples et illustres arri\u00e8res-grands-parents<br \/>\nEtres de bont\u00e9 de r\u00eaves d\u2019action et de vision<br \/>\nDont chacun se souvient avec \u00e9moi<\/p>\n<p class=\"K-Texte-Centre K-Texte\">Le temps me manque<br \/>\nPour retracer comme il faut<br \/>\nLa noble et magnifique lign\u00e9e<br \/>\nDe la grande Femme de lois que tu es<br \/>\nDipl\u00f4m\u00e9e de l\u2019Universit\u00e9 Libre de Bruxelles<br \/>\nLieu de l\u2019expression libre et de la libre pens\u00e9e<br \/>\nFoyer de l\u2019int\u00e9grit\u00e9 morale et de la tol\u00e9rance<br \/>\nDu souci de l\u2019autre bref de l\u2019humanisme<\/p>\n<p class=\"K-Texte-Centre K-Texte\">Tu es issue de l\u2019\u00c9cole de Bruxelles<br \/>\nL\u00e0 o\u00f9 la pens\u00e9e ne se soumet jamais<br \/>\nSachant que se soumettre c\u2019est cesser d\u2019exister<br \/>\nEt d\u2019o\u00f9 sortent depuis le dix-neuvi\u00e8me si\u00e8cle<br \/>\nLes meilleurs esprits de leur temps<\/p>\n<p class=\"K-Texte-Centre K-Texte\">Je c\u00e9l\u00e8bre ce jour<br \/>\nLa Ma\u00eetre en droit<br \/>\nOriginaire de Kap\u00e0la<br \/>\nDe Luk\u00e8l\u00e8ng\u00e8 et de C\u00ect\u00e8ng\u00e0<br \/>\nL\u00e0 o\u00f9 les filles et fils m\u00e9ritants<br \/>\nDe Cimbaayi et de Mpwanga<br \/>\nSe nourrissent fiers de b\u0153ufs<br \/>\nAlors que partout ailleurs<br \/>\nL\u2019on se contente de <span style=\"font-style:italic;\">mfumbw\u00e0<\/span><\/p>\n<div class=\"K-Bottom-06\"><\/div>\n<\/p>\n<\/div>\n<div class=\"LK2Separateur\">============================== 23 ====================================<\/div>\n<div id=\"Ressource23\" class=\"LK2Ressource\">\n<p class=\"K-Texte-Centre K-Texte\">Mouvement perp\u00e9tuel<br \/>\nJe suis ph\u00e9nom\u00e8ne invisible<br \/>\nL\u2019Insaisissable-\u00e0-l\u2019identit\u00e9-fuyante<br \/>\nLuciole enceinte dans la nuit \u00e9paisse<br \/>\nNaissant mourant renaissant remourant<br \/>\nJusques au jour o\u00f9 je serai reconfigur\u00e9<br \/>\nParmi d\u2019autres substances min\u00e9rales<br \/>\nPorteuses de vie et de promesses<\/p>\n<p class=\"K-Texte-Centre K-Texte\">\u00catre chaque jour plus humain que la veille\u00a0:<br \/>\nC\u00e9l\u00e9brant je c\u00e9l\u00e8bre les miracles quotidiens<br \/>\nSilencieux patient j\u2019attends qu\u2019arrive le moment<br \/>\nDe prendre la parole de recevoir le flambeau<br \/>\nComprenant enfin ce que sagesse veut dire <\/p>\n<p class=\"K-Texte-Centre K-Texte\">J\u2019ai rendu gr\u00e2ce je me tais<br \/>\nDe peur qu\u2019on ne me dise fol<br \/>\nJ\u2019arr\u00eate l\u00e0 l\u2019histoire de ma vie<br \/>\nQui est aussi ma signature<br \/>\nToujours renouvel\u00e9e<br \/>\nToujours inachev\u00e9e<br \/>\nToujours provisoire<\/p>\n<p class=\"K-Texte-Centre K-Texte\">Ces paroles me sont venues<br \/>\nUn mercredi du mois de juin 2018<br \/>\nJour o\u00f9 j\u2019ai re\u00e7u une bonne nouvelle<br \/>\nRelative \u00e0 mon dossier d\u2019immigration<br \/>\nAlors que le ciel \u00e9tait inond\u00e9 de soleil<br \/>\nUne bonne nouvelle de plus donc<br \/>\nComme tant d\u2019autres fois !<\/p>\n<p class=\"K-Texte-Centre K-Texte\">Et de ramener \u00e0 la m\u00e9moire<br \/>\nComme dans mon corps entier<br \/>\nL\u2019\u00e9motion de bien-\u00eatre ressentie<br \/>\nIl y a trente ans il y a quarante ans<br \/>\nLe jour o\u00f9 ma Nt\u00f9mb\u00e0 vint au monde<br \/>\nOu le jour o\u00f9 j\u2019obtins mon doctorat<br \/>\nOu le jour o\u00f9 je devins professeur<br \/>\nOu tant d\u2019autres moments b\u00e9nis<br \/>\nTous cadeaux inappr\u00e9ciables<br \/>\nRe\u00e7us de la vie si bonne ! <\/p>\n<p class=\"K-Texte-Centre K-Texte\">La nouvelle re\u00e7ue ce matin<br \/>\nEst d\u2019autant plus pr\u00e9cieuse<br \/>\nQu\u2019elle augmente ma joie ma vie<br \/>\nEn r\u00e9activant l\u2019exp\u00e9rience ancienne<br \/>\nToujours pr\u00e9sente dans mon \u00eatre<br \/>\nJ\u2019ai une gratitude infinie !<\/p>\n<p class=\"K-Texte-Centre K-Texte\">Kabuta Ng\u00e8l\u00e8nj\u00ec dit Jandhi<br \/>\nLe-Toujours-Perfectible<\/p>\n<div class=\"K-Bottom-07\"><\/div>\n<\/p>\n<\/div>\n<div class=\"LK2Separateur\">============================== 24 ====================================<\/div>\n<div id=\"Ressource24\" class=\"LK2Ressource\">\n<div class=\"K-Image-Centre-Large\"><img loading=\"lazy\" decoding=\"async\" src=\"http:\/\/www.landrea.net\/wp-content\/uploads\/Lukasa-24-Image-300x115.png\" alt=\"\" width=\"300\" height=\"115\" \/>\n<\/div>\n<p class=\"K-Titre-Centre\">Extrait de lukas\u00e0l\u00e0<\/p>\n<p class=\"K-Texte-Centre K-Texte\">\n<span class=\"esp\">\u00c9migrant qui \u00e9migra depuis l\u2019invisible<\/span><span>vers la plan\u00e8te Terre en Afrique<\/span><br \/>\n<span class=\"esp\">Puis de l\u2019Afrique devenue hostile<\/span><span>\u00e0 l\u2019Europe chaleureuse et accueillante<\/span><br \/>\n<span class=\"esp\">Puis de l\u2019Europe ancienne colonisatrice<\/span><span>vers l\u2019Am\u00e9rique nouveau monde<\/span><br \/>\n<span class=\"esp\">En attendant la 4\u00e8me et ultime \u00e9migration<\/span><span>vers l\u2019invisible d\u2019o\u00f9 il \u00e9tait issu<\/span><br \/>\n<span class=\"esp\">Kabuta est all\u00e9 d\u2019initiation en initiation<\/span><span>avant de devenir le compagnon <\/span><br \/>\n<span class=\"esp\">L\u2019\u00e9poux bien veill\u00e9 de Jeanne-Marie Rugira<\/span><span>la Grande et Noble Dame<\/span><br \/>\n<span class=\"esp\">Fille a\u00een\u00e9e de Christiane Mujawingoma<\/span><span>et d\u2019Amandin Rugira le Sage<\/span><br \/>\n<span class=\"esp\">M\u00e8re de Marie-Ange Niwemugeni<\/span><span>et de Yannick Shimwa le Rieur<\/span><\/p>\n<p class=\"K-Titre-Centre\">Joyeuse f\u00eate, Maman Christiane\u00a0!<\/p>\n<p class=\"K-Texte-Centre K-Texte\">\n<span style=\"margin-right:6em\">Maman Christiane<\/span><span>Femme-de-Dieu<\/span><br \/>\n<span style=\"margin-right:4em\">Celle qui chante-danse<\/span><span>la gloire du Seigneur<\/span><br \/>\n<span style=\"margin-right:2em\">Celle qui a march\u00e9 sur les<\/span><span>traces du Christ en Isra\u00ebl<\/span><br \/>\nCelle qui marche fid\u00e8le sur Ses traces du matin au soir<br \/>\nCelle qui devient J\u00e9sus-Femme Fille-unique-de-Dieu<br \/>\nCelle que chacun aurait voulu avoir comme m\u00e8re<br \/>\nM\u00e8re privil\u00e9gi\u00e9e au milieu de sa descendance<br \/>\nLa-Pleine-de-compassion-et-d\u2019amour<br \/>\nLa-Belle-du-dehors-au-dedans<br \/>\nJoyeux anniversaire !<br \/>\nJean Kabuta<\/p>\n<div class=\"K-Bottom-08\"><\/div>\n<\/p>\n<\/div>\n<div class=\"LK2Separateur\">============================== 25 ====================================<\/div>\n<div id=\"Ressource25\" class=\"LK2Ressource\">\n<p class=\"K-Titre-Centre\">Orchid\u00e9e-Papillon<br \/>\n(Po\u00e9tiser la vie)<\/p>\n<div class=\"K-Image-Centre\"><img loading=\"lazy\" decoding=\"async\" src=\"http:\/\/www.landrea.net\/wp-content\/uploads\/2021\/12\/Lukasa-25-Image-300x284.png\" alt=\"\" width=\"300\" height=\"284\" \/>\n<\/div>\n<p class=\"K-Texte-Gauche K-Texte\">\n<span class=\"esp\">Orchid\u00e9e-de-la-lune<\/span><span>d\u2019autres noms complexes me d\u00e9finissent<\/span><br \/>\n<span class=\"esp\">Voici l\u2019histoire de ma lign\u00e9e<\/span><span>J\u2019appartiens au genre Orchid\u00e9e-Papillon<\/span><br \/>\n<span class=\"esp\">Issue du phylum des Plantes vasculaires dites Trach\u00e9ophytes<\/span><span>j\u2019appartiens aussi<\/span><br \/>\n<span class=\"esp\">\u00c0 la classe des Liliopside-Monocotyl\u00e9done<\/span><span>\u00e0 l\u2019ordre des Asparagales<\/span><br \/>\n<span class=\"esp\">Et \u00e0 la famille des Orchidac\u00e9es<\/span><span>Enfin on m\u2019appelle Phalaenopsis<\/span><br \/>\n<span class=\"esp\">Ou encore Phalaenopsis Amabilis<\/span><span>Je suis fi\u00e8re de mes noms de force<\/span><\/p>\n<p class=\"K-Texte-Gauche K-Texte\">\n<span class=\"esp\">Je proviens de contr\u00e9es lointaines<\/span><span>l\u00e0-bas en Asie du Sud-est<\/span><br \/>\n<span class=\"esp\">L\u00e0 o\u00f9 v\u00e9cut le sagace Confucius<\/span><span>\u00c0 juste titre ce sage me qualifia<\/span><br \/>\n<span class=\"esp\">De Reine-des-plantes-parfum\u00e9es<\/span><span>Dans mon milieu naturel<\/span><br \/>\n<span class=\"esp\">Gr\u00e2ce \u00e0 mes racines a\u00e9riennes<\/span><span>je tire profit de la g\u00e9n\u00e9rosit\u00e9 de mes cons\u0153urs<\/span><br \/>\n<span class=\"esp\">Car j\u2019existe gr\u00e2ce aux autres<\/span><span>comme ils existent gr\u00e2ce \u00e0 moi<\/span><\/p>\n<p class=\"K-Texte-Gauche K-Texte\">\n<span class=\"esp\">Symbole de la gr\u00e2ce f\u00e9minine<\/span><span>je suis aussi symbole de la perfection<\/span><br \/>\n<span class=\"esp\">\u00c0 ce titre les gens d\u2019Afrique<\/span><span>m\u2019associent au nombre 7<\/span><br \/>\n<span class=\"esp\">Rencontre du f\u00e9minin et du masculin<\/span><span>qui constitue l\u2019Humain complet<\/span><br \/>\n<span class=\"esp\">Comme symbole j\u2019interviens aussi<\/span><span>pour marquer 55 ans de mariage<\/span><\/p>\n<p class=\"K-Texte-Gauche K-Texte\">\n<span class=\"esp\">Ma\u00eetre \u00e0 penser<\/span><span>j\u2019enseigne aux humains la patience<\/span><br \/>\n<span class=\"esp\">Pour cette raison<\/span><span>je fleuris seulement une ou deux fois l\u2019an<\/span><br \/>\n<span class=\"esp\">Quelquefois<\/span><span>il me pla\u00eet de passer plusieurs ann\u00e9es sans fleurir<\/span><br \/>\n<span class=\"esp\">Mais quand je m\u2019ouvre<\/span><span>je reste pr\u00e9sente pendant deux mois et m\u00eame trois<\/span><br \/>\n<span class=\"esp\">Inondant les bienheureux qui m\u2019entourent<\/span><span>de lumi\u00e8re et de suave parfum<\/span><\/p>\n<p class=\"K-Texte-Gauche K-Texte\" style=\"font-size:0.9em;\">\n<span class=\"esp\">Je suis Source de lumi\u00e8re et de joie<\/span><span>Cependant je n\u2019ai pas la d\u00e9sinvolture<\/span><br \/>\n<span class=\"esp\">De me mesurer \u00e0 Poti\u00e8re-Primordiale<\/span><span>Soleil-qui-vous-aveugle-si-vous-la-regardez-en-face<\/span><\/p>\n<p class=\"K-Texte-Gauche K-Texte\">\n<span class=\"esp\">Myst\u00e8re absolu<\/span><span>j\u2019\u00e9merge dans le ph\u00e9nom\u00e8ne vie<\/span><br \/>\n<span class=\"esp\">Sans que nul ne puisse dire par quelle loi<\/span><span>Il n\u2019importe !<\/span><br \/>\n<span class=\"esp\">Je ne viens pas pour m\u2019encombrer de questions<\/span><span>ni pour me lamenter<\/span><br \/>\n<span class=\"esp\">Je viens pour vivre<\/span><span>Et je vis pleinement<\/span><br \/>\n<span class=\"norm\" style=\"font-size:0.9em;\">En offrant au monde le meilleur de moi-m\u00eame\u00a0:<\/span><span>Cette fleur splendide aux allures enivrantes<\/span><br \/>\n<span class=\"esp\">Qui ne vient jamais seule<\/span><span>qui vient toujours accompagn\u00e9e de boutons de fleur<\/span><br \/>\n<span class=\"esp\">Destin\u00e9s \u00e0 prendre la rel\u00e8ve \u00e0 augmenter la vie<\/span><span>\u00e0 dire la victoire de la vie sur la mort<\/span><\/p>\n<p class=\"K-Texte-Gauche K-Texte\" style=\"font-size:0.9em;\">\n<span class=\"esp\">En ce moment pr\u00e9cis<\/span><span>je sors des tripes de Jean Kabuta que certains appellent Monsieur Kas\u00e0l\u00e0<\/span><br \/>\n<span class=\"esp\">C\u00e9l\u00e9bration-du-vivant-et-\u00c9merveillement<\/span><span>Col\u00e8re-vitale-et-\u00celot-de-r\u00e9sistance<\/span><br \/>\n<span class=\"esp\">Il est \u00e0 la fois Po\u00e9sie Engagement et Action<\/span><span>C\u2019est l\u2019Agriculteur-polyvalent-qui-cultive-l\u2019amour<\/span><\/p>\n<div class=\"K-Bottom-09\"><\/div>\n<\/p>\n<p class=\"K-Titre-Centre\">L\u2019orchid\u00e9e mauve<\/p>\n<p class=\"K-Texte-Centre K-Texte\">\n<span class=\"esp\">Moi qui parle<\/span><span>on m\u2019appelle Jandhi<\/span><br \/>\n<span class=\"esp\">\u00c9coutez donc<\/span><span>combien je suis chanceux<\/span><\/p>\n<p class=\"K-Texte-Centre K-Texte\">\n<span class=\"esp\">Ce matin au lever<\/span><span>en ce printemps finissant<\/span><br \/>\n<span class=\"esp\">Je songeais \u00e0 l\u2019abondance de la vie<\/span><span>dans la nature<\/span><\/p>\n<p class=\"K-Texte-Centre K-Texte\">\n<span class=\"esp\">L\u2019orchid\u00e9e languissait<\/span><span>dans le coin botanique du salon<\/span><br \/>\n<span class=\"esp\">Les racines dess\u00e9ch\u00e9es<\/span><span>les deux feuilles restantes jaunies<\/span><br \/>\n<span class=\"esp\">Lorsque j\u2019arrose les plantes<\/span><span>je l\u2019arrose aussi par habitude<\/span><\/p>\n<p class=\"K-Texte-Centre K-Texte\">\n<span class=\"esp\">Ce matin je m\u2019\u00e9tonne\u00a0:<\/span><span>les deux feuilles sont turgescentes<\/span><br \/>\n<span class=\"esp\">Et de remarquer une tige<\/span><span>munie de quatre fleurs mauves<\/span><br \/>\n<span class=\"esp\">Et de nombreux boutons<\/span><span>annonciateurs d\u2019autres fleurs!<\/span><\/p>\n<p class=\"K-Texte-Centre K-Texte\">\n<span class=\"esp\">Le myst\u00e8re me subjugue!<\/span><span>S\u2019impose le silence absolu!<\/span><br \/>\n<span class=\"esp\">Quel sublime cadeau<\/span><span>pour cette journ\u00e9e nouvelle!<\/span><br \/>\n<span class=\"esp\">Ne suis-je pas privil\u00e9gi\u00e9<\/span><span>d\u2019\u00eatre t\u00e9moin de cela?<\/span><br \/>\n<span class=\"esp\">Le spectacle me comble<\/span><span>d\u2019\u00e9merveillement<\/span><br \/>\n<span class=\"esp\">Quelle Inconcevable-<\/span><span>Intelligence!<\/span><\/p>\n<p class=\"K-Texte-Centre K-Texte\">J\u2019ai parl\u00e9 et je me tais<br \/>\nQu\u2019on ne me dise fol<\/p>\n<p class=\"K-Texte-Droite K-Texte\" style=\"font-size:small;\">Rimouski, le 27 mai 2021<\/p>\n<div class=\"K-Bottom-10\"><\/div>\n<\/p>\n<\/div>\n<div class=\"LK2Separateur\">============================== 26 ====================================<\/div>\n<div id=\"Ressource26\" class=\"LK2Ressource\">\n<p class=\"K-Titre-Centre\">Je suis Araign\u00e9e<\/p>\n<p class=\"K-Titre-Centre\">I<\/p>\n<div class=\"K-Image-Centre\"><img loading=\"lazy\" decoding=\"async\" src=\"http:\/\/www.landrea.net\/wp-content\/uploads\/2021\/12\/Lukasa-26-Image-165x300.png\" alt=\"\" width=\"185\" height=\"300\" \/>\n<\/div>\n<p class=\"K-Texte-Centre K-Texte\">Dans le jardin un matin d&rsquo;automne \u00e0 Kamouraska<br \/>\nUne araign\u00e9e monte descend elle danse dans l&rsquo;air<br \/>\nJ&rsquo;approche \u2013 Elle accomplit concentr\u00e9e sa besogne<br \/>\nTendant l&rsquo;oreille je l&rsquo;entends \u00e9noncer ses noms :<\/p>\n<p class=\"K-Texte-Centre K-Texte K-Texte-Italique\">Je suis Araign\u00e9e S\u00e9cr\u00e9trice-de-soie Tisseuse-de-toiles<br \/>\nMon g\u00e9nie se d\u00e9ploie dans le tissage de toiles-pi\u00e8ges<br \/>\nJe tisse des toiles de toutes tailles et de toutes formes<br \/>\nDans tous milieux \u00e0 travers le monde je suis Ubiquiste<\/p>\n<p class=\"K-Texte-Centre K-Texte K-Texte-Italique\">Je pose d&rsquo;abord un fil de soutien sur une branche une tige<br \/>\nEnsuite je fabrique mon cadre pourvu de rayons non collants<br \/>\nAu centre je tisse ma spirale non collante pour moi-m\u00eame<br \/>\nEnfin je pose une spirale collante sur les rayons pour mes proies<\/p>\n<p class=\"K-Texte-Centre K-Texte K-Texte-Italique\">Je m&rsquo;installe silencieuse au centre de mon \u0153uvre et j&rsquo;attends<br \/>\nDepuis l\u00e0 je contr\u00f4le par vibrations chaque point de ma toile<br \/>\nQu&rsquo;une prodigue mouche vienne s&rsquo;offrir je la localise aussit\u00f4t<br \/>\nJe cours alors jusqu&rsquo;\u00e0 elle et m&rsquo;en repais en louant le ciel<\/p>\n<p class=\"K-Texte-Centre K-Texte K-Texte-Italique\">Souvent par m\u00e9chancet\u00e9 ou par ignorance<br \/>\nPar jalousie ou par simple arachnophobie<br \/>\nD&rsquo;autres vivants d\u00e9truisent mes \u0153uvres<br \/>\nEt s&rsquo;acharnent \u00e0 m&rsquo;\u00e9liminer moi-m\u00eame<\/p>\n<p class=\"K-Texte-Centre K-Texte K-Texte-Italique\">Mais je ne meurs jamais pour de bon<br \/>\nJe resurgis et je me redresse toujours<br \/>\nEt je recommence et reconstruis toujours<br \/>\nEt j&rsquo;existe depuis plus de deux cents mille ans<\/p>\n<p class=\"K-Texte-Centre K-Texte K-Texte-Italique\">Quand on croit me tuer je suis plus vivante que jamais<br \/>\nComme sont de plus en plus vivants les exil\u00e9s razzi\u00e9s<br \/>\nCelles et ceux qu&rsquo;on crut an\u00e9antir depuis la traite<br \/>\nEt qui surv\u00e9curent gr\u00e2ce \u00e0 leurs liens au sacr\u00e9<\/p>\n<p class=\"K-Texte-Centre K-Texte K-Texte-Italique\">Je suis Pers\u00e9v\u00e9rance je suis Patience<br \/>\nSolitaire je demeure fid\u00e8le \u00e0 ma vocation<br \/>\nLes gens d&rsquo;Afrique m&rsquo;ont surnomm\u00e9e :<br \/>\nCelle-qui-n&rsquo;a-pas-besoin-de-barque<\/p>\n<p class=\"K-Texte-Centre K-Texte K-Texte-Italique\">Car je suis l&rsquo;Autonome je fabrique mes outils<br \/>\nPour me nourrir pour traverser les airs les fleuves<br \/>\nJe suis la Responsable je prends ma vie en mains<br \/>\nJ&rsquo;inspire tous ceux qui ont soif de libert\u00e9<\/p>\n<p class=\"K-Texte-Centre K-Texte K-Texte-Italique\">Aran\u00e9ide Arthropode Arachnide Anansi<br \/>\nJe vais de mue en mue jusqu&rsquo;\u00e0 ma maturit\u00e9<br \/>\nPr\u00e9datrice je suis friande d&rsquo;organismes volants<br \/>\nJe me laisse aussi savourer par souci de r\u00e9gulation<\/p>\n<p class=\"K-Texte-Centre K-Texte K-Texte-Italique\">Seuls les Maasa\u00ef de la Savane sont aussi sages<br \/>\nQui se nourrissent de lait au sang frais et de viande<br \/>\nAussi longtemps qu&rsquo;ils respirent dansent et pensent<br \/>\nEt qui rendent aux fauves leur corps sit\u00f4t d\u00e9sanim\u00e9<\/p>\n<p class=\"K-Texte-Centre K-Texte K-Texte-Italique\">Qu&rsquo;est-ce que mes d\u00e9fis et ma vie m&rsquo;enseignent?<br \/>\nVivre ne consiste pas juste \u00e0 manger et \u00eatre mang\u00e9<br \/>\nC&rsquo;est plut\u00f4t se nourrir des autres et les nourrir de soi<br \/>\nEt le bonheur est plus intense lorsqu&rsquo;il est partag\u00e9<\/p>\n<p class=\"K-Texte-Centre K-Texte K-Texte-Italique\">Font partie de ma grande famille Goliath la mygale g\u00e9ante<br \/>\nArgyronete Ichtyophage, Bagheera Kiplingi la V\u00e9g\u00e9tarienne<br \/>\nVeuve Noire la Redoutable et Tarentule d&rsquo;Italie la Mythique<br \/>\nEt tant d&rsquo;autres diurnes et nocturnes &#8211; bref je suis Diversit\u00e9<\/p>\n<p class=\"K-Texte-Centre K-Texte K-Texte-Italique\">Mes techniques de chasse sont elles aussi vari\u00e9es:<br \/>\nLe pi\u00e8ge mais aussi la chasse \u00e0 courre et la chasse \u00e0 l&rsquo;aff\u00fbt<br \/>\nGr\u00e2ce \u00e0 ma vue favoris\u00e9e par mes yeux multiples et efficaces<br \/>\nEt gr\u00e2ce \u00e0 ma patience illimit\u00e9e et mon venin neurotoxique<\/p>\n<p class=\"K-Texte-Centre K-Texte K-Texte-Italique\">Cr\u00e9atrice cosmique j&rsquo;ai inspir\u00e9 les Anciens de diverses fa\u00e7ons<br \/>\nEn Gr\u00e8ce la Belle Arachn\u00e9 se vanta d&rsquo;\u00eatre la meilleure tisseuse<br \/>\nJalouse et furieuse Ath\u00e9na d\u00e9truisit son \u0153uvre &#8211; Elle se suicida<br \/>\nToutefois prise de remords Ath\u00e9na la transforma en araign\u00e9e<\/p>\n<div class=\"K-Bottom-11\"><\/div>\n<\/p>\n<\/div>\n<div class=\"LK2Separateur\">============================== 29 ====================================<\/div>\n<div id=\"Ressource29\" class=\"LK2Ressource\">\n<p class=\"K-Titre-Centre\">Trochilid\u00e9 dit Colibri<\/p>\n<div class=\"K-Image-Centre\"><img loading=\"lazy\" decoding=\"async\" src=\"http:\/\/www.landrea.net\/wp-content\/uploads\/2021\/12\/Lukasa-29-Image.png\" alt=\"\" width=\"234\" height=\"268\" \/>\n<\/div>\n<p class=\"K-Texte-Centre K-Texte\">Ma Pr\u00e9cieuse Amie<br \/>\nJ\u2019ai entendu ta question\u00a0:<br \/>\nDis-moi s\u2019il te pla\u00eet po\u00e8te \u00e9clair\u00e9<br \/>\nComment fait-t-on pour transformer<br \/>\nUn \u00eatre bris\u00e9 et presque d\u00e9sensibilis\u00e9<br \/>\nPar les \u00e9preuves et l\u2019\u00e2pret\u00e9 du monde<br \/>\nPeut-\u00eatre aussi par les caprices du sort<br \/>\nEn \u00eatre d\u2019ouverture assez transparent<br \/>\nPour laisser passer la lumi\u00e8re du soleil<br \/>\nPour entendre le murmure des muses<br \/>\nQui inspirent des \u0153uvres de beaut\u00e9<br \/>\nQui rendent capable de savourer<br \/>\nChaque instant devenu infini ?<\/p>\n<p class=\"K-Texte-Centre K-Texte\">\n<span class=\"esp\">Tu veux savoir<\/span><span>comment devenir assez mall\u00e9able<\/span><br \/>\n<span class=\"esp\">Pour se laisser transporter<\/span><span>par le g\u00e9nie ou la bont\u00e9<\/span><br \/>\n<span class=\"esp\">Ou comment avoir acc\u00e8s<\/span><span>\u00e0 l\u2019exp\u00e9rience esth\u00e9tique<\/span><\/p>\n<p class=\"K-Texte-Centre K-Texte\">\n<span class=\"esp\">Or les r\u00e9ponses \u00e0 ces questions<\/span><span>ne se trouvent<\/span><br \/>\n<span class=\"esp\">Ni dans les facult\u00e9s<\/span><span>ni dans les trait\u00e9s savants<\/span><br \/>\n<span class=\"esp\">Mais dans le chant les oc\u00e9ans<\/span><span>les b\u00e9b\u00e9s naissants<\/span><br \/>\n<span class=\"esp\">Et dans les enseignements<\/span><span>de ma\u00eetres \u00e0 penser<\/span><br \/>\n<span class=\"esp\">Abondants dans la Nature<\/span><span>pleine de myst\u00e8res<\/span><br \/>\n<span class=\"esp\">Alors je donne la parole<\/span><span>\u00e0 Ma\u00eetre Trochilid\u00e9<\/span><\/p>\n<p class=\"K-Texte-Centre K-Texte\">\n<span class=\"esp\">On m\u2019appelle<\/span><span>Colibri ou Oiseau-mouche<\/span><br \/>\n<span class=\"esp\">Mais mon nom v\u00e9ritable<\/span><span>c\u2019est Trochilid\u00e9<\/span><\/p>\n<p class=\"K-Texte-Centre K-Texte\">\n<span class=\"esp\">J\u2019apparais au monde<\/span><span>sous diverses formes<\/span><br \/>\n<span class=\"esp\">Et me singularisent<\/span><span>mes reflets iridescents<\/span><br \/>\n<span class=\"esp\">Ah oui je d\u00e9teste me salir<\/span><span>au contact du sol<\/span><br \/>\n<span class=\"esp\">Ne suis-je pas<\/span><span>Celui-qui-dort-en-hauteur\u00a0?<\/span><\/p>\n<p class=\"K-Texte-Centre K-Texte\">\n<span class=\"esp\">De pr\u00e9f\u00e9rence<\/span><span>je me tiens sur une branche<\/span><br \/>\n<span class=\"esp\">Ou carr\u00e9ment en l\u2019air<\/span><span>en parfait \u00e9quilibre !<\/span><\/p>\n<p class=\"K-Texte-Centre K-Texte\">\n<span class=\"esp\">Expert de vols<\/span><span>de styles cr\u00e9atifs\u00a0:<\/span><br \/>\n<span class=\"esp\">\u00c0 la verticale<\/span><span>vers l\u2019avant ou l\u2019arri\u00e8re<\/span><br \/>\n<span class=\"esp\">Ou m\u00eame sur place<\/span><span>nul ne m\u2019\u00e9gale !<\/span><\/p>\n<p class=\"K-Texte-Centre K-Texte\">\nMa\u00eetre-de-la-voltige reconnu<br \/>\nJe suis \u00e9quilibriste-ph\u00e9nom\u00e9nal<br \/>\nDe plus j\u2019entends les ultra-sons<br \/>\nEt je vois les ultra-violets<br \/>\nTant est fine mon ou\u00efe\u00a0!<br \/>\nTant est fine ma vue\u00a0!<br \/>\nOui je suis unique<br \/>\nEn mon genre\u00a0!<\/p>\n<div class=\"K-Bottom-12\"><\/div>\n<\/p>\n<\/div>\n<div class=\"LK2Separateur\">============================== 30 ====================================<\/div>\n<div id=\"Ressource30\" class=\"LK2Ressource\">\n<p class=\"K-Titre-Centre\">Les Essentiels <\/p>\n<div class=\"K-Image-Centre\"><img loading=\"lazy\" decoding=\"async\" src=\"http:\/\/www.landrea.net\/wp-content\/uploads\/2021\/12\/Lukasa-30-Image.png\" alt=\"\" width=\"234\" height=\"236\" \/>\n<\/div>\n<p class=\"K-Texte-Centre K-Texte\">\n<span class=\"esp\">Je suis parce que tu es et vice versa<\/span><span>Nous sommes des \u00eatres d\u2019interaction<\/span><br \/>\n<span class=\"esp\">Nous avons besoin les uns des autres<\/span><span>En outre nous avons besoin de sens<\/span><br \/>\n<span class=\"esp\">De comprendre relever des d\u00e9fis r\u00eaver cr\u00e9er<\/span><span>pour \u00eatre pleinement vivants<\/span><\/p>\n<p class=\"K-Texte-Centre K-Texte\">\n<span class=\"esp\">Il arrive que ces \u00e9lans s\u2019\u00e9teignent<\/span><span>Il est toujours possible de les r\u00e9activer<\/span><br \/>\n<span class=\"esp\">Voil\u00e0 la grande promesse voil\u00e0 le grand pr\u00e9sent<\/span><span>du kas\u00e0l\u00e0 contemporain<\/span><br \/>\n<span class=\"esp\">Parole d\u2019\u00e9merveillement<\/span><span>de c\u00e9l\u00e9bration de la vie sous toutes ses formes<\/span><br \/>\n<span class=\"esp\">Mais aussi acte de r\u00e9sistance<\/span><span>contre la violence sous toutes ses formes<\/span><br \/>\n<span class=\"esp\">Action pour construire un monde<\/span><span>plus fraternel plus humain plus beau<\/span><\/p>\n<p class=\"K-Texte-Centre K-Texte\">\n<span class=\"esp\">Une pand\u00e9mie dite Covid-19<\/span><span>a mis la plan\u00e8te \u00e0 genoux<\/span><br \/>\n<span class=\"esp\">Le virus impitoyable emporte chaque jour<\/span><span>des milliers de vies<\/span><br \/>\n<span class=\"esp\">Depuis plus d\u2019un an nous voil\u00e0 isol\u00e9s<\/span><span>coup\u00e9s les uns des autres !<\/span><br \/>\n<span class=\"esp\">Interdits les rassemblements !<\/span><span>Obligation de se couvrir le visage !<\/span><br \/>\n<span class=\"esp\">F\u00eates grandes ou petites oubliez \u00e7a !<\/span><span>Clo\u00eetr\u00e9s chez eux certains d\u00e9priment<\/span><br \/>\n<span class=\"esp\">D\u2019autres en profitent<\/span><span>pour d\u00e9couvrir l\u2019essentiel et pour retrouver leur \u00e2me<\/span><br \/>\n<span class=\"esp\">D\u2019autres encore nient la pand\u00e9mie et privil\u00e9gient<\/span><span>des th\u00e9ories du complot<\/span><\/p>\n<p class=\"K-Texte-Centre K-Texte\">\n<span class=\"esp\">Les h\u00f4pitaux sont d\u00e9bord\u00e9s<\/span><span>Les morgues croulent sous le poids des cadavres !<\/span><br \/>\n<span class=\"esp\">Italie Royaume-Uni Inde Mexique Br\u00e9sil et \u00c9tats-Unis<\/span><span>la crise fait rage partout !<\/span><br \/>\n<span class=\"esp\">Fin mars 2021<\/span><span>pr\u00e8s de 130 millions d\u2019infections et pr\u00e8s de 3 millions de morts !<\/span><br \/>\n<span class=\"esp\">Sit\u00f4t d\u00e9c\u00e9d\u00e9 sit\u00f4t d\u00e9barrass\u00e9 sit\u00f4t incin\u00e9r\u00e9 !<\/span><span>Pas question de rituels d\u2019adieux !<\/span><br \/>\n<span class=\"esp\">Que de vies bris\u00e9es depuis Wuhan<\/span><span>jusqu\u2019aux Am\u00e9riques et jusqu\u2019en Europe !<\/span><\/p>\n<p class=\"K-Texte-Centre K-Texte\">\n<span class=\"esp\">Quoi qu\u2019il en soit<\/span><span>il nous faut humblement nous incliner et rendre hommage<\/span><br \/>\n<span class=\"esp\">Aux nombreux h\u00e9ro\u00efnes et h\u00e9ros essentiels<\/span><span>dans divers secteurs de notre vie<\/span><\/p>\n<p class=\"K-Texte-Gauche K-Texte\">Mais d\u2019abord sachez ceci\u00a0:<br \/>\nLes coronavirus forment une grande famille de virus<br \/>\nCes virus provoquent des maladies respiratoires<br \/>\nCes maladies respiratoires vont du rhume \u00e0 une pneumonie mortelle<br \/>\nLa plupart provoquent des maladies chez l\u2019animal<br \/>\n7 types provoquent des maladies chez l\u2019humain<br \/>\n3 de ces 7 types sont responsables d\u2019\u00e9pid\u00e9mies mortelles<br \/>\nC\u2019est \u00e0 ce groupe qu\u2019appartient le redoutable SARS-CoV-2<br \/>\nIdentifi\u00e9 \u00e0 Wuhan en Chine \u00e0 la fin de 2019<br \/>\nVoil\u00e0 la cause de l\u2019\u00e9pid\u00e9mie d\u2019infection \u00e0 coronavirus<br \/>\nQu\u2019on appelle COVID-19 ou encore SARS-CoV-2<br \/>\nEn clair Corona virus desease ou Severe acute respiratory syndrome<br \/>\nOu mieux encore syndrome respiratoire aigu s\u00e9v\u00e8re autrement dit SRAS<\/p>\n<p class=\"K-Texte-Gauche K-Texte\">\n<span class=\"esp\">Le 30 d\u00e9cembre 2019<\/span><span>le Dr Li Wenliang alerte 7 anciens camarades de l\u2019universit\u00e9\u00a0:<\/span><br \/>\n<span class=\"esp\">\u00ab\u00a0Il y a 7 cas confirm\u00e9s de SRAS<\/span><span>au march\u00e9 de fruits de mer de Wuhan\u00a0\u00bb<\/span><br \/>\n<span class=\"esp\">Le 7 f\u00e9vrier 2020 le Dr Li Wenliang d\u00e9c\u00e8de \u00e0 l\u2019\u00e2ge de 33 ans<\/span><span>frapp\u00e9 par le SRAS<\/span><br \/>\n<span class=\"esp\">\u00c0 cause notamment du transport a\u00e9rien<\/span><span>d\u2019autres en nombre incalculable<\/span><br \/>\n<span class=\"esp\">Vont suivre rapidement<\/span><span>dans le reste du monde<\/span><br \/>\n<span class=\"esp\">Tous et toutes<\/span><span>travailleuses et travailleurs h\u00e9ro\u00efques essentiels\u00a0:<\/span><br \/>\n<span class=\"esp\">Des pr\u00e9pos\u00e9s aux soins<\/span><span>et des infirmi\u00e8res auxiliaires<\/span><br \/>\n<span class=\"esp\">Des infirmiers autoris\u00e9s<\/span><span>et des assistantes en soins de longue dur\u00e9e<\/span><br \/>\n<span class=\"esp\">Des travailleurs sociaux<\/span><span>et des pr\u00e9pos\u00e9s aux b\u00e9n\u00e9ficiaires<\/span><br \/>\n<span class=\"esp\">Des adjoints administratifs du CHSLD<\/span><span>et des travailleurs sociaux<\/span><br \/>\n<span class=\"esp\">Des nettoyeurs aux soins de longue dur\u00e9e<\/span><span>et des m\u00e9decins<\/span><br \/>\n<span class=\"esp\">Des pr\u00e9pos\u00e9s aux services de soutien \u00e0 la personne<\/span><span>et des pharmaciens<\/span><\/p>\n<p class=\"K-Texte-Gauche K-Texte\">Sans oublier<br \/>\nLes policiers pompiers et ambulanciers<br \/>\nQui assurent notre s\u00e9curit\u00e9<\/p>\n<p class=\"K-Texte-Gauche K-Texte\">Sans oublier<br \/>\nLes agriculteurs et les transformateurs d&rsquo;aliments<br \/>\nNi les camionneurs et employ\u00e9s des \u00e9piceries<br \/>\nQui veillent \u00e0 notre alimentation<\/p>\n<p class=\"K-Texte-Gauche K-Texte\">Sans oublier celles et ceux<br \/>\nQui gardent nos lumi\u00e8res allum\u00e9es<br \/>\nQui nous fournissent une eau toujours propre et s\u00fbre<br \/>\nQui conduisent nos trains et nos bus<\/p>\n<div class=\"K-Bottom-13\"><\/div>\n<\/p>\n<p class=\"K-Titre-Centre\">\nKas\u00e0l\u00e0 pour Ha\u00efti<br \/>\n(Thuy Aur\u00e9lie Nguyen 2016)<\/p>\n<p class=\"K-Texte-Gauche K-Texte\">Je suis Ha\u00efti la belle incandescente<br \/>\nQui jamais ne baisse la t\u00eate<br \/>\nQui toujours se rel\u00e8ve de ses cendres<br \/>\nToujours je chante la joie au c\u0153ur<br \/>\nLes larmes aux yeux<br \/>\nDans la fureur des combats<br \/>\nJe chante je ris je danse<br \/>\nMoi Ha\u00efti la belle incandescente<\/p>\n<p class=\"K-Texte-Gauche K-Texte\">Mes origines sont nombreuses<br \/>\nPar maints tours et d\u00e9tours<br \/>\nElles me ram\u00e8nent<br \/>\n\u00c0 la lointaine et langoureuse Afrique<br \/>\nLa terre f\u00e9conde<br \/>\nO\u00f9 tout a commenc\u00e9<br \/>\nAvant le ventre sans piti\u00e9<br \/>\nDu bateau n\u00e9grier<\/p>\n<p class=\"K-Texte-Gauche K-Texte\">Je suis la descendante de la reine Sarraounia<br \/>\nLa reine-Sorci\u00e8re qui d\u00e9fia les Fran\u00e7ais<br \/>\nEt d\u00e9fendit le village de Lougou<br \/>\nEntour\u00e9e de ses invincibles guerriers<\/p>\n<p class=\"K-Texte-Gauche K-Texte\">Je suis la petite-fille de la Princesse Yenenga<br \/>\nLa femme qui savait parler aux b\u00eates<br \/>\nElle quitta tous les privil\u00e8ges du tr\u00f4ne<br \/>\nPour fonder le royaume des Mossi<br \/>\nPour vivre libre et choisir qui aimer<\/p>\n<p class=\"K-Texte-Gauche K-Texte\">Je suis la digne h\u00e9riti\u00e8re de Mul\u00e2tresse Solitude<br \/>\nCette femme qui combattit pour la libert\u00e9<br \/>\nEt resta debout<br \/>\nJusque dans sa pendaison<\/p>\n<p class=\"K-Texte-Gauche K-Texte\">Je suis la fille du N\u00e8gre Marron<br \/>\nL\u2019esclave rebelle et fugitif<br \/>\nQui rompit ses cha\u00eenes<br \/>\nEt de Toussaint Louverture<br \/>\nL\u2019ancien esclave qui prit la t\u00eate<br \/>\nDe la r\u00e9volte contre les colons fran\u00e7ais<\/p>\n<p class=\"K-Texte-Gauche K-Texte\">Je suis Ha\u00efti<br \/>\nLa premi\u00e8re r\u00e9publique noire ind\u00e9pendante au monde<br \/>\nCelle qui osa se dresser contre tous<br \/>\nEt se r\u00eaver libre<\/p>\n<p class=\"K-Texte-Gauche K-Texte\">Ma langue est riche et m\u00e9tiss\u00e9e<br \/>\nComme l\u2019est mon c\u0153ur<br \/>\nJe parle le cr\u00e9ole<br \/>\nCette langue<br \/>\nForg\u00e9e \u00e0 partir de la langue des oppresseurs<br \/>\nL\u2019espagnol le fran\u00e7ais le portugais<br \/>\nLes langues autochtones des premi\u00e8res nations<br \/>\nLes Ta\u00efnos, les Ciboney<br \/>\nSans oublier les langues africaines<br \/>\nLe yoruba, le bantou, le fon et l\u2019ibo<\/p>\n<p class=\"K-Texte-Gauche K-Texte\">Dans mon sang coulent les mots<br \/>\nD\u2019Amadou Hampat\u00e9 B\u00e2<br \/>\nBirago Diop chuchote \u00e0 mon oreille<br \/>\nLes morts ne sont pas morts<br \/>\nC\u2019est vrai, je vous entends<br \/>\nDans mes r\u00eaves je vois passer<br \/>\nL\u00e9opold S\u00e9dar Senghor<br \/>\nEt avec Aim\u00e9 C\u00e9saire je dis<br \/>\nJe ne passerai pas \u00e0 c\u00f4t\u00e9 de mon cri<\/p>\n<div class=\"K-Bottom-14\"><\/div>\n<\/p>\n<\/div>\n<div class=\"LK2Separateur\">============================== 31 ====================================<\/div>\n<div id=\"Ressource31\" class=\"LK2Ressource\">\n<p class=\"K-Titre-Centre\">Pieuvre-aux-bras-bourr\u00e9s-de-neurones<\/p>\n<div class=\"K-Image-Centre\"><img loading=\"lazy\" decoding=\"async\" src=\"http:\/\/www.landrea.net\/wp-content\/uploads\/2021\/12\/Lukasa-31-Image-300x254.png\" alt=\"\" width=\"300\" height=\"254\" \/>\n<\/div>\n<p class=\"K-Titre-Centre\"> I. La Mer <\/p>\n<p class=\"K-Texte-Centre K-Texte\">Mer bleu ciel<br \/>\nL\u00e0 o\u00f9 r\u00e8gne Yemay\u00e1<br \/>\nOrisha de blanc et bleu<br \/>\nDe nombre distinctif sept<\/p>\n<p class=\"K-Texte-Centre K-Texte\">Symbole de la maternit\u00e9<br \/>\nYemay\u00e1 se tient aux c\u00f4t\u00e9s<br \/>\nDe personnes qui accouchent<br \/>\nEt accouchent d\u2019elles-m\u00eames<\/p>\n<p class=\"K-Texte-Centre K-Texte\">La mer s\u2019\u00e9tend jusqu\u2019\u00e0 l\u2019infini<br \/>\nL\u00e0 o\u00f9 elle rejoint le firmament<br \/>\nL\u00e0 o\u00f9 le bas et le haut ne font qu\u2019un<\/p>\n<p class=\"K-Texte-Centre K-Texte\">L\u00e0-bas paquebots minuscules immobiles<br \/>\nIci promeneurs baigneurs surfeurs exalt\u00e9s<\/p>\n<p class=\"K-Texte-Centre K-Texte\">Sous la houlette d\u2019Oy\u00e1 orisha des vents<br \/>\nLes vagues montent et descendent<br \/>\nDepuis la profondeur des temps<\/p>\n<p class=\"K-Texte-Centre K-Texte\">Je suis de passage sur Terre<br \/>\nLe temps d\u2019un clin d\u2019\u0153il<br \/>\nPure insignifiance\u00a0!<\/p>\n<p class=\"K-Texte-Centre K-Texte\">Quelle merveille pourtant<br \/>\nD\u2019exister de prendre part<br \/>\nAu ph\u00e9nom\u00e8ne humain\u00a0!<\/p>\n<p class=\"K-Texte-Centre K-Texte\">Ma gratitude est sans fin<br \/>\nDevant cette gr\u00e2ce sans prix<br \/>\nDe voir d\u2019entendre de bouger<br \/>\nLa gr\u00e2ce de  go\u00fbter  au visible<\/p>\n<p class=\"K-Texte-Centre K-Texte\">L\u2019autre jour j\u2019ai regard\u00e9 la t\u00e9l\u00e9<br \/>\nUn homme \u00e0 l\u2019\u0153il \u00e9lectronique<br \/>\nAvait eu l\u2019audace formidable<br \/>\nDe percer la surface rid\u00e9e<br \/>\nIl avait bris\u00e9 la coquille<br \/>\nOuvrant sur l\u2019invisible<br \/>\nWaouh quel univers\u00a0!<\/p>\n<p class=\"K-Texte-Centre K-Texte\">Moi Ntalaja L\u2019Itin\u00e9rant<br \/>\nJe pensais avoir tout vu &#8211;<br \/>\nJe n\u2019avais rien vu\u00a0! Je pensais<br \/>\nSavoir &#8211; Je ne savais rien\u00a0!<\/p>\n<p class=\"K-Texte-Centre K-Texte\">Surabondance d\u2019\u00eatres<br \/>\nAux formes insoup\u00e7onn\u00e9es<br \/>\nAux couleurs indescriptibles<\/p>\n<p class=\"K-Texte-Centre K-Texte\">Tous des miroirs qui refl\u00e8tent<br \/>\nUn R\u00e9el de g\u00e9nie et de beaut\u00e9<br \/>\nAu-del\u00e0 de toute repr\u00e9sentation<\/p>\n<p class=\"K-Texte-Centre K-Texte\">Paysages mirifiques envo\u00fbtants<br \/>\nRoches vivantes fleurs nageantes<br \/>\nPlantes-animaux poissons-oiseaux<\/p>\n<div class=\"K-Bottom-15\"><\/div>\n<\/p>\n<\/div>\n<div class=\"LK2Separateur\">============================== 32 ====================================<\/div>\n<div id=\"Ressource32\" class=\"LK2Ressource\">\n<p class=\"K-Titre-Centre\">J\u2019arrive pas \u00e0 respirer\u2026<\/p>\n<div class=\"K-Image-Centre\"><img loading=\"lazy\" decoding=\"async\" src=\"http:\/\/www.landrea.net\/wp-content\/uploads\/2021\/12\/Lukasa-32-Image.png\" alt=\"\" width=\"200\" height=\"274\" \/>\n<\/div>\n<p class=\"K-Texte-Gauche K-Texte\">\n<span class=\"esp\">Ce 25 mai de l\u2019an 2020<\/span><span>une fois de plus<\/span><br \/>\n<span class=\"esp\">Un officier de police au c\u0153ur p\u00e9trifi\u00e9<\/span><span>pauvre homme ab\u00eem\u00e9<\/span><br \/>\n<span class=\"esp\">M\u2019a clou\u00e9 au sol<\/span><span>Il a pos\u00e9 son genou pesant sur mon cou<\/span><br \/>\n<span class=\"esp\">Neuf minutes tout une \u00e9ternit\u00e9<\/span><span>comme cela se passe depuis des si\u00e8cles<\/span><\/p>\n<p class=\"K-Texte-Gauche K-Texte\">\n<span class=\"esp\">S\u2019il vous pla\u00eet j\u2019arrive pas \u00e0 respirer\u2026<\/span><span>S\u2019il vous pla\u00eet je manque d\u2019air\u2026\u2028<\/span><br \/>\n<span class=\"esp\">S\u2019il vous pla\u00eet j\u2019\u00e9touffe\u2026<\/span><span>S\u2019il vous pla\u00eet le genou sur mon cou\u2026\u2028<\/span><br \/>\n\u2028<span class=\"esp\">J\u2019peux pas bouger\u2026<\/span><span>Maman ! Maman !<\/span><br \/>\n\u2028<span class=\"esp\">J\u2019peux pas\u2026<\/span><span>J\u2019ai mal au ventre\u2026\u2028<\/span><br \/>\n\u2028<span class=\"esp\">J\u2019ai mal au cou\u2026<\/span><span>J\u2019ai mal partout\u2026\u2028<\/span><br \/>\n\u2028<span class=\"esp\">De l\u2019eau\u2026 quelque chose\u2026<\/span><span>S\u2019il vous pla\u00eet\u2026\u2028<\/span><br \/>\n\u2028<span class=\"esp\">Ne me tuez pas\u2026<\/span><span>Vous allez me tuer\u2026<\/span><br \/>\n\u2028\u2028<span class=\"esp\">Ils vont me tuer\u2026<\/span><span>J\u2019peux plus respirer\u2026\u2028<\/span><br \/>\n\u2028<span class=\"esp\">S\u2019il vous pla\u00eet m\u2019sieur\u2026<\/span><span>ne me tuez pas\u2028<\/span><br \/>\n\u2028<span class=\"esp\">S\u2019il vous pla\u00eet\u2026<\/span><span>S\u2019il vous pla\u00eet\u2026<\/span><\/p>\n<p class=\"K-Texte-Gauche K-Texte\">\n\u2028<span class=\"esp\">Je m\u2019appelle<\/span><span class=\"norm\">George Floyd<\/span><span class=\"norm\">Breonna Taylor<\/span><span class=\"norm\">Botham Jean<\/span><span class=\"norm\">Stephon Clark<\/span><br \/>\n\u2028<span class=\"norm\">Philando Castile<\/span><span class=\"norm\">Alton Sterling<\/span><span class=\"norm\">Jamar Clark<\/span><span class=\"norm\">Freddie Gray<\/span><br \/>\n\u2028<span class=\"norm\">Walter Scott<\/span><span class=\"norm\">Tamir Rice<\/span><span class=\"norm\">Laquan MacDonald<\/span><span class=\"norm\">Michael Brown<\/span><br \/>\n\u2028<span class=\"esp\">Eric Garner<\/span><span>Je porte d\u2019innombrables autres noms<\/span><br \/>\n\u2028<span class=\"esp\">Re\u00e7us au cours de nombreuses d\u00e9cennies<\/span><span>depuis le r\u00e8gne du Ku Klux Klan<\/span><br \/>\n\u2028<span class=\"esp\">Depuis le temps de la traite<\/span><span>depuis les cales sombres des bateaux n\u00e9griers<\/span><br \/>\n\u2028<span class=\"esp\">O\u00f9 durant des semaines de travers\u00e9e<\/span><span>j\u2019ai manqu\u00e9 cruellement d\u2019air<\/span><\/p>\n<p class=\"K-Texte-Gauche K-Texte\">\n\u2028<span class=\"esp\">Ne suis-je pas<\/span><span>Celui-qui-manque-d\u2019air-depuis-cinq-si\u00e8cles-entiers<\/span><br \/>\n\u2028<span class=\"esp\">Depuis ces sinistres ann\u00e9es 1440<\/span><span>o\u00f9 captif d\u00e9shumanis\u00e9 du continent razzi\u00e9<\/span><br \/>\n\u2028<span class=\"esp\">Je fus d\u00e9port\u00e9 vers la p\u00e9ninsule ib\u00e9rique<\/span><span>puis vers les Antilles et autres Am\u00e9riques<\/span><br \/>\n\u2028<span class=\"esp\">Comme marchandise comme esclave<\/span><span>monnayable et corv\u00e9able \u00e0 merci<\/span><br \/>\n\u2028<span class=\"esp\">Avec la b\u00e9n\u00e9diction des \u00e9glises saintes<\/span><span>et le silence des philosophes dits \u00e9clair\u00e9s ?<\/span><\/p>\n<p class=\"K-Texte-Gauche K-Texte\">\n\u2028<span class=\"esp\">R\u00e9put\u00e9 b\u00eate dangereuse et ind\u00e9sirable<\/span><span>je suis toujours pourchass\u00e9 toujours traqu\u00e9<\/span><br \/>\n\u2028<span class=\"esp\">Los Angeles ou New York ou Chicago<\/span><span>Texas ou Minneapolis ou Montr\u00e9al<\/span><br \/>\n\u2028<span class=\"esp\">Du nord au sud d\u2019une c\u00f4te \u00e0 l\u2019autre<\/span><span>o\u00f9 que j\u2019aille je suis victime de profilage racial<\/span><br \/>\n\u2028<span class=\"esp\">Je suis l\u2019animal qu\u2019on abat sans vergogne<\/span><span>sans craindre aucune sanction s\u00e9rieuse<\/span><\/p>\n<p class=\"K-Texte-Gauche K-Texte\">\n\u2028<span class=\"esp\">Or \u00e0 la fois fragile et puissant<\/span><span>un genou obstin\u00e9 me tue qu\u2019il ne puisse m\u2019an\u00e9antir<\/span><br \/>\n\u2028<span class=\"esp\">Je suis Vie-qui-ne-s\u2019\u00e9teint-point<\/span><span>sans-provoquer un s\u00e9isme sans \u00e9branler le monde<\/span><\/p>\n<p class=\"K-Texte-Gauche K-Texte\">\n\u2028<span class=\"esp\">Braves gens r\u00e9unis dans cette agora accueillante<\/span><span>ce dimanche 7 juin de l\u2019an 2020<\/span><br \/>\n\u2028<span class=\"esp\">Mon c\u0153ur est rempli d\u2019all\u00e9gresse et d\u2019espoir<\/span><span>Il chante il danse il rend gr\u00e2ce<\/span><br \/>\n\u2028<span class=\"esp\">D\u2019\u00eatre entour\u00e9 de s\u0153urs et fr\u00e8res<\/span><span>au c\u0153ur aimant aux couleurs arc-en-ciel<\/span><br \/>\n\u2028<span class=\"esp\">Pour d\u00e9noncer l\u2019injustice le m\u00e9pris la violence<\/span><span>pour d\u00e9noncer le racisme d\u00e9gradant  <\/span><br \/>\n\u2028<span class=\"esp\">Pour proclamer devant le monde et la nature t\u00e9moins<\/span><span>notre commune noblesse<\/span><\/p>\n<div class=\"K-Bottom-16\"><\/div>\n<\/p>\n<\/div>\n<div class=\"LK2Separateur\">============================== 35 ====================================<\/div>\n<div id=\"Ressource35\" class=\"LK2Ressource\">\n<p class=\"K-Titre-Centre\">Savourer la faveur d\u2019\u00eatre vivant<\/p>\n<p class=\"K-Titre-Centre\"> (Hommage \u00e0 la Terre) <\/p>\n<div class=\"K-Image-Centre\"><img loading=\"lazy\" decoding=\"async\" src=\"http:\/\/www.landrea.net\/wp-content\/uploads\/2021\/12\/Lukasa-35-Image.png\" alt=\"\" width=\"194\" height=\"192\" \/>\n<\/div>\n<p class=\"K-Texte-Centre K-Texte\">\n<span class=\"esp\">Cependant<\/span><span>\u00e9manation d\u2019\u00catre-Supr\u00eame Intelligence-pure<\/span><br \/>\n<span class=\"esp\">L\u2019Humain est dot\u00e9<\/span><span>d\u2019autres facult\u00e9s\u00a0dignes d\u2019admiration :<\/span><br \/>\n<span class=\"esp\">Une grande intelligence<\/span><span>et un sens aigu de l\u2019observation<\/span><br \/>\n<span class=\"esp\">N\u2019est-il pas l\u2019Observateur<\/span><span>\u00e0 la fois vigilant et minutieux<\/span><br \/>\n<span class=\"esp\">Qui observe l\u2019alt\u00e9rit\u00e9<\/span><span>comme il s\u2019observe observant ?<\/span><\/p>\n<p class=\"K-Texte-Centre K-Texte\">\n<span class=\"esp\">Ayant invent\u00e9 un outil puissant<\/span><span>appel\u00e9 math\u00e9matique<\/span><br \/>\n<span class=\"esp\">Il a \u00e9tabli que moi<\/span><span>votre Terre Pourvoyeuse-in\u00e9gal\u00e9e<\/span><br \/>\n<span class=\"esp\">Je serais apparue<\/span><span>il y a pr\u00e8s de cinq milliards d\u2019ann\u00e9es<\/span><br \/>\n<span class=\"esp\">Au premier \u00e9on<\/span><span>que les scientifiques appellent Had\u00e9en<\/span><br \/>\n<span class=\"esp\">Les conditions s\u2019y seraient<\/span><span>progressivement trouv\u00e9es r\u00e9unies<\/span><br \/>\n<span class=\"esp\">Pour qu\u2019appar\u00fbt<\/span><span>au cours de l\u2019\u00e9on suivant appel\u00e9 Pal\u00e9o-arch\u00e9en<\/span><br \/>\n<span class=\"esp\">Il y a pr\u00e8s de quatre milliards d\u2019ann\u00e9es<\/span><span>ce ph\u00e9nom\u00e8ne prodigieux<\/span><br \/>\n<span class=\"esp\">D\u2019une complexit\u00e9 inou\u00efe et d\u2019une beaut\u00e9 indicible<\/span><span>appel\u00e9 Vie<\/span><\/p>\n<p class=\"K-Texte-Centre K-Texte\">\n<span class=\"esp\">Revenons un instant \u00e0 la g\u00e9ologie<\/span><span>science qui m\u2019\u00e9tudie<\/span><br \/>\n<span class=\"esp\">Et jetons un coup d\u2019\u0153il<\/span><span>dans l\u2019\u00e9on appel\u00e9 Phan\u00e9rozo\u00efque<\/span><br \/>\n<span class=\"esp\">Pour observer par exemple<\/span><span>que le relief des Rocheuses<\/span><br \/>\n<span class=\"esp\">Est le r\u00e9sultat d\u2019une succession<\/span><span>de ph\u00e9nom\u00e8nes fascinants :<\/span><\/p>\n<p class=\"K-Texte-Centre K-Texte\">\n<span class=\"esp\">D\u00e9p\u00f4t d\u2019une vari\u00e9t\u00e9 de sediments<\/span><span>au fond de la mer appel\u00e9e Iapetus<\/span><br \/>\n<span class=\"esp\">Tels que sables argiles boues et graviers<\/span><span>ainsi que d\u2019autres substances<\/span><br \/>\n<span class=\"esp\">Sous la pression de la cro\u00fbte terrestre<\/span><span>\u00e9mergence de montagnes<\/span><br \/>\n<span class=\"esp\">Accompagn\u00e9es de pics et de lacs<\/span><span>de rivi\u00e8res et de vall\u00e9es<\/span><br \/>\n<span class=\"esp\">Ensuite succession de plissements<\/span><span>suivis de l\u2019\u00e9rosion<\/span><br \/>\n<span class=\"esp\">Cons\u00e9quence de vents et de pluies<\/span><span>de gels et d\u00e9gels<\/span><br \/>\n<span class=\"esp\">Voil\u00e0 que l\u2019\u00e9rosion<\/span><span>se combinant aux glaciations<\/span><br \/>\n<span class=\"esp\">Comme aux r\u00e9chauffements<\/span><span>et aux d\u00e9glaciations<\/span><br \/>\n<span class=\"esp\">Donne naissance<\/span><span>au terme de millions d\u2019ann\u00e9es<\/span><br \/>\n<span class=\"esp\">Aux paysages des Rocheuses<\/span><span>en Am\u00e9rique du Nord<\/span><\/p>\n<p class=\"K-Texte-Centre K-Texte\">\n<span class=\"esp\">Tant d\u2019\u00e9v\u00e9nements spectaculaires !<\/span><span>Comment peut-on ne pas s\u2019\u00e9merveiller ?<\/span><br \/>\n<span class=\"esp\">Devant de tels ph\u00e9nom\u00e8nes<\/span><span>la vie humaine ne para\u00eet-elle pas insignifiante ?<\/span><\/p>\n<p class=\"K-Texte-Centre K-Texte\">\n<span class=\"esp\">Encore que l\u2019Humain ait tout de m\u00eame raison<\/span><span>de faire le constat suivant :<\/span><br \/>\n<span class=\"esp\">Parmi toutes les esp\u00e8ces d\u2019\u00eatres que j\u2019abrite<\/span><span>n\u2019est-il pas le seul \u00eatre capable<\/span><br \/>\n<span class=\"esp\">D\u2019\u00e9crire de r\u00e9soudre des \u00e9quations<\/span><span>de composer des po\u00e8mes et des passions<\/span><br \/>\n<span class=\"esp\">De penser de s\u2019\u00e9tonner et de cr\u00e9er<\/span><span>des fictions narratives et symboliques    <\/span><br \/>\n<span class=\"esp\">De cr\u00e9er le paradis ou l\u2019enfer<\/span><span>et m\u00eame de cr\u00e9er des dieux ou un Dieu ?<\/span><\/p>\n<p class=\"K-Texte-Centre K-Texte\">\n<span class=\"esp\">Ainsi donc<\/span><span>l\u2019Humain est \u00c9nergie-Pensante redoutable<\/span><br \/>\n<span class=\"esp\">Capable d\u2019activer son pouvoir<\/span><span>au profit du bien ou du mal<\/span><\/p>\n<p class=\"K-Texte-Centre K-Texte\">\n<span class=\"esp\">Pour autant rien ne l\u2019autorise<\/span><span>\u00e0 se d\u00e9clarer mon ma\u00eetre moi La-Primordiale<\/span><br \/>\n<span class=\"esp\">\u00c0 me dominer et \u00e0 me saigner<\/span><span>ou \u00e0 s\u2019approprier la moindre parcelle de moi !<\/span><br \/>\n<span class=\"esp\">Sachez que moi Maison-de-tous<\/span><span>je ne saurais \u00eatre la propri\u00e9t\u00e9 de quiconque<\/span><br \/>\n<span class=\"esp\">Sachez que moi La-Nourrici\u00e8re<\/span><span>depuis mon apparition autour du Soleil<\/span><br \/>\n<span class=\"esp\">Je suis l\u00e0 pour tous les Vivants<\/span><span>dans leur infinie vari\u00e9t\u00e9 !<\/span><\/p>\n<p class=\"K-Texte-Centre K-Texte\">\n<span class=\"esp\">La tentation est forte de supposer<\/span><span>qu\u2019une Intelligence-absolue<\/span><br \/>\n<span class=\"esp\">Ait con\u00e7u tout l\u2019algorithme<\/span><span>qui d\u00e9finit mes relations avec l\u2019alt\u00e9rit\u00e9<\/span><br \/>\n<span class=\"esp\">Par-del\u00e0 l\u2019Humain comme mammif\u00e8re<\/span><span>quoique mammif\u00e8re pensant<\/span><br \/>\n<span class=\"esp\">Par-del\u00e0 le visible et l\u2019invisible<\/span><span>en tant que cat\u00e9gories de la R\u00e9alit\u00e9<\/span><br \/>\n<span class=\"esp\">Devant le myst\u00e8re<\/span><span>l\u2019Humain ne peut donc que garder le silence<\/span><br \/>\n<span class=\"esp\">Et reconna\u00eetre humblement<\/span><span>sa vuln\u00e9rabilit\u00e9 et son ignorance<\/span><br \/>\n<span class=\"esp\">Et se contenter de savourer<\/span><span>la faveur d\u2019\u00eatre vivant<\/span><\/p>\n<div class=\"K-Bottom-17\"><\/div>\n<\/p>\n<\/div>\n<div class=\"LK2Separateur\">============================== 36 ====================================<\/div>\n<div id=\"Ressource36\" class=\"LK2Ressource\">\n<p class=\"K-Titre-Centre\"> Adieu <\/p>\n<p class=\"K-Titre-Centre\"> (Ballons fragiles) <\/p>\n<div class=\"K-Image-Centre\"><img loading=\"lazy\" decoding=\"async\" src=\"http:\/\/www.landrea.net\/wp-content\/uploads\/2021\/12\/Lukasa-36-Image.png\" alt=\"\" width=\"194\" height=\"224\" \/>\n<\/div>\n<p class=\"K-Texte-Centre K-Texte\">Mes amis \u00e0 moi savent que tout homme est un ballon<br \/>\nUn gros ballon que perce une aiguille toute minuscule<br \/>\nUne aiguille minuscule qui le fait voler en \u00e9clats<sup> 1<\/sup><\/p>\n<p class=\"K-Texte-Centre K-Texte\">\u00c0 travers les conseils prodigu\u00e9s<br \/>\nJ\u2019entends ma propre parole<br \/>\nQui entre en r\u00e9sonance<br \/>\nAvec sa source en moi<\/p>\n<p class=\"K-Texte-Centre K-Texte\">Je re\u00e7ois de ma Complice<br \/>\nL\u2019autorisation de l\u2019h\u00e9berger<br \/>\nM\u2019en nourrir et la convertir<br \/>\nEn conduite nouvelle<\/p>\n<p class=\"K-Texte-Centre K-Texte\">Adieu donc<br \/>\nAux entreprises casse-t\u00eate<br \/>\n\u00c0 Kinshasa \u00e0 Dakar ou \u00e0 Bruxelles\u00a0<br \/>\nFriandes d\u2019\u00e9nergie de temps de souffle<\/p>\n<p class=\"K-Texte-Centre K-Texte\">J\u2019ai d\u00e9m\u00e9nag\u00e9 du dehors et du dedans<br \/>\nJe participe \u00e0 la construction du monde<br \/>\nDepuis l\u00e0 o\u00f9 la vie aimante m\u2019a d\u00e9pos\u00e9<br \/>\nDepuis l\u00e0 o\u00f9 pousse et fleurit l\u2019amour<\/p>\n<p class=\"K-Texte-Centre K-Texte\">Adieu aux mar\u00e2tres et sangsues<br \/>\nQuelles et o\u00f9 qu\u2019elles soient<br \/>\nA l\u2019aff\u00fbt du N\u00e9gro pensant<br \/>\nToujours esclave<\/p>\n<p class=\"K-Texte-Centre K-Texte\">B\u00eany\u00ec je me pose d\u00e8s ce jour<br \/>\nAupr\u00e8s de compagnons-p\u00e8lerins<br \/>\nAfin de m\u00e9diter penser lire \u00e9crire<br \/>\nEt ouvrir la porte \u00e0 mon g\u00e9nie<\/p>\n<p class=\"K-Texte-Centre K-Texte\">Je suis en chantier<br \/>\nJe suis en pleine turbulence<br \/>\nTout est sens dessus dessous<br \/>\nSe rompent les liens qui m\u2019attachent<br \/>\nAu d\u00e9sir de gloire de poss\u00e9der<br \/>\nJe m\u2019all\u00e8ge je vois la lumi\u00e8re<br \/>\nJe deviens libre <\/p>\n<div style=\"margin-top:8px;\">\n<p class=\"K-Texte-Note K-Texte\"><sup>1 <\/sup> Extrait de \u00ab\u00a0\u00c9loge de soi, \u00e9loge de l\u2019autre\u00a0\u00bb, 2003.<\/p>\n<\/div>\n<div class=\"K-Bottom-18\"><\/div>\n<\/p>\n<p class=\"K-Titre-Centre\">Alice Sommer Hertz\u00a0:<\/p>\n<p class=\"K-Titre-Centre\">Je regarde<br \/>\nLa seule beaut\u00e9<br \/>\n(Ballons fragiles)<\/p>\n<p class=\"K-Texte-Centre K-Texte\">La D\u00e9port\u00e9e qui connait la vraie nature<br \/>\nDes Hitler des Himmler et autres \u00eatres<br \/>\n\u00c9chapp\u00e9s de l\u2019enfer et laiss\u00e9s en libert\u00e9<br \/>\nCelle qui d\u00e9couvre l\u2019\u00c9den dans l\u2019Enfer<\/p>\n<p class=\"K-Texte-Centre K-Texte\">L\u2019indulgente pour qui nous sommes tous<br \/>\nSi\u00e8ges du mal et si\u00e8ges du bien<\/p>\n<p class=\"K-Texte-Centre K-Texte\">\u00ab\u00a0Je sais qu\u2019existe la laideur<br \/>\nMais je regarde la seule beaut\u00e9\u00a0\u00bb<br \/>\n\u00ab\u00a0Je ne connais pas la haine<br \/>\nQui d\u00e9vore celui qui la porte\u00a0\u00bb<br \/>\n\u00ab\u00a0C\u2019est terrible\u00a0! C\u2019est la fin du monde\u00a0!<br \/>\nJ\u2019ai cess\u00e9 de me plaindre et de geindre\u00a0:<br \/>\nRien n\u2019est terrible pour celui qui est libre\u00a0!\u00a0\u00bb<\/p>\n<p class=\"K-Texte-Centre K-Texte\">La Pleine de gr\u00e2ce et de connaissance qui enseigne<br \/>\nQue tout ce qui nous arrive est un cadeau<br \/>\nLa Rieuse qui rit depuis le berceau<br \/>\nEt depuis le matin jusqu\u2019au soir<br \/>\nQu\u2019il pleuve ou qu\u2019il soleille<\/p>\n<p class=\"K-Texte-Centre K-Texte\">La savante qui sait qu\u2019il faut toujours aimer<br \/>\nToujours admirer toujours s\u2019\u00e9merveiller<br \/>\nEt privil\u00e9gier la g\u00e9n\u00e9rosit\u00e9 et la bienveillance<br \/>\nBelle et grande Alice Sommer-Herz<br \/>\nChantre de la beaut\u00e9 et de l\u2019inattendu<br \/>\nEt\u00e9 qui r\u00e9pand la chaleur et la lumi\u00e8re<br \/>\nC\u0153ur plein de bont\u00e9 et d\u2019amour<\/p>\n<p class=\"K-Texte-Centre K-Texte\">Artiste pleine de gratitude pour la pr\u00e9sence<br \/>\nDe Beethoven Brahms Schuman ou Schubert<br \/>\nCes cr\u00e9ateurs d\u2019une beaut\u00e9 indescriptible<br \/>\nCes messagers d\u2019un autre Plan<br \/>\nL\u00e0 o\u00f9 r\u00e8gne la paix et la libert\u00e9<\/p>\n<p class=\"K-Texte-Centre K-Texte\">\u00ab\u00a0La musique est ma religion<br \/>\nEt\u00a0j\u2019ai appris Bach par c\u0153ur<br \/>\nIl est beaucoup plus efficace<br \/>\nQue les pilules du m\u00e9decin\u00a0\u00bb<\/p>\n<p class=\"K-Texte-Centre K-Texte\">Celle qui h\u00e9berge la Nature en soi<br \/>\nLa per\u00e7oit de tout son corps autour de soi<br \/>\nEt habite pleinement le pr\u00e9sent<\/p>\n<div class=\"K-Bottom-19\"><\/div>\n<\/p>\n<\/div>\n<div class=\"LK2Separateur\">============================== 38 ====================================<\/div>\n<div id=\"Ressource38\" class=\"LK2Ressource\">\n<p class=\"K-Titre-Centre\">Se mettre \u00e0 l\u2019\u00e9cart<\/p>\n<div class=\"K-Image-Centre\"><img decoding=\"async\" src=\"http:\/\/www.landrea.net\/wp-content\/uploads\/2021\/12\/Lukasa-38-Image.png\" alt=\"\"  \/>\n<\/div>\n<p class=\"K-Texte-Centre K-Texte\">\n<span class=\"esp\">Sur le chemin<\/span><span>sache te mettre \u00e0 l\u2019\u00e9cart<\/span><br \/>\n<span class=\"esp\">Ainsi tu permets \u00e0 ton semblable<\/span><span>de passer\u00a0!<\/span><br \/>\n<span class=\"esp\">Tu permets \u00e0 l\u2019autre<\/span><span>de se manifester\u00a0!<\/span><\/p>\n<div class=\"K-Bottom-20\"><\/div>\n<\/p>\n<\/div>\n<div class=\"LK2Separateur\">============================== 39 ====================================<\/div>\n<div id=\"Ressource39\" class=\"LK2Ressource\">\n<p class=\"K-Titre-Centre\">Je naquis \u00e9quip\u00e9 d\u2019une plume<\/p>\n<div class=\"K-Image-Centre\"><img loading=\"lazy\" decoding=\"async\" src=\"http:\/\/www.landrea.net\/wp-content\/uploads\/2021\/12\/Lukasa-39-Image.png\" alt=\"\" width=\"202\" height=\"300\" \/>\n<\/div>\n<p class=\"K-Texte-Centre K-Texte\">\n<span class=\"esp\">Jean Kabuta dit Jandhi po\u00e8te prolifique<\/span><span>venu de l\u2019Afrique centrale<\/span><br \/>\n<span class=\"esp\">Je naquis \u00e9quip\u00e9 d\u2019une plume<\/span><span>Bient\u00f4t mes plumes se multipli\u00e8rent<\/span><br \/>\n<span class=\"esp\">Tout mon g\u00e9nie tient dans mes plumes<\/span><span>Engoulevent Porte-\u00e9tendard<\/span><br \/>\n<span class=\"esp\">J\u2019arbore deux longues r\u00e9miges<\/span><span>pouvant d\u00e9passer soixante centim\u00e8tres<\/span><br \/>\n<span class=\"esp\">Quand je sillonne le ciel<\/span><span>je ne passe pas inaper\u00e7u et tous m\u2019envient<\/span><br \/>\n<span class=\"esp\">En r\u00e9alit\u00e9 chaque \u00eatre humain<\/span><span>vient au monde muni d\u2019un dipl\u00f4me<\/span><br \/>\n<span class=\"esp\">Il lui faut d\u00e9chiffrer ce dipl\u00f4me originel<\/span><span>pour d\u00e9couvrir son g\u00e9nie<\/span><\/p>\n<div class=\"K-Bottom-21\"><\/div>\n<\/p>\n<\/div>\n<div class=\"LK2Separateur\">============================== 40 ====================================<\/div>\n<div id=\"Ressource40\" class=\"LK2Ressource\">\n<p class=\"K-Titre-Centre\">La parole<\/p>\n<div class=\"K-Image-Centre\"><img loading=\"lazy\" decoding=\"async\" src=\"http:\/\/www.landrea.net\/wp-content\/uploads\/2021\/12\/Lukasa-40-Image.png\" alt=\"\" width=\"208\" height=\"176\" \/>\n<\/div>\n<p class=\"K-Texte-Centre K-Texte\">\n<span class=\"esp\">Que de synonymes et nuances<\/span><span>pour le seul verbe Parler<\/span><br \/>\n<span class=\"esp\">Bavarder jaser calomnier<\/span><span>interc\u00e9der communiquer prier<\/span><br \/>\n<span class=\"esp\">Chuchoter d\u00e9battre d\u00e9clamer<\/span><span>d\u00e9goiser piquer dialoguer<\/span><br \/>\n<span class=\"esp\">Titiller deviser articuler d\u00e9finir<\/span><span>mentir palabrer exprimer<\/span><br \/>\n<span class=\"esp\">On \u00e9crirait tout un dictionnaire<\/span><span>sur ce seul vocable\u00a0!<\/span><\/p>\n<p class=\"K-Texte-Centre K-Texte\">\n<span class=\"esp\">Je me fais Hyperbole<\/span><span>pour \u00eatre plus percutante<\/span><br \/>\n<span class=\"esp\">D\u2019autres fois je me fais M\u00e9taphore<\/span><span>et deviens Symbole<\/span><br \/>\n<span class=\"esp\">Ainsi j\u2019atteins directement<\/span><span>l\u2019esprit ou l\u2019\u00e2me ou le c\u0153ur<\/span><br \/>\n<span class=\"esp\">L\u00e0 o\u00f9 gisent l\u2019amour la beaut\u00e9<\/span><span>le myst\u00e8re le silence<\/span><br \/>\n<span class=\"esp\">Je me suis pr\u00e9sent\u00e9e<\/span><span>Parole fluide Parole de joie<\/span><\/p>\n<p class=\"K-Texte-Centre K-Texte\">\n<span class=\"esp\">Les po\u00e8tes chantent<\/span><span>des izibongo des kas\u00e0l\u00e0 des oriki<\/span><br \/>\n<span class=\"esp\">Pour stimuler l\u2019\u00e9nergie<\/span><span>qui pousse l\u2019homme \u00e0 l\u2019action<\/span><br \/>\n<span class=\"esp\">Pour porter au grand jour<\/span><span>la beaut\u00e9 lov\u00e9e en chacun<\/span><br \/>\n<span class=\"esp\">Ces experts de la parole<\/span><span>savent cr\u00e9er le rythme<\/span><br \/>\n<span class=\"esp\">Source de mouvement<\/span><span>et source de vie<\/span><\/p>\n<p class=\"K-Texte-Centre K-Texte\">\n<span class=\"esp\">Qu\u2019est-ce que le kas\u00e0l\u00e0<\/span><span>sinon une parole\u00a0?<\/span><br \/>\n<span class=\"esp\">Une parole dite<\/span><span>une parole entendue et vue<\/span><br \/>\n<span class=\"esp\">Or ce n\u2019est pas l\u2019\u0153il qui voit<\/span><span>ni l\u2019oreille qui entend<\/span><br \/>\n<span class=\"esp\">Merleau l\u2019a compris\u00a0:<\/span><span>Ce n\u2019est pas l\u2019\u00e2me non plus<\/span><br \/>\n<span class=\"esp\">Mais le corps comme totalit\u00e9<\/span><span>qui entend qui voit<\/span><\/p>\n<p class=\"K-Texte-Centre K-Texte\">\n<span class=\"esp\">Les gens du Mali eux<\/span><span>savent depuis la nuit des temps<\/span><br \/>\n<span class=\"esp\">Qu\u2019\u00e0 l\u2019instar de l\u2019\u00eatre vivant<\/span><span>je suis Eau Air Terre et Feu<\/span><br \/>\n<span class=\"esp\">Ils savent donc que je suis Corps<\/span><span>mais aussi Graines Force<\/span><br \/>\n<span class=\"esp\">Et autres modalit\u00e9s<\/span><span>suprasegmentales m\u00e2les ou femelles<\/span><br \/>\n<span class=\"esp\">Qui disent avec pr\u00e9cision<\/span><span>les divers \u00e9tats intimes<\/span><\/p>\n<p class=\"K-Texte-Centre K-Texte\">\n<span class=\"esp\">Ils savent que j\u2019atterris<\/span><span>dans les entrailles de l\u2019auditeur<\/span><br \/>\n<span class=\"esp\">Qu\u2019autonome<\/span><span>je n\u2019appartiens plus au champ o\u00f9 j\u2019ai germ\u00e9<\/span><br \/>\n<span class=\"esp\">Et me laisse dig\u00e9rer assimiler<\/span><span>renfor\u00e7ant les articulations<\/span><br \/>\n<span class=\"esp\">Tandis que le nyama<\/span><span>s\u2019emmagasine dans les clavicules<\/span><br \/>\n<span class=\"esp\">Favorise la f\u00e9condit\u00e9<\/span><span>et fait augmenter la force vitale<\/span><\/p>\n<p class=\"K-Texte-Centre K-Texte\">\n<span class=\"esp\">Voici ce que repr\u00e9sente la parole<\/span><span>pour ces \u00eatres clairvoyants\u00a0:<\/span><br \/>\n<span class=\"esp\">Manifestation essentielle de l\u2019\u00eatre<\/span><span>sa projection sonore dans l\u2019espace<\/span><br \/>\n<span class=\"esp\">Expression de la vie invisible individuelle<\/span><span>ressort de la vie sociale<\/span><br \/>\n<span class=\"esp\">Canal par lequel deux \u00ab\u00a0moi\u00a0\u00bb<\/span><span>entrent en communication<\/span><br \/>\n<span class=\"esp\">\u00c9manation de l\u2019\u00eatre<\/span><span>pareil \u00e0 lui dans toutes ses parties<\/span><\/p>\n<p class=\"K-Texte-Centre K-Texte\">\n<span class=\"esp\">N\u2019est pas grand Donald<\/span><span>l\u2019Opulent \u00e0 la parole naus\u00e9abonde<\/span><br \/>\n<span class=\"esp\">N\u2019est pas grand Goliath<\/span><span>le G\u00e9ant au verbe suffisant et creux<\/span><br \/>\n<span class=\"esp\">Seul est grand David<\/span><span>le jeune silencieux \u00e0 l\u2019esprit gigantesque<\/span><br \/>\n<span class=\"esp\">\u00c0 c\u00f4t\u00e9 de David le D\u00e9fiant<\/span><span>Donald et Goliath sont des nains<\/span><br \/>\n<span class=\"esp\">Seuls sont grands<\/span><span>les taiseux qui cultivent la parole et l\u2019esprit<\/span><\/p>\n<p class=\"K-Texte-Centre K-Texte\">\n<span class=\"esp\">Voici enfin deux ou trois mots<\/span><span>de Balla Fass\u00e9k\u00e9<\/span><br \/>\n<span class=\"esp\">Le c\u00e9l\u00e8bre griot<\/span><span>de Sundjata Keita Fils-de-Sogolon<\/span><br \/>\n<span class=\"esp\">Qui unifia le Mali<\/span><span>et imagina la Charte du Manding<\/span><br \/>\n<span class=\"esp\">Ce que le fer ne peut contre les rois<\/span><span>la parole le peut<\/span><br \/>\n<span class=\"esp\">\u00d4 Fils-de-Sogolon<\/span><span>je suis la Parole et toi l&rsquo;Action<\/span><\/p>\n<p class=\"K-Texte-Centre K-Texte\">\n<span class=\"esp\">La parole n&rsquo;est que parole<\/span><span>la puissance est dans l&rsquo;action<\/span><br \/>\n<span class=\"esp\">Sois homme d&rsquo;action\u00a0!<\/span><span>Ne me r\u00e9ponds plus par ta bouche\u00a0!<\/span><br \/>\n<span class=\"esp\">Demain montre-moi sur le champ de bataille<\/span><span>ce que tu vaux<\/span><br \/>\n<span class=\"esp\">Ce que tu veux que je raconte<\/span><span>aux g\u00e9n\u00e9rations \u00e0 venir<\/span><br \/>\n<span class=\"esp\">\u00d4 Fils-de-Sogolon Kedju<\/span><span>et de Nare-Maghan\u00a0!<\/span><\/p>\n<p class=\"K-Texte-Centre K-Texte\">\n<span class=\"esp\">Pour le peuple Ekang<\/span><span>je suis le Mvett<\/span><br \/>\n<span class=\"esp\">Comme le po\u00e8te<\/span><span>comme son instrument<\/span><br \/>\n<span class=\"esp\">Mvet c\u2019est la fusion<\/span><span>philosophie et spiritualit\u00e9<\/span><br \/>\n<span class=\"esp\">Parole et po\u00e9sie<\/span><span>cosmogonie et musique<\/span><br \/>\n<span class=\"esp\">Autrement dit<\/span><span>toute la culture ekang<\/span><\/p>\n<p class=\"K-Texte-Centre K-Texte\">\n<span class=\"esp\">Mvett Parole-chant<\/span><span>symphonie o\u00f9 tout chante :<\/span><br \/>\n<span class=\"esp\">Le soleil et la lune l\u00e0-haut<\/span><span>le village et les oiseaux<\/span><br \/>\n<span class=\"esp\">L&rsquo;instrument et l\u2019artiste<\/span><span>le ch\u0153ur et les auditeurs<\/span><br \/>\n<span class=\"esp\">Les h\u00e9ros du r\u00e9cit<\/span><span>ainsi que les gestes de l\u2019artiste<\/span><br \/>\n<span class=\"esp\">Bref toute l\u2019\u0153uvre<\/span><span>de Maa-ngala L\u2019Auto-cr\u00e9\u00e9<\/span><\/p>\n<div class=\"K-Bottom-22\"><\/div>\n<\/p>\n<\/div>\n<div class=\"LK2Separateur\">============================== 42 ====================================<\/div>\n<div id=\"Ressource42\" class=\"LK2Ressource\">\n<p class=\"K-Titre-Centre\">Tant\u00f4t Parapluie tant\u00f4t Parasol<\/p>\n<div class=\"K-Image-Centre\"><img loading=\"lazy\" decoding=\"async\" src=\"http:\/\/www.landrea.net\/wp-content\/uploads\/2021\/12\/Lukasa-42-Image.png\" alt=\"\" width=\"170\" height=\"166\" \/>\n<\/div>\n<p class=\"K-Texte-Centre K-Texte\">\n<span class=\"esp\">Tant\u00f4t Parapluie tant\u00f4t Parasol<\/span><span>Je symbolise la pluie comme le soleil<\/span><br \/>\n<span class=\"esp\">Je prot\u00e8ge de la pluie comme du soleil<\/span><span>Le soleil finit toujours par se lever <\/span><br \/>\n<span class=\"esp\">La pluie finit toujours par cesser de tomber<\/span><span>Le temps finit toujours par passer<\/span><\/p>\n<div class=\"K-Bottom-23\"><\/div>\n<\/p>\n<\/div>\n<div class=\"LK2Separateur\">============================== 43 ====================================<\/div>\n<div id=\"Ressource43\" class=\"LK2Ressource\">\n<p class=\"K-Titre-Centre\">Soleil-qu\u2019on-ne-regarde-en-face<\/p>\n<div class=\"K-Image-Centre\"><img loading=\"lazy\" decoding=\"async\" src=\"http:\/\/www.landrea.net\/wp-content\/uploads\/2021\/12\/Lukasa-43-Image.png\" alt=\"\" width=\"192\" height=\"188\" \/>\n<\/div>\n<p class=\"K-Texte-Centre K-Texte\">\n<span class=\"esp\">Moi Soleil-qu\u2019on-ne-regarde-en-face<\/span><span>celui ou celle qui me regarde perd la vue<\/span><br \/>\n<span class=\"esp\">Je brille pour tous les \u00eatres vivants<\/span><span>qu\u2019ils soient humains v\u00e9g\u00e9taux ou animaux<\/span><br \/>\n<span class=\"esp\">Je brille pour les \u00eatres visibles et invisibles<\/span><span>Tous les \u00eatres quels qu\u2019ils soient<\/span><br \/>\n<span class=\"esp\">Ont droit \u00e0 mes bienfaits<\/span><span>Le kas\u00e0l\u00e0 contemporain c\u2019est l\u2019art de m\u2019accueillir<\/span><\/p>\n<div class=\"K-Bottom-24\"><\/div>\n<\/p>\n<\/div>\n<div class=\"LK2Separateur\">============================== 45 ====================================<\/div>\n<div id=\"Ressource45\" class=\"LK2Ressource\">\n<p class=\"K-Titre-Centre\"> Je suis Spirale ou Mouvement <\/p>\n<div class=\"K-Image-Centre\"><img loading=\"lazy\" decoding=\"async\" src=\"http:\/\/www.landrea.net\/wp-content\/uploads\/2021\/12\/Lukasa-45-Image.png\" alt=\"\" width=\"196\" height=\"188\" \/>\n<\/div>\n<p class=\"K-Texte-Centre K-Texte\">\n<span class=\"esp\">Je suis Spirale<\/span><span>ou Mouvement-ascendant<span><br \/>\n<span class=\"esp\">Je symbolise le dynamisme<\/span><span>et le changement<span><br \/>\n<span class=\"esp\">\u00c0 la conception<\/span><span>chacun re\u00e7oit une part d\u2019\u00e9nergie<span><br \/>\n<span class=\"esp\">Il lui est demand\u00e9<\/span><span>de la cultiver l\u2019entretenir l\u2019augmenter<span><br \/>\n<span class=\"esp\">Il lui est demand\u00e9<\/span><span>de se modeler de s\u2019am\u00e9liorer sans cesse<span><br \/>\n<span class=\"esp\">Et d\u2019\u00eatre aujourd\u2019hui<\/span><span>une meilleure personne que la veille<span><br \/>\n<span class=\"esp\">Afin qu\u2019\u00e0 la fin de son s\u00e9jour<\/span><span>dans le tangible et le visible<span><br \/>\n<span class=\"esp\">Il devienne un engrais de choix<\/span><span>pour les \u00eatres \u00e0 venir<span><br \/>\n<span class=\"esp\">Humains ou v\u00e9g\u00e9taux<\/span><span>min\u00e9raux ou animaux<span><br \/>\n<span class=\"esp\">L\u2019essentiel<\/span><span>c\u2019est l\u2019\u00e9nergie qu\u2019elle g\u00e9n\u00e8re et r\u00e9pand<span><br \/>\n<span class=\"esp\">Qui traverse les \u00e9crans<\/span><span>et d\u00e9fie l\u2019espace et le temps<span><\/p>\n<div class=\"K-Bottom-25\"><\/div>\n<\/p>\n<\/div>\n<div class=\"LK2Separateur\">============================== 46 ====================================<\/div>\n<div id=\"Ressource46\" class=\"LK2Ressource\">\n<p class=\"K-Titre-Centre\"> Je suis Fen\u00eatre-ouverte <\/p>\n<div class=\"K-Image-Centre\"><img loading=\"lazy\" decoding=\"async\" src=\"http:\/\/www.landrea.net\/wp-content\/uploads\/2021\/12\/Lukasa-46-Image.png\" alt=\"\" width=\"248\" height=\"218\" \/>\n<\/div>\n<p class=\"K-Texte-Centre K-Texte\">\n<span class=\"esp\">La col\u00e8re vitale<\/span><span>pour d\u00e9noncer la dignit\u00e9 bafou\u00e9e<\/span><br \/>\n<span class=\"esp\">Fen\u00eatre-ouverte<\/span><span>je laisse passer l\u2019air et la lumi\u00e8re<\/span><br \/>\n<span class=\"esp\">Quelquefois je ne suis<\/span><span>qu\u2019un \u00e9clair dans le ciel noir<\/span><br \/>\n<span class=\"esp\">Quelquefois je suis r\u00e9duit<\/span><span>\u00e0 une fissure dans le mur<\/span><br \/>\n<span class=\"esp\">Mais j\u2019existe toujours<\/span><span>quelles que soient les circonstances<\/span><br \/>\n<span class=\"esp\">Je suis la note d\u2019espoir<\/span><span>qui conclut le kas\u00e0l\u00e0 d\u2019indignation<\/span><\/p>\n<div class=\"K-Bottom-26\"><\/div>\n<\/p>\n<\/div>\n<div class=\"LK2Separateur\">============================== 47 ====================================<\/div>\n<div id=\"Ressource47\" class=\"LK2Ressource\">\n<p class=\"K-Titre-Centre\">Abeille Grand-Signe<\/p>\n<div class=\"K-Image-Centre\"><img loading=\"lazy\" decoding=\"async\" src=\"http:\/\/www.landrea.net\/wp-content\/uploads\/2021\/12\/Lukasa-47-Image-300x196.png\" alt=\"\" width=\"300\" height=\"196\" \/>\n<\/div>\n<p class=\"K-Texte-Centre K-Texte\">Abeille Grand Signe par excellence<br \/>\ndense et complexe image de l\u2019univers<br \/>\nporte ouverte sur le myst\u00e8re<br \/>\nacc\u00e8s direct et simultan\u00e9<br \/>\n\u00e0 une multitude de r\u00e9f\u00e9rents<\/p>\n<p class=\"K-Texte-Centre K-Texte\">Depuis ses qualit\u00e9s math\u00e9matiques :<br \/>\ng\u00e9om\u00e9trie structure rigueur logique et s\u00e9lection<br \/>\njusqu\u2019\u00e0 ses qualit\u00e9s po\u00e9tiques :<br \/>\nfleur et couleur parfum et saveur beaut\u00e9 et bonheur<br \/>\nen passant par le vol le voyage et la danse<\/p>\n<p class=\"K-Texte-Centre K-Texte\">Depuis ses qualit\u00e9s sociales :<br \/>\nsolidarit\u00e9 coop\u00e9ration coordination et hi\u00e9rarchie<br \/>\njusqu\u2019aux qualit\u00e9s morales :<br \/>\npatience et pers\u00e9v\u00e9rance<br \/>\nen passant par le travail et l\u2019industrie<\/p>\n<p class=\"K-Texte-Centre K-Texte\">Quelle organisation que de discipline<br \/>\npour donner naissance au nectar des nectars<br \/>\nd\u2019une saveur in\u00e9gal\u00e9e<br \/>\nsource de sant\u00e9 source de vie<br \/>\nqui a pour nom : miel !<\/p>\n<p class=\"K-Texte-Centre K-Texte\">Abeille aux multiples noms :<br \/>\nNyuki Bee Mb\u00f9l\u00f9b\u00f9l\u00f9<br \/>\nGrand Signe entre tous<br \/>\nsymbole des symboles<br \/>\nsource intarissable d\u2019\u00e9merveillement <\/p>\n<div class=\"K-Bottom-27\"><\/div>\n<\/p>\n<\/div>\n<div class=\"LK2Separateur\">============================== 49 ====================================<\/div>\n<div id=\"Ressource49\" class=\"LK2Ressource\">\n<p class=\"K-Titre-Centre\"> Oiseau-de-paradis <\/p>\n<div class=\"K-Image-Centre\"><img loading=\"lazy\" decoding=\"async\" src=\"http:\/\/www.landrea.net\/wp-content\/uploads\/2021\/12\/Lukasa-49-Image-243x300.png\" alt=\"\" width=\"122\" height=\"150\" \/>\n<\/div>\n<p class=\"K-Texte-Gauche K-Texte\">p\u00e9tales surgissant d&rsquo;une longue bract\u00e9e<br \/>\ncr\u00eate d&rsquo;oiseau au long bec <\/p>\n<p class=\"K-Texte-Gauche K-Texte\">signe du po\u00e8te du sud au nord<br \/>\ncr\u00e9ateur de chants et de rythmes <\/p>\n<p class=\"K-Texte-Gauche K-Texte\">p\u00e9tales oranges p\u00e9tales jaunes<br \/>\naccompagn\u00e9s de bleue jeunesse <\/p>\n<p class=\"K-Texte-Gauche K-Texte\">flamboyance de la parole<br \/>\nparole force parole vie <\/p>\n<p class=\"K-Texte-Gauche K-Texte\">loin de sa verte porteuse<br \/>\nsombre manteau abandonn\u00e9<\/p>\n<p class=\"K-Texte-Gauche K-Texte\">voici dans sa splendeur d\u2019or<br \/>\nla c\u00e9leste musique<\/p>\n<p class=\"K-Texte-Gauche K-Texte\">et quelle belle origine<br \/>\nle Cap de Bonne Esp\u00e9rance<\/p>\n<p class=\"K-Texte-Gauche K-Texte\">cap baign\u00e9 par la double Mer<br \/>\nl\u2019Atlantique et l\u2019Indienne<\/p>\n<p class=\"K-Texte-Gauche K-Texte\">port\u00e9 berc\u00e9 avec amour<br \/>\nnourri des mois durant de pur soleil<\/p>\n<p class=\"K-Texte-Gauche K-Texte\">jeune fr\u00e8re de Strelitzia Nicolai<br \/>\nle bananier indompt\u00e9 aux p\u00e9tales de diamant<\/p>\n<p class=\"K-Texte-Gauche K-Texte\">porte-parole du R\u00e9el ineffable<br \/>\nsymbole de la louange de soi de l\u2019autre<\/p>\n<p class=\"K-Texte-Gauche K-Texte\">vive riant Oiseau de paradis<br \/>\nvive Immortelle-beaut\u00e9 !<\/p>\n<p class=\"K-Texte-Gauche K-Texte\">Kabuta je me suis pr\u00e9sent\u00e9 je me tais<br \/>\nque l\u2019on ne me dise fol<\/p>\n<div class=\"K-Bottom-28\"><\/div>\n<\/p>\n<\/div>\n<div class=\"LK2Separateur\">============================== 51 ====================================<\/div>\n<div id=\"Ressource51\" class=\"LK2Ressource\">\n<p class=\"K-Titre-Centre\">Joyeuse f\u00eate \u00e0 toi<br \/>\nJacques Mulongo\u00a0!<br \/>\n(Semaine de gr\u00e2ce) <\/p>\n<div class=\"K-Image-Centre\"><img loading=\"lazy\" decoding=\"async\" src=\"http:\/\/www.landrea.net\/wp-content\/uploads\/2021\/12\/Lukasa-51-Image.png\" alt=\"\" width=\"242\" height=\"292\" \/>\n<\/div>\n<p class=\"K-Texte-Centre K-Texte\">Mon Cher Jacques<br \/>\nMulongo Asumini Monza<br \/>\nPr\u00e9cieux compagnon de route<br \/>\nPont-solide-entre-le-sud-et-le-nord<br \/>\nLieu-de-rencontre-des-meilleurs-h\u00e9ritages<br \/>\nCrois\u00e9e-des-chemins-o\u00f9-si\u00e8gent-les-esprits<br \/>\nTemple-o\u00f9-dansent-les-dieux-de-tous-horizons<br \/>\nEpoux-m\u00e9ritant-de-Wamushala-la-Femme-Lumi\u00e8re<br \/>\nCelui-qui-converse-avec-les-Visibles-et-les-Invisibles<br \/>\nFils-remarquable-de-Nk\u00f9l\u00f9-la-Femme-\u00e0-la-vue-lointaine<br \/>\nP\u00e8re-et-grand-p\u00e8re-et-m\u00e9decin-et-po\u00e8te-et-voisin-de-r\u00eave<\/p>\n<p class=\"K-Texte-Droite K-Texte\">Voil\u00e0 bient\u00f4t cinquante ans<br \/>\nQue nous cheminons ensemble !<br \/>\nQuelle chance tout de m\u00eame !<br \/>\nQue ne sommes-nous b\u00e9nis !<\/p>\n<p class=\"K-Texte-Gauche K-Texte\">Voyager de pays en pays<br \/>\nVoyager de culture en culture\u00a0<br \/>\nEntrer dans la pens\u00e9e orientale<br \/>\nA travers le yoga et le zen<br \/>\nVivre en kas\u00e0l\u00e0 art de c\u00e9l\u00e9brer<br \/>\nH\u00e9ritage sublime de l\u2019Afrique<br \/>\nNous nourrir de science et d\u2019art<br \/>\nDe philosophie et d\u2019amour\u00a0<br \/>\nVivre l\u2019exp\u00e9rience esth\u00e9tique<br \/>\nM\u00fbrir aux c\u00f4t\u00e9s d\u2019\u00eatres aimants<br \/>\nVoir nos enfants et leurs enfants<br \/>\nAcc\u00e9der au statut d\u2019a\u00efeux<br \/>\nNous \u00e9merveiller nous \u00e9veiller<br \/>\nBref de notre vivant<br \/>\n\u00catre combl\u00e9s de tant de bienfaits<br \/>\nDirons-nous assez notre gratitude<br \/>\nToi et moi\u00a0?<\/p>\n<p class=\"K-Texte-Droite K-Texte\">S\u2019agit-il en r\u00e9alit\u00e9 de chance ?<br \/>\nNon tu illustres cette pens\u00e9e :<br \/>\n\u00ab\u00a0Dieu esquisse le monde<br \/>\nEt l\u2019Homme le parach\u00e8ve\u00a0\u00bb<\/p>\n<p class=\"K-Texte-Gauche K-Texte\">Artisan-de-ta-f\u00e9licit\u00e9<br \/>\nTu enchantes ceux qui t\u2019entourent<\/p>\n<p class=\"K-Texte-Droite K-Texte\">Tu illustres trois autres pens\u00e9es :<br \/>\n\u00ab\u00a0Celle ou celui qui est en sant\u00e9<br \/>\nCr\u00e9e de la sant\u00e9 alentour\u00a0\u00bb<br \/>\n\u00ab\u00a0Prendre soin de soi<br \/>\nC\u2019est bon pour soi et pour l\u2019autre\u00a0\u00bb<br \/>\n\u00ab\u00a0Rire et chanter, danser et nager<br \/>\nC\u2019est bon pour le corps et pour l\u2019\u00e2me\u00a0\u00bb<\/p>\n<p class=\"K-Texte-Gauche K-Texte\">Te cr\u00e9ant sans cesse \u00f4 Noble-\u00catre<br \/>\nTu parach\u00e8ves la cr\u00e9ation !<\/p>\n<p class=\"K-Texte-Centre K-Texte\">Pour tout cela je te f\u00e9licite<br \/>\nJe b\u00e9nis ceux qui t\u2019ont enfant\u00e9<br \/>\nJe rends gr\u00e2ce et je me r\u00e9jouis<br \/>\nD\u2019\u00eatre ton compagnon de route<br \/>\nBon anniversaire mon Ami\u00a0!<br \/>\nJoyeuse f\u00eate mon Fr\u00e8re !<\/p>\n<p class=\"K-Texte-Centre K-Texte\">On m\u2019a nomm\u00e9 Jean Kabuta<br \/>\nJe me suis nomm\u00e9 Ngo Semzara<br \/>\nConfr\u00e8re de Zounmenou-la-Fourmi<br \/>\nLa Patiente la D\u00e9termin\u00e9e l\u2019Engag\u00e9e<br \/>\nLa-Combative-\u00e0-la-morsure-dissuasive<br \/>\nJ\u2019ai dit tes noms de force je t\u2019ai chant\u00e9<br \/>\nJe me tais qu\u2019on ne me dise fol\u00a0!<\/p>\n<div class=\"K-Bottom-29\"><\/div>\n<\/p>\n<\/div>\n<div class=\"LK2Separateur\">============================== 52 ====================================<\/div>\n<div id=\"Ressource52\" class=\"LK2Ressource\">\n<p class=\"K-Titre-Centre\">\u00c9cho\u00a0\u00e0 Jacques<br \/>\n(Coup d\u2019oeil sur le temps)<\/p>\n<p class=\"K-Texte-Gauche K-Texte\">\n<span class=\"esp\">Merci pour ces vers si pertinents<\/span><span>d\u2019Andr\u00e9 Foubert<\/span><br \/>\n<span class=\"esp\">Mon Dieu d\u2019entendre ces noms<\/span><span>me renvoie bien loin dans le pass\u00e9!<\/span><br \/>\n<span class=\"esp\">Nous \u00e9tions de jeunes adultes<\/span><span>au corps ferme aux traits harmonieux<\/span><br \/>\n<span class=\"esp\">Comme est intrigant<\/span><span>le temps qui semble passer qui semble vieillir!<\/span><\/p>\n<p class=\"K-Texte-Gauche K-Texte\">\n<span class=\"esp\">L\u2019humain se lamente sur ses jours qui filent<\/span><span>On le comprend le pauvre!<\/span><br \/>\n<span class=\"esp\">Il y a \u00e0 peine quelques clignements d\u2019yeux<\/span><span>il \u00e9tait encore<\/span><br \/>\n<span class=\"esp\">Dans sa deuxi\u00e8me<\/span><span>ou dans sa troisi\u00e8me d\u00e9cennie<\/span><br \/>\n<span class=\"esp\">Or voil\u00e0 qu\u2019il est d\u00e9j\u00e0<\/span><span>dans la huiti\u00e8me ou la neuvi\u00e8me!<\/span><\/p>\n<p class=\"K-Texte-Gauche K-Texte\">\n<span class=\"esp\">Devenu plus vuln\u00e9rable<\/span><span>il peut \u00e0 tout moment s\u2019\u00e9teindre!<\/span><br \/>\n<span class=\"esp\">Il est \u00e0 peine apparu au grand jour<\/span><span>qu\u2019il doit d\u00e9j\u00e0 dispara\u00eetre!<\/span><br \/>\n<span class=\"esp\">Ah il est si bon d\u2019\u00eatre dans la vie!<\/span><span>Or d\u00e9j\u00e0 on doit plier bagage!<\/span><br \/>\n<span class=\"esp\">Comme ce constat in\u00e9vitable les d\u00e9sole<\/span><span>lui et son entourage!<\/span><\/p>\n<p class=\"K-Texte-Gauche K-Texte\">\n<span class=\"esp\">Ignorant la nature du temps<\/span><span>il se sent tellement insignifiant<\/span><br \/>\n<span class=\"esp\">Quand il compare la dur\u00e9e de sa vie<\/span><span>\u00e0 l\u2019\u00e2ge de la terre ou de l\u2019univers<\/span><br \/>\n<span class=\"esp\">Pour ma part<\/span><span>je suis praticien de la lenteur<\/span><br \/>\n<span class=\"esp\">Lorsque je marche<\/span><span>je m\u2019arr\u00eate de temps en temps<\/span><\/p>\n<p class=\"K-Texte-Gauche K-Texte\">\n<span class=\"esp\">Je m\u2019arr\u00eate je me retourne<\/span><span>Depuis une autre perspective<\/span><br \/>\n<span class=\"esp\">Je vois la r\u00e9alit\u00e9 d\u00e9j\u00e0 visit\u00e9e<\/span><span>mais renouvel\u00e9e \u00e9tonnante<\/span><br \/>\n<span class=\"esp\">Je suis toujours surpris<\/span><span>du paysage qui s\u2019offre<\/span><br \/>\n<span class=\"esp\">Comme un cadeau<\/span><span>\u00e0 l\u2019\u0153il qui renonce \u00e0 l\u2019usuel<\/span><\/p>\n<p class=\"K-Texte-Gauche K-Texte\">\n<span class=\"esp\">Je prends donc plaisir<\/span><span>\u00e0 regarder aussi en arri\u00e8re<\/span><br \/>\n<span class=\"esp\">Par exemple au temps du film Palaver <sup>4 <\/sup><\/span><span>au temps d\u2019Expo 58<\/span><br \/>\n<span class=\"esp\">Au temps de ma premi\u00e8re fugue<\/span><span>quand j\u2019avais \u00e0 peine 4 ou 5 ans<\/span><br \/>\n<span class=\"esp\">Et je revois ma m\u00e8re r\u00e9pudi\u00e9e<\/span><span>qui venait me voir en cachette<\/span><\/p>\n<p class=\"K-Texte-Gauche K-Texte\">\n<span class=\"esp\">Quand je pense \u00e0 cela<\/span><span>quand je revisite ces temps-l\u00e0<\/span><br \/>\n<span class=\"esp\">Quand je r\u00e9entends<\/span><span>les musiques entendues et chant\u00e9es<\/span><br \/>\n<span class=\"esp\">Quand je revois les visages<\/span><span>et les paysages de l\u2019\u00e9poque<\/span><br \/>\n<span class=\"esp\">Tout cela est tr\u00e8s loin!<\/span><span>Il y a vraiment tr\u00e8s longtemps!<\/span><\/p>\n<p class=\"K-Texte-Gauche K-Texte\">\n<span class=\"esp\">Quand je regarde<\/span><span>mon itin\u00e9raire jusqu\u2019\u00e0 pr\u00e9sent<\/span><br \/>\n<span class=\"esp\">Si touffu si complexe<\/span><span>commenc\u00e9 au Congo Belge<\/span><br \/>\n<span class=\"esp\">Et qui ne repr\u00e9sente pourtant<\/span><span>qu\u2019une fraction des \u00e9v\u00e9nements v\u00e9cus<\/span><br \/>\n<span class=\"esp\">Tout cela est tr\u00e8s loin!<\/span><span>Il y a vraiment tr\u00e8s longtemps!<\/span><\/p>\n<p class=\"K-Texte-Gauche K-Texte\">\n<span class=\"esp\">Pour le dire autrement<\/span><span>j\u2019ai cess\u00e9 de me pr\u00e9occuper du temps qui reste<\/span><br \/>\n<span class=\"esp\">Sachant qu\u2019il est toujours abondant<\/span><span>sachant que mon domaine int\u00e9rieur<\/span><br \/>\n<span class=\"esp\">N\u2019est mesurable<\/span><span>ni en longueur ni en largeur ni en hauteur<\/span><br \/>\n<span class=\"esp\">Sachant qu\u2019il n\u2019est limit\u00e9<\/span><span>ni par l\u2019espace ni par le temps<\/span><\/p>\n<p class=\"K-Texte-Gauche K-Texte\">\n<span class=\"esp\">Quand je regarde le temps d\u00e9j\u00e0 v\u00e9cu<\/span><span>quand je rejoins mon enfance<\/span><br \/>\n<span class=\"esp\">J\u2019apprends que le temps est une donn\u00e9e<\/span><span>absolument relative<\/span><br \/>\n<span class=\"esp\">Je me rends compte<\/span><span>que je viens de l\u2019\u00e9ternit\u00e9 et y retourne<\/span><br \/>\n<span class=\"esp\">Je me r\u00e9jouis d\u2019avoir acc\u00e8s en tout temps<\/span><span>\u00e0 l\u2019absence du temps<\/span><\/p>\n<p class=\"K-Texte-Gauche K-Texte\">\n<span class=\"esp\">Quand je construis mon luk\u00e0s\u00e0<\/span><span>je fais l\u2019exp\u00e9rience \u00e9trange et exquise<\/span><br \/>\n<span class=\"esp\">De descendre au plus profond de moi<\/span><span>l\u00e0 o\u00f9 g\u00eet le noyau adamantin<\/span><br \/>\n<span class=\"esp\">Que le suceur de sucre occidental au c\u0153ur p\u00e9trifi\u00e9<\/span><span>ne sut jamais d\u00e9truire<\/span><br \/>\n<span class=\"esp\">Source de la force in\u00e9branlable<\/span><span>de Muhammad Ali l\u2019Indomptable<\/span><\/p>\n<p class=\"K-Texte-Gauche K-Texte\">\n<span class=\"esp\">Cette zone intime n\u2019est limit\u00e9e<\/span><span>ni par l\u2019espace ni par le temps<\/span><br \/>\n<span class=\"esp\">Il suffit de la visiter<\/span><span>pour se surprendre \u00e0 nager et \u00e0 voler<\/span><br \/>\n<span class=\"esp\">Libre de la pesanteur libre de toute crainte<\/span><span>propres aux gens de la surface<\/span><br \/>\n<span class=\"esp\">Voil\u00e0 un lieu fait d\u2019\u00e9nergie et de beaut\u00e9<\/span><span>o\u00f9 l\u2019id\u00e9e m\u00eame de la mort est inconnue<\/span><\/p>\n<p class=\"K-Texte-Note K-Texte\"><sup>4 <\/sup> Jacques et moi, nous avons jou\u00e9 dans le film d\u2019\u00c9mile Degelin portant ce titre, en 1968.<\/p>\n<div class=\"K-Bottom-30\"><\/div>\n<\/p>\n<\/div>\n<div class=\"LK2Separateur\">============================== 54 ====================================<\/div>\n<div id=\"Ressource54\" class=\"LK2Ressource\">\n<p class=\"K-Titre-Centre\"> Les existentiaux au c\u0153ur du kas\u00e0l\u00e0<\/p>\n<p class=\"K-Texte-Gauche K-Texte\">Fils de Ndaay\u00e0 Luf\u00f9lw\u00e0b\u00f2 et de Kambal\u00e0 Cik\u00e8ng\u00e8l\u00e8<br \/>\nFils de Jacques Derickx et de Jozefien Haazen<br \/>\n\u00c2me venue de l\u2019univers je me suis install\u00e9 dans un corps<br \/>\nJ\u2019en d\u00e9couvre le paysage d\u2019une vari\u00e9t\u00e9 inou\u00efe\u00a0:<br \/>\nUn c\u0153ur des poumons des organes d\u2019une complexit\u00e9 myst\u00e9rieuse<br \/>\nDes visc\u00e8res aux fonctions surprenantes<br \/>\nDes muscles des os du sang des ongles des poils<br \/>\nJuste ciel j\u2019ai m\u00eame des jambes et des bras !<br \/>\nEt j\u2019ai m\u00eame un cerveau qui voit qui sent qui pense qui s\u2019observe penser<br \/>\nJe suis \u00e9merveill\u00e9<\/p>\n<p class=\"K-Texte-Gauche K-Texte\">Mon \u00e2me a \u00e9lu domicile autrefois en Afrique<br \/>\nHier en Europe et aujourd\u2019hui en Am\u00e9rique du Nord<br \/>\nAu bord du Saint-Laurent l\u00e0 o\u00f9 l\u2019on peut voir des couchers de soleil<br \/>\nD\u2019une beaut\u00e9 \u00e0 couper le souffle<br \/>\nL\u00e0 o\u00f9 habitent mes nouveaux proches<br \/>\nL\u00e0 o\u00f9 habite le rare Diamant de Rimouski<br \/>\nQu\u2019on appelle Laetitia la M\u00e8re la S\u0153ur l\u2019Amie de tous<\/p>\n<p class=\"K-Texte-Gauche K-Texte\">Au d\u00e9but je pensais savoir<br \/>\nPlus j\u2019avance moins je sais<br \/>\nEt pourtant je me sens plus \u00e9veill\u00e9<br \/>\nJe suis mouvement perp\u00e9tuel<br \/>\nJe Celui qui change sans cesse<br \/>\nCelui qui devient sans cesse<\/p>\n<p class=\"K-Texte-Gauche K-Texte\">Ma parole sourd du ventre de la terre<br \/>\nElle \u00e9merge lorsque le temps est suspendu<br \/>\nElle est parole silencieuse qui dit ce que les mots ne disent pas<br \/>\nElle est po\u00e9sie qui enchante ma vie qui enchante le monde<\/p>\n<p class=\"K-Texte-Gauche K-Texte\">Voil\u00e0 que l\u2019id\u00e9e de la mort cesse de m\u2019impressionner<br \/>\nJe suis la mort je suis la vie<br \/>\nJe suis le Surpris le Libre l\u2019\u00c9merveill\u00e9<\/p>\n<p class=\"K-Texte-Gauche K-Texte\">Depuis Riki je comprends<br \/>\nQu\u2019une autre humanit\u00e9 est possible!<br \/>\nEt je consacre ma vie \u00e0 la transmission.<\/p>\n<div class=\"K-Bottom-31\"><\/div>\n<\/p>\n<\/div>\n<div class=\"LK2Separateur\">============================== 55 ====================================<\/div>\n<div id=\"Ressource55\" class=\"LK2Ressource\">\n<p class=\"K-Titre-Centre\"> Kabuta l\u2019Engoulevent <\/p>\n<div class=\"K-Image-Centre\"><img loading=\"lazy\" decoding=\"async\" src=\"http:\/\/www.landrea.net\/wp-content\/uploads\/2021\/12\/Lukasa-55-Image-300x281.png\" alt=\"\" width=\"300\" height=\"281\"\/>\n<\/div>\n<p class=\"K-Texte-Gauche K-Texte\">\n<span class=\"esp\" style=\"font-style:italic;\">K\u00f9nangidi m\u00f9vw\u00e0l\u00e0vwal\u00e0 kabuta<\/span><span style=\"font-style:italic;\">w\u00e2dy\u00e0kuvw\u00e0la cy\u00e8b\u00e8 cikondo<\/span><br \/>\n<span class=\"esp\">\u00ab\u00a0Ne te laisse pas intimider<\/span><span>par la tenue de l\u2019engoulevent<\/span><br \/>\n<span class=\"esp\">Il est possible qu\u2019un jour<\/span><span>tu sois aussi \u00e9l\u00e9gant \u00bb<\/span><\/p>\n<p class=\"K-Texte-Gauche K-Texte\">\n<span class=\"esp\">Si j\u2019\u00e9tais un oiseau<\/span><span>lequel serais-je ?<\/span><br \/>\n<span class=\"esp\">R\u00e9solument l\u2019Engoulevent<\/span><span>oiseau singulier entre tous<\/span><br \/>\n<span class=\"esp\">Celui qui retient toujours<\/span><span>l\u2019attention du voyageur<\/span><br \/>\n<span class=\"esp\">Celui dont le vol dans le ciel<\/span><span>attire tous les regards<\/span><\/p>\n<p class=\"K-Texte-Gauche K-Texte\">\n<span class=\"esp\">Engoulevent Caprimulgid\u00e9s<\/span><span>sa lign\u00e9e est claire et noble<\/span><br \/>\n<span class=\"esp\">Il appartient \u00e0 l\u2019ordre illustre<\/span><span>des Caprimulgiformes<\/span><br \/>\n<span class=\"esp\">\u00c0 la classe des Oiseaux<\/span><span>au sous-embranchement des Vert\u00e9br\u00e9s<\/span><br \/>\n<span class=\"esp\">\u00c0 l\u2019embranchement des Chord\u00e9s<\/span><span>et au r\u00e8gne Animal<\/span><\/p>\n<p class=\"K-Texte-Gauche K-Texte\">\n<span class=\"esp\">Voyageant en Afrique Centrale<\/span><span>Andr\u00e9 Gide<sup> 5<\/sup> fut stup\u00e9fait<\/span><br \/>\n<span class=\"esp\">Par un oiseau a\u00e9roplane<\/span><span>dit Engoulevent \u00e0 balanciers\u00a0m\u00e2le :<\/span><br \/>\n<span class=\"esp\">Au cr\u00e9puscule j\u2019ai vu voler<\/span><span>presque au-dessus de notre case<\/span><br \/>\n<span class=\"esp\">Un stup\u00e9fiant oiseau<\/span><span>un peu plus gros qu\u2019un merle<\/span><br \/>\n<span class=\"esp\">Deux plumes<\/span><span>extraordinairement prolong\u00e9es<\/span><br \/>\n<span class=\"esp\">Forment de chaque c\u00f4t\u00e9<\/span><span>comme une sorte de balancier<\/span><br \/>\n<span class=\"esp\">Sur lequel il semble prendre appui dans l\u2019air<\/span><span>pour des acrobaties d\u2019aviateur<\/span><br \/>\n<span class=\"esp\">Il ne se montre qu\u2019\u00e0 la tomb\u00e9e de la nuit<\/span><span>et son vol fantasque le prot\u00e8ge<\/span><\/p>\n<p class=\"K-Texte-Gauche K-Texte\">\n<span class=\"esp\">Pour Malbrant<sup> 6<\/sup> cet oiseau poss\u00e8de<\/span><span>un vol tr\u00e8s sp\u00e9cial<\/span><br \/>\n<span class=\"esp\">Qui fait croire \u00e0 la pr\u00e9sence<\/span><span>de trois oiseaux superpos\u00e9s<\/span><\/p>\n<p class=\"K-Texte-Gauche K-Texte\">\n<span class=\"esp\">Petit oiseau migrateur nidifiant en Europe<\/span><span>et hivernant en Afrique<\/span><br \/>\n<span class=\"esp\">L\u2019Engoulevent-\u00e0-balanciers visite l\u2019Afrique Centrale<\/span><span>de janvier \u00e0 juin<\/span><br \/>\n<span class=\"esp\">Oiseau \u00e9trange donc<\/span><span>pour le commun des mortels au Cameroun<\/span><br \/>\n<span class=\"esp\">On le croit \u00e0 tort<\/span><span>responsable de malheurs dans les familles<\/span><br \/>\n<span class=\"esp\">Pour enrayer les morts en s\u00e9rie de nouveau-n\u00e9s<\/span><span>on recourt \u00e0 diff\u00e9rents rituels<\/span><br \/>\n<span class=\"esp\">\u00c0 l\u2019enfant pr\u00e9serv\u00e9 on donne le nom Engoulevent<\/span><span>comme nom apotropa\u00efque<\/span><\/p>\n<p class=\"K-Texte-Gauche K-Texte\">\n<span class=\"esp\">Sous le nom d&rsquo;engoulevent<\/span><span>sont rassembl\u00e9es une centaine<\/span><br \/>\n<span class=\"esp\">D&rsquo;esp\u00e8ces d\u2019oiseaux<\/span><span>constituant la famille des Caprimulgid\u00e9s<\/span><br \/>\n<span class=\"esp\">J\u2019ai le plaisir de vous pr\u00e9senter<\/span><span>leurs caract\u00e9ristiques courantes\u00a0:<\/span><br \/>\n<span class=\"esp\">Ils se rencontrent pratiquement<\/span><span>sur l\u2019ensemble du globe<\/span><br \/>\n<span class=\"esp\">Petite taille et petite t\u00eate<\/span><span>bec court recourb\u00e9 et grands yeux<\/span><br \/>\n<span class=\"esp\">Ailes larges et longue queue<\/span><span>vol agile l\u00e9ger et silencieux<\/span><br \/>\n<span class=\"esp\">Battements d\u2019ailes rapides<\/span><span>et vol parfois stationnaire<\/span><br \/>\n<span class=\"esp\">Plumage aux couleurs cryptiques<\/span><span>cri sonore et r\u00e9p\u00e9t\u00e9<\/span><br \/>\n<span class=\"esp\">Alimentation constitu\u00e9e<\/span><span>d\u2019insectes attrap\u00e9s en vol la nuit<\/span><\/p>\n<p class=\"K-Texte-Gauche K-Texte\">\n<span class=\"esp\">Cosmopolite il vit dans une large vari\u00e9t\u00e9 d&rsquo;habitats<\/span><span>rarement loin de l&rsquo;eau<\/span><br \/>\n<span class=\"esp\">Pendant la journ\u00e9e<\/span><span>alors que les autres oiseaux s\u2019activent en tous sens<\/span><br \/>\n<span class=\"esp\">Eux se reposent sur une branche ou \u00e0 m\u00eame le sol<\/span><span>sans se faire remarquer<\/span><br \/>\n<span class=\"esp\">Leurs pattes quoique munis de doigts puissants et d\u2019ongles ac\u00e9r\u00e9s<\/span><span>sont si courtes<\/span><br \/>\n<span class=\"esp\">Que quand ils sont debout<\/span><span>on croirait qu\u2019ils sont \u00e0 genoux<\/span><\/p>\n<p class=\"K-Texte-Gauche K-Texte\">\n<span class=\"esp\">Au\u00a0Qu\u00e9bec l&rsquo;Engoulevent se rencontre<\/span><span>dans les basses terres du Saint-Laurent<\/span><br \/>\n<span class=\"esp\">Normalement solitaire ou en couple<\/span><span>on peut le voir en grands groupes<\/span><br \/>\n<span class=\"esp\">Pouvant atteindre des centaines d&rsquo;individus<\/span><span>lors de ses migrations diurnes<\/span><br \/>\n<span class=\"esp\">Quant \u00e0 l\u2019Engoulevent bois-pourri<\/span><span>il est restreint au sud de la province<\/span><br \/>\n<span class=\"esp\">C\u2019est peut-\u00eatre aux \u00eeles de la Madeleine et \u00e0 l&rsquo;\u00eele d&rsquo;Anticosti<\/span><span>qu\u2019il va se reproduire<\/span><\/p>\n<p class=\"K-Texte-Gauche K-Texte\">\n<span class=\"esp\">L&rsquo;Engoulevent lyre<\/span><span>aux longues rectrices externes<\/span><br \/>\n<span class=\"esp\">Vit dans le nord-ouest<\/span><span>de l&rsquo;Am\u00e9rique du Sud<\/span><br \/>\n<span class=\"esp\">Figurent parmi les esp\u00e8ces<\/span><span>vivant en Am\u00e9rique\u00a0:<\/span><br \/>\n<span class=\"esp\">L&rsquo;Engoulevent de Caroline<\/span><span>et l&rsquo;Engoulevent Pauraqu\u00e9<\/span><br \/>\n<span class=\"esp\">L&rsquo;Engoulevent azt\u00e8que<\/span><span>et l&rsquo;Engoulevent bois-pourri<\/span><br \/>\n<span class=\"esp\">L&rsquo;Engoulevent de la Jama\u00efque<\/span><span>ou engoulevent \u00e0 lunettes<\/span><\/p>\n<p class=\"K-Texte-Note K-Texte\"><sup>5 <\/sup> Gide\u00a0A. 1928\u00a0\u2013\u00a0Voyage au Congo, suivi de Le retour du Tchad. Carnets de route. Gallimard, Paris, 556\u00a0p.<br \/>\n<sup>6 <\/sup> Malbrant\u00a0R. 1936\u00a0\u2013\u00a0Faune du Centre Africain Fran\u00e7ais (mammif\u00e8res et oiseaux). Paul Lechevalier, Paris, 435\u00a0p.<\/p>\n<div class=\"K-Bottom-32\"><\/div>\n<\/p>\n<\/div>\n<div class=\"LK2Separateur\">============================== 56 ====================================<\/div>\n<div id=\"Ressource56\" class=\"LK2Ressource\">\n<p class=\"K-Titre-Centre\">Kas\u00e0l\u00e0 pour<br \/>\nMe Kabuta<\/p>\n<div class=\"K-Image-Centre\"><img loading=\"lazy\" decoding=\"async\" src=\"http:\/\/www.landrea.net\/wp-content\/uploads\/2021\/12\/Lukasa-56-Image-300x252.png\" alt=\"\" width=\"300\" height=\"252\" \/>\n<\/div>\n<p class=\"K-Titre-Centre\">Chant I<\/p>\n<p class=\"K-Texte-Centre K-Texte\">J\u2019appelle Kabuta Lel\u00e0\u00e0y\u00ec Mbiiy\u00e8 Mwa-Kikangala Elise<br \/>\nFille de Jean Kabuta Ng\u00e8l\u00e8nj\u00ec B\u00eany\u00ec Ntalaja Ngo Semzara<br \/>\nEt de Sidonie Claudine Kikangala Mudioko<\/p>\n<p class=\"K-Texte-Centre K-Texte\">Soeur de Nt\u00f9mb\u00e0 C\u00ecbaad\u00eck\u00f2ngo Soline<br \/>\nDe Ndaay\u00e0 Sara Mw\u00e2-Kabuta la Voyageuse au teint rouge<br \/>\nEt de Kambal\u00e0 Sola Ngalula qu\u2019on appelle Mandela<br \/>\nPetite-fille de Kambal\u00e0 Cik\u00e8ng\u00e8l\u00e8 Ambroise<br \/>\nL\u2019artisan dou\u00e9 que fr\u00e9quentaient les Blancs<br \/>\nQui avait ainsi conquis le titre convoit\u00e9 de Colon<br \/>\nEt de Ndaay\u00e0 Mw\u00e2-Kabuta dite Maam\u00e0 S\u00e2l\u00e0<br \/>\nCelle dont la vie fut l\u2019incarnation de la compassion<br \/>\nPetite-fille de Mudioko Floribert le Mus\u00f4ngye<br \/>\nEt de Lel\u00e0\u00e0y\u00ec Mbiiy\u00e8 la Mukw\u00e0 Kalonji<br \/>\nTruie-aux-nombreuses-mamelles<\/p>\n<p class=\"K-Texte-Centre K-Texte\">Ni\u00e8ce de Din\u00e0ng\u00e0 Muk\u00f9nze appel\u00e9 aussi Jean<br \/>\nWa Kab\u00e0mb\u00e0 Nsenda Luf\u00f9lw\u00e0b\u00f2 dit Camplimbar<br \/>\nLe Ma\u00eetre plein d\u2019intelligence et de bienveillance<br \/>\nEt ni\u00e8ce de Nt\u00f9mb\u00e0 M\u00f9t\u00e2nd\u00e0 dit G\u00e9rard<br \/>\nLe jeune p\u00e8re \u00e0 l\u2019esprit vif<\/p>\n<p class=\"K-Titre-Centre\">Chant II<\/p>\n<p class=\"K-Texte-Centre K-Texte\">Le temps me manque<br \/>\nPour \u00e9voquer comme il se doit<br \/>\nCitenga Nt\u00e2mbw\u00e0 et Nt\u00f9mb\u00e0 wa K\u00e0\u00e0mud\u00ecmb\u00e0<br \/>\nLuf\u00f9lw\u00e0b\u00f2 Simon et Cimbu Anna Mw\u00e2-Kab\u00e0mb\u00e0<br \/>\nTes amples et illustres arri\u00e8res-grands-parents<br \/>\nEtres de bont\u00e9 de r\u00eaves d\u2019action et de vision<br \/>\nDont chacun se souvient avec \u00e9moi<\/p>\n<p class=\"K-Texte-Centre K-Texte\">Le temps me manque<br \/>\nPour retracer comme il faut<br \/>\nLa noble et magnifique lign\u00e9e<br \/>\nDe la grande Femme de lois que tu es<br \/>\nDipl\u00f4m\u00e9e de l\u2019Universit\u00e9 Libre de Bruxelles<br \/>\nLieu de l\u2019expression libre et de la libre pens\u00e9e<br \/>\nFoyer de l\u2019int\u00e9grit\u00e9 morale et de la tol\u00e9rance<br \/>\nDu souci de l\u2019autre bref de l\u2019humanisme<\/p>\n<p class=\"K-Texte-Centre K-Texte\">Tu es issue de l\u2019\u00c9cole de Bruxelles<br \/>\nL\u00e0 o\u00f9 la pens\u00e9e ne se soumet jamais<br \/>\nSachant que se soumettre c\u2019est cesser d\u2019exister<br \/>\nEt d\u2019o\u00f9 sortent depuis le dix-neuvi\u00e8me si\u00e8cle<br \/>\nLes meilleurs esprits de leur temps<\/p>\n<p class=\"K-Texte-Centre K-Texte\">Je c\u00e9l\u00e8bre ce jour<br \/>\nLa Ma\u00eetre en droit<br \/>\nOriginaire de Kap\u00e0la<br \/>\nDe Luk\u00e8l\u00e8ng\u00e8 et de C\u00ect\u00e8ng\u00e0<br \/>\nL\u00e0 o\u00f9 les filles et fils m\u00e9ritants<br \/>\nDe Cimbaayi et de Mpwanga<br \/>\nSe nourrissent fiers de b\u0153ufs<br \/>\nAlors que partout ailleurs<br \/>\nL\u2019on se contente de <span style=\"font-style:italic;\">mfumbw\u00e0<\/span><\/p>\n<div class=\"K-Bottom-33\"><\/div>\n<\/p>\n<\/div>\n<div class=\"LK2Separateur\">============================== 57 ====================================<\/div>\n<div id=\"Ressource57\" class=\"LK2Ressource\">\n<p class=\"K-Titre-Centre\">Le H\u00e9ron<br \/>\n(Les animaux qui avaient oubli\u00e9 leur nom)<\/p>\n<div class=\"K-Image-Centre\"><img loading=\"lazy\" decoding=\"async\" src=\"http:\/\/www.landrea.net\/wp-content\/uploads\/2021\/12\/Lukasa-57-Image-300x229.png\" alt=\"\" width=\"300\" height=\"229\" \/>\n<\/div>\n<p class=\"K-Texte-Centre K-Texte\">Et toi beau H\u00e9ron tu es<br \/>\nH\u00e9ron-au-vol-majestueux<br \/>\nTu es le plus l\u00e9ger de mes h\u00f4tes<br \/>\nEt tu montes au-dessus de la m\u00eal\u00e9e<br \/>\nTu es Celui qui vole et voit loin<br \/>\nDe plus tu as une si belle voix<br \/>\nTu enchantes mes oreilles<br \/>\nAvec ton chant joyeux<\/p>\n<p class=\"K-Texte-Centre K-Texte\">\u00c9chassier de taille respectable<br \/>\nTu es de la noble famille des Ard\u00e9id\u00e9s<br \/>\nTon cou gr\u00eale et long dessine la lettre S<br \/>\nTon bec orang\u00e9 allong\u00e9 et conique<br \/>\n\u00c9voque un poignard redoutable<\/p>\n<p class=\"K-Texte-Centre K-Texte\">Si tu installes ton h\u00e9ronni\u00e8re dans<br \/>\nLes bois et bosquets en zones humides<br \/>\nTu es Ichtyophage inv\u00e9t\u00e9r\u00e9 qui fr\u00e9quente<br \/>\nLes \u00e9tangs les lacs les rivi\u00e8res et les fleuves<br \/>\nL\u00e0 o\u00f9 tu fais bombance de proies aquatiques<br \/>\nEt surtout de poissons de toutes esp\u00e8ces<br \/>\nLe majestueux fleuve Saint-Laurent<br \/>\nSe f\u00e9licite de t\u2019avoir comme<br \/>\nH\u00f4te de marque<\/p>\n<p class=\"K-Texte-Centre K-Texte\">Justement H\u00e9ron \u00e9tincelant<br \/>\nTes nobles semblables portent tous<br \/>\nDes noms de force merveilleux tels que<br \/>\nH\u00e9ron-coiff\u00e9 H\u00e9ron-vert H\u00e9ron-fl\u00fbte-du-soleil<br \/>\nH\u00e9ron-garde-b\u0153ufs H\u00e9ron-Goliath H\u00e9ron-imp\u00e9rial<br \/>\nGrand-H\u00e9ron H\u00e9ron-\u00e0-t\u00eate-blanche H\u00e9ron-cendr\u00e9<br \/>\nH\u00e9ron-stri\u00e9 H\u00e9ron-typhon ou H\u00e9ron-pourpr\u00e9<br \/>\nEt d\u2019autres noms po\u00e9tiques remarquables<\/p>\n<p class=\"K-Texte-Centre K-Texte\">Les yogis exerc\u00e9s<br \/>\nPratiquent bakasana<br \/>\nOu la posture du h\u00e9ron<br \/>\nD\u2019autres mettent longtemps<br \/>\nPour apprivoiser vrikshasana<br \/>\nAutrement dit la posture de l\u2019arbre<br \/>\nQue toi tu pratiques tout naturellement<br \/>\nDes heures durant et le regard fixe<br \/>\nSurveillant le mouvement de l\u2019eau<br \/>\nToi P\u00eacheur hautement patient<br \/>\nEt toujours r\u00e9compens\u00e9<\/p>\n<p class=\"K-Texte-Centre K-Texte\">Je te salue je t\u2019admire<\/p>\n<div class=\"K-Bottom-34\"><\/div>\n<\/p>\n<\/div>\n<div class=\"LK2Separateur\">============================== 58 ====================================<\/div>\n<div id=\"Ressource58\" class=\"LK2Ressource\">\n<div id=\"LK2b58\" class=\"rotation-90\">M.J. B.<\/div>\n<div class=\"K-Image-Centre\"><img loading=\"lazy\" decoding=\"async\" src=\"http:\/\/www.landrea.net\/wp-content\/uploads\/2021\/12\/Lukasa-58B-Image.png\" alt=\"\" width=\"292\" height=\"296\" \/>\n<\/div>\n<p class=\"K-Texte-Gauche K-Texte\">MJB, d\u2019origine suisse allemande, est ma premi\u00e8re compagne. Nous avons v\u00e9cu ensemble de 1969 \u00e0 1981, dans une relation enrichissante sur les plans intellectuel, spirituel et culturel. Nos vues ont cependant commenc\u00e9 diverger, surtout apr\u00e8s notre voyage au Congo en 1980, sur la n\u00e9cessit\u00e9 de fonder une famille, qui \u00e9tait devenue de plus en plus importante pour moi. Par ailleurs, quoique fort instruite, avec deux licences, en philosophie et en psychologie, plus une forte culture musicale, elle a fini par repr\u00e9senter pour moi le c\u00f4t\u00e9 le plus sombre de l\u2019Occident\u00a0: sa morosit\u00e9, sa propension \u00e0 la d\u00e9tresse, associ\u00e9es \u00e0 un fonctionnement hyper-compliqu\u00e9. Il n\u2019emp\u00eache que j\u2019ai une gratitude infinie pour cette femme d\u2019une grande g\u00e9n\u00e9rosit\u00e9.<\/p>\n<div class=\"K-Bottom-35\"><\/div>\n<\/p>\n<\/div>\n<div class=\"LK2Separateur\">============================== 59 ====================================<\/div>\n<div id=\"Ressource59\" class=\"LK2Ressource\">\n<p class=\"K-Titre-Centre\">Go\u00e9land-argent\u00e9<\/p>\n<div class=\"K-Image-Centre\"><img loading=\"lazy\" decoding=\"async\" src=\"http:\/\/www.landrea.net\/wp-content\/uploads\/2021\/12\/Lukasa-59-Image.png\" alt=\"\" width=\"230\" height=\"190\" \/>\n<\/div>\n<p class=\"K-Texte-Gauche K-Texte\">Go\u00e9land Argent\u00e9 mon nom de famille est Larid\u00e9<br \/>\nJ\u2019appartiens au genre Larus<br \/>\nLes Bretons les premiers me nomm\u00e8rent Guelan<\/p>\n<p class=\"K-Texte-Gauche K-Texte\">Je suis l\u2019ami de Lubuta l\u2019Engoulevent-pensant<br \/>\nAuteur de kas\u00e0l\u00e0 ou l\u2019art d\u2019\u00eatre soi et d\u2019\u00eatre vivant<br \/>\nL\u2019art qui rend l\u2019Homme et le monde plus humains<\/p>\n<p class=\"K-Texte-Gauche K-Texte\">Station d&rsquo;\u00e9puration et de retraitement<br \/>\nDes \u00e9motions des regards des pens\u00e9es<br \/>\nSur les exp\u00e9riences sur les gens sur le monde<\/p>\n<p class=\"K-Texte-Gauche K-Texte\">Je suis Kas\u00e0l\u00e0 je suis Station alchimique<br \/>\nQui transmue n\u00e9vroses blocages abus<br \/>\nEt autres contenus inf\u00e2mes en tremplins<\/p>\n<p class=\"K-Texte-Gauche K-Texte\">Je suis Chant sacr\u00e9 qui c\u00e9l\u00e8bre la vie<br \/>\nDans ses surgissements incessants inattendus<br \/>\nDepuis l\u2019apparition du temps jusqu\u2019\u00e0 sa dissolution<\/p>\n<p class=\"K-Texte-Gauche K-Texte\">Chant du lien entre les \u00eatres et les univers<br \/>\nO\u00f9 vie et mort ici et l\u00e0 toi et moi ne font qu\u2019un<br \/>\nUnit\u00e9 primordiale d\u2019o\u00f9 tout \u00e9mane<\/p>\n<p class=\"K-Texte-Gauche K-Texte\">Voil\u00e0 qu\u2019apparaissent la Conscience<br \/>\nLa Pr\u00e9sence et la Libert\u00e9 d\u2019\u00eatre<br \/>\nEt que l\u2019homme s\u2019envole du pass\u00e9 au Futur<\/p>\n<p class=\"K-Texte-Gauche K-Texte\">Perch\u00e9 sur les toits l\u00e0-haut<br \/>\nJe vois large et loin<br \/>\nL\u00e0 o\u00f9 l\u2019\u0153il humain n\u2019arrive<\/p>\n<p class=\"K-Texte-Gauche K-Texte\">Je contemple l\u2019espace sans fond<br \/>\nAu-dessus de la terre<br \/>\nEt je vole jusqu\u2019\u00e0 l\u2019horizon<\/p>\n<p class=\"K-Texte-Gauche K-Texte\">Depuis l\u00e0 se d\u00e9ploient<br \/>\nDe nouvelles immensit\u00e9s<br \/>\nEt de nouveaux horizons<\/p>\n<p class=\"K-Texte-Gauche K-Texte\">Pauvres humains\u00a0!<br \/>\nIls passent leur vie \u00e0 philosopher<br \/>\nEt \u00e0 souffrir de la conscience du temps\u00a0!<\/p>\n<p class=\"K-Texte-Gauche K-Texte\">Ils ont tant de soucis<br \/>\nQu\u2019ils ne trouvent pas le sommeil<br \/>\nVivre est pour eux un probl\u00e8me insoluble<\/p>\n<p class=\"K-Texte-Gauche K-Texte\">Dans leurs \u00e9coles ils n\u2019apprennent<br \/>\nNi \u00e0 chanter ni \u00e0 rire ni \u00e0 c\u00e9l\u00e9brer<br \/>\nNi \u00e0 parler ni \u00e0 aimer ni \u00e0 vivre<\/p>\n<p class=\"K-Texte-Gauche K-Texte\">Ils apprennent seulement \u00e0 gonfler leur ego<br \/>\nA compter \u00e0 se d\u00e9fendre \u00e0 dominer<br \/>\nA consommer \u00e0 se distraire \u00e0 s\u2019oublier<\/p>\n<p class=\"K-Texte-Gauche K-Texte\">Ils sont encombr\u00e9s de peurs et de cha\u00eenes<br \/>\nDe croyances d\u2019objets divers et d\u2019eux-m\u00eames<br \/>\nEt ils se chicanent sans cesse dans leur enfer<\/p>\n<p class=\"K-Texte-Gauche K-Texte\">Ils se lamentent<br \/>\nParce qu\u2019ils n\u2019ont pas ce qu\u2019a leur voisin<br \/>\nIgnorant les tr\u00e9sors en eux<\/p>\n<p class=\"K-Texte-Gauche K-Texte\">Certains me d\u00e9testent parce que je suis diff\u00e9rent<br \/>\nIls ne voient que mes d\u00e9fauts<br \/>\nIls restent aveugles devant mes grandes qualit\u00e9s<\/p>\n<div class=\"K-Bottom-36\"><\/div>\n<\/p>\n<\/div>\n<div class=\"LK2Separateur\">============================== 60 ====================================<\/div>\n<div id=\"Ressource60\" class=\"LK2Ressource\">\n<p class=\"K-Titre-Centre\">Nos lunettes ne nous montrent pas tout<\/p>\n<div class=\"K-Image-Centre\"><img loading=\"lazy\" decoding=\"async\" src=\"http:\/\/www.landrea.net\/wp-content\/uploads\/2021\/12\/Lukasa-60-Image.png\" alt=\"\" width=\"230\" height=\"190\" \/>\n<\/div>\n<p class=\"K-Texte-Centre K-Texte\">Lunettes d\u2019autrui. L\u2019un voit. L\u2019autre ne voit pas<br \/>\nAutrement dit\u00a0: On ne voit bien qu\u2019avec ses propres lunettes<br \/>\nDe plus nos lunettes ne nous montrent pas tout\u00a0!<\/p>\n<div class=\"K-Bottom-37\"><\/div>\n<\/p>\n<\/div>\n<div class=\"LK2Separateur\">============================== 62 ====================================<\/div>\n<div id=\"Ressource62\" class=\"LK2Ressource\">\n<p class=\"K-Titre-Centre\">Je suis \u00e0 la fois \u00e9criture et oralit\u00e9<\/p>\n<div class=\"K-Image-Centre\"><img loading=\"lazy\" decoding=\"async\" src=\"http:\/\/www.landrea.net\/wp-content\/uploads\/2021\/12\/Lukasa-62-Image.png\" alt=\"\" width=\"198\" height=\"152\"  \/>\n<\/div>\n<p class=\"K-Texte-Centre K-Texte\">\n<span class=\"esp\">Je suis rythme et musique<\/span><span>qu\u2019on ne se lasse d\u2019\u00e9couter<\/span><br \/>\n<span class=\"esp\">Toujours je suis \u0153uvre sonore<\/span><span>Je dois \u00eatre chant\u00e9 et entendu<\/span><br \/>\n<span class=\"esp\">Par les divers vivants<\/span><span>et les d\u00e9funts qui ne sont jamais morts<\/span><br \/>\n<span class=\"esp\">C\u2019est dire que j\u2019ai toujours<\/span><span>besoin des oreilles de quelqu\u2019un<\/span><br \/>\n<span class=\"esp\">C\u2019est l\u2019occasion pour moi aussi<\/span><span>d\u2019entendre ma propre voix<\/span><br \/>\n<span class=\"esp\">J\u2019ai toujours besoin de l\u2019autre<\/span><span>j\u2019ai besoin de t\u00e9moins<\/span><br \/>\n<span class=\"esp\">C\u2019est que je suis \u00e0 la fois<\/span><span>\u00e9criture et oralit\u00e9<\/span><\/p>\n<div class=\"K-Bottom-38\"><\/div>\n<\/p>\n<\/div>\n<div class=\"LK2Separateur\">============================== 63 ====================================<\/div>\n<div id=\"Ressource63\" class=\"LK2Ressource\">\n<p class=\"K-Titre-Centre\">S\u2019arr\u00eater de temps en temps<\/p>\n<div class=\"K-Image-Centre\"><img loading=\"lazy\" decoding=\"async\" src=\"http:\/\/www.landrea.net\/wp-content\/uploads\/2021\/12\/Lukasa-63-Image.png\" alt=\"\" width=\"198\" height=\"174\" \/>\n<\/div>\n<p class=\"K-Texte-Centre K-Texte\">\n<span class=\"esp\">Nous devons nous arr\u00eater<\/span><span>de temps en temps<\/span><br \/>\n<span class=\"esp\">Pour permettre \u00e0 notre \u00e2me<\/span><span>de nous rejoindre<\/span><\/p>\n<p class=\"K-Texte-Centre K-Texte\">\n<span class=\"esp\">Quand je m\u2019arr\u00eate ainsi<\/span><span>je fais toujours un r\u00eave<\/span><br \/>\n<span class=\"esp\">Je r\u00eave que je marche \u00e0 grands pas<\/span><span>nage ou vole<\/span><\/p>\n<p class=\"K-Texte-Centre K-Texte\">\n<span class=\"esp\">Composer un lukas\u00e0<\/span><span>c\u2019est s\u2019arr\u00eater se rejoindre<\/span><br \/>\n<span class=\"esp\">C\u2019est se retrouver<\/span><span>l\u00e0 o\u00f9 l\u2019on est inalt\u00e9rable<\/span><br \/>\n<span class=\"esp\">La cr\u00e9ation d\u2019un  luk\u00e0s\u00e0<\/span><span>provoque elle aussi<\/span><br \/>\n<span class=\"esp\">Le r\u00eave de l\u00e9g\u00e8ret\u00e9<\/span><span>l\u2019exp\u00e9rience de la libert\u00e9<\/span><\/p>\n<p class=\"K-Texte-Centre K-Texte\">\n<span class=\"esp\">L\u2019arr\u00eat r\u00e9gulier<\/span><span>c\u2019est la m\u00e9ditation<\/span><br \/>\n<span class=\"esp\">Il donne tout son sens<\/span><span>au rituel<\/span><\/p>\n<div class=\"K-Bottom-39\"><\/div>\n<\/p>\n<\/div>\n<div class=\"LK2Separateur\">============================== 64 ====================================<\/div>\n<div id=\"Ressource64\" class=\"LK2Ressource\">\n<p class=\"K-Titre-Centre\">Un si\u00e8ge pour chacun<\/p>\n<div class=\"K-Image-Centre\"><img loading=\"lazy\" decoding=\"async\" src=\"http:\/\/www.landrea.net\/wp-content\/uploads\/2021\/12\/Lukasa-64-Image.png\" alt=\"\" width=\"198\" height=\"250\" \/>\n<\/div>\n<p class=\"K-Texte-Centre K-Texte\">\n<span class=\"esp\">Nul n\u2019a plus de droits qu\u2019un autre<\/span><span>Il y a un si\u00e8ge pour chacun<\/span><br \/>\n<span class=\"esp\">Toute personne quelle qu\u2019elle soit<\/span><span>poss\u00e8de une place sous le soleil<\/span><br \/>\n<span class=\"esp\">Chacun est chez soi sur la terre<\/span><span>C\u2019est ce que rappelle le kas\u00e0l\u00e0<\/span><\/p>\n<div class=\"K-Bottom-40\"><\/div>\n<\/p>\n<\/div>\n<div class=\"LK2Separateur\">============================== 65 ====================================<\/div>\n<div id=\"Ressource65\" class=\"LK2Ressource\">\n<p class=\"K-Titre-Centre\">De la po\u00e9sie \u00e0 l\u2019action<\/p>\n<div class=\"K-Image-Centre\"><img loading=\"lazy\" decoding=\"async\" src=\"http:\/\/www.landrea.net\/wp-content\/uploads\/2021\/12\/Lukasa-65-Image.png\" alt=\"\" width=\"226\" height=\"240\" \/>\n<\/div>\n<p class=\"K-Texte-Centre K-Texte\">\n<span class=\"esp\">\u00c9l\u00e8ve de l\u2019\u00e9cole africaine<\/span><span>puis de l\u2019\u00e9cole orientale<\/span><br \/>\n<span class=\"esp\">J\u2019entrai \u00e0 l\u2019\u00e9cole de la Fraternit\u00e9<\/span><span>comme apprenti<\/span><\/p>\n<p class=\"K-Texte-Centre K-Texte\">\n<span class=\"esp\">Ce jour-l\u00e0 je renaquis<\/span><span>dans un espace clair et a\u00e9r\u00e9<\/span><br \/>\n<span class=\"esp\">Sur les 2 colonnes<\/span><span>des fr\u00e8res par\u00e9s de leurs d\u00e9cors<\/span><br \/>\n<span class=\"esp\">Je vins muni d\u2019outils<\/span><span>tenant dans une main un ciseau<\/span><br \/>\n<span class=\"esp\">Tenant dans l\u2019autre un maillet<\/span><span>pour fa\u00e7onner les pierres<\/span><br \/>\n<span class=\"esp\">Quelles qu\u2019elles soient<\/span><span>qu\u2019elles soient brutes ou carr\u00e9es<\/span><br \/>\n<span class=\"esp\">Qu\u2019elles soient tendres ou dures<\/span><span>petites ou grandes<\/span><\/p>\n<p class=\"K-Texte-Centre K-Texte\">\n<span class=\"esp\">Progressant dans mon initiation<\/span><span>j\u2019acc\u00e9dai au grade de compagnon<\/span><br \/>\n<span class=\"esp\">Instruit par de braves ma\u00eetres<\/span><span>j\u2019acc\u00e9dai bient\u00f4t au grade de ma\u00eetre<\/span><\/p>\n<p class=\"K-Texte-Centre K-Texte\">\n<span class=\"esp\">Travailler ces mati\u00e8res<\/span><span>opaques ou transparentes<\/span><br \/>\n<span class=\"esp\">Extraites du sol<\/span><span>ou qui constituent les flancs escarp\u00e9s<\/span><br \/>\n<span class=\"esp\">Ciseler la mati\u00e8re brute<\/span><span>avec d\u00e9termination et patience<\/span><br \/>\n<span class=\"esp\">Lui donner une forme pr\u00e9cise<\/span><span>reflet de la v\u00e9rit\u00e9 per\u00e7ue<\/span><br \/>\n<span class=\"esp\">Agencer les pierres<\/span><span>dans un vaste ouvrage dot\u00e9 de sens<\/span><br \/>\n<span class=\"esp\">Second\u00e9 du fr\u00e8re-ami<\/span><span>second\u00e9 de la s\u0153ur-amie<\/span><br \/>\n<span class=\"esp\">Voil\u00e0 comment je vis ma vie<\/span><span>jour et nuit<\/span><\/p>\n<p class=\"K-Texte-Centre K-Texte\">\n<span class=\"esp\">Aux mat\u00e9riaux \u00e9pars pos\u00e9s l\u00e0<\/span><span>par l\u2019Architecte-Supr\u00eame<\/span><br \/>\n<span class=\"esp\">Qui est \u00e0 la fois femme et homme<\/span><span>que certains appellent Dieu<\/span><br \/>\n<span class=\"esp\">Et d\u2019autres Unkulunkulu<\/span><span>et d\u2019autres encore Sh\u00e0\u00e0kap\u00e0ng\u00e0 ou Imana<\/span><br \/>\n<span class=\"esp\">Et qui porte une infinit\u00e9 d\u2019autres noms encore<\/span><span>tous cependant inad\u00e9quats<\/span><br \/>\n<span class=\"esp\">Pour nommer l\u2019incommensurable qu\u2019il est<\/span><span>et le myst\u00e8re qui l\u2019entoure<\/span><br \/>\n<span class=\"esp\">\u00c0 ces mat\u00e9riaux donc<\/span><span>donner une forme neuve une forme humaine<\/span><br \/>\n<span class=\"esp\">Autrement dit<\/span><span>construire ensemble un temple et participer ainsi<\/span><br \/>\n<span class=\"esp\">\u00c0 la cr\u00e9ation du monde<\/span><span>Voil\u00e0 pourquoi je suis n\u00e9 \u00e0 nouveau<\/span><\/p>\n<p class=\"K-Texte-Centre K-Texte\">\n<span class=\"esp\">Chaque matin ajuster mes outils<\/span><span>chaque soir les laver et les faire briller<\/span><br \/>\n<span class=\"esp\">Les ranger soigneusement sous mon lit<\/span><span>afin qu\u2019ils illuminent mes r\u00eaves<\/span><\/p>\n<p class=\"K-Texte-Centre K-Texte\">\n<span class=\"esp\">Libre po\u00e8te je sais une seule chose\u00a0:<\/span><span>penser\u00a0!<\/span><br \/>\n<span class=\"esp\">Libre poisson je sais une seule chose\u00a0:<\/span><span>nager\u00a0!<\/span><br \/>\n<span class=\"esp\">Libre oiseau je sais une seule chose\u00a0:<\/span><span>voler\u00a0!<\/span><br \/>\n<span class=\"esp\">Et je vole sans r\u00e9pit<\/span><span>allant de cime en cime<\/span><br \/>\n<span class=\"esp\">Annon\u00e7ant au dormeur<\/span><span>le lever du jour\u00a0!<\/span><\/p>\n<p class=\"K-Texte-Centre K-Texte\">\n<span class=\"esp\">Je suis descendant du Potier-primordial<\/span><span>Celui qui imagina l\u2019Univers<\/span><br \/>\n<span class=\"esp\">Et qui ne cesse d\u2019esquisser ses \u0153uvres<\/span><span>\u00d4 homme quelle noble mission<\/span><br \/>\n<span class=\"esp\">Que celle de poursuivre la cr\u00e9ation<\/span><span>celle de se recr\u00e9er soi-m\u00eame\u00a0!<\/span><br \/>\n<span class=\"esp\">D\u00e8s le lever je prends mes outils<\/span><span>Je manipule le ciseau tranchant<\/span><br \/>\n<span class=\"esp\">Taillant droit taillant de biais<\/span><span>faisant sauter les \u00e9clats alentour<\/span><\/p>\n<p class=\"K-Texte-Centre K-Texte\">\n<span class=\"esp\">\u00c9clate aussi le moi illusion du profane<\/span><span>bulle remplie d\u2019incoh\u00e9rences<\/span><br \/>\n<span class=\"esp\">Et de contradictions et de peurs<\/span><span>bulle d\u2019air oublieuse de son essence\u00a0:<\/span><br \/>\n<span class=\"esp\">La fragilit\u00e9<\/span><span>qui est telle qu\u2019une aiguille un virus la fait voler en \u00e9clats<\/span><\/p>\n<p class=\"K-Texte-Centre K-Texte\">\n<span class=\"esp\">Sur les d\u00e9bris du moi<\/span><span>\u00e9riger une pyramide massive<\/span><br \/>\n<span class=\"esp\">De pierres retravaill\u00e9es<\/span><span>une pyramide \u00e9quip\u00e9e d\u2019ailes<\/span><br \/>\n<span class=\"esp\">Qui \u00e9chappe au temps inexorable<\/span><span>qui traverse les orients<\/span><br \/>\n<span class=\"esp\">Voil\u00e0 la mission du po\u00e8te<\/span><span>Celui-qui-casse-pour-reformuler<\/span><\/p>\n<p class=\"K-Texte-Centre K-Texte\">\n<span class=\"esp\">Que fait le po\u00e8te diseur par excellence<\/span><span>celui qui dit ce qui est au-del\u00e0 des mots<\/span><br \/>\n<span class=\"esp\">Sinon d\u00e9truire les formules<\/span><span>et les concasser pour laisser entrevoir l\u2019autre rive\u00a0?<\/span><\/p>\n<p class=\"K-Texte-Centre K-Texte\">\n<span class=\"esp\">\u00c9tendre le chantier depuis le temple<\/span><span>jusque dans sa demeure priv\u00e9e<\/span><br \/>\n<span class=\"esp\">La chambre o\u00f9 p\u00e9n\u00e8tre seul<\/span><span>l\u2019analyste ou le confesseur ou l\u2019initi\u00e9<\/span><br \/>\n<span class=\"esp\">Y demeurer depuis le matin jusqu\u2019au soir<\/span><span>\u00e0 \u0153uvrer inlassablement<\/span><\/p>\n<p class=\"K-Texte-Centre K-Texte\">\n<span class=\"esp\">Il est plus facile<\/span><span>de construire une fus\u00e9e<\/span><br \/>\n<span class=\"esp\">Et d\u2019aller sur Mars<\/span><span>que d\u2019\u00e9monder son c\u0153ur<\/span><br \/>\n<span class=\"esp\">De vaincre le monstre en soi<\/span><span>Devant ce constat<\/span><br \/>\n<span class=\"esp\">\u00c9chapper \u00e0 la tentation<\/span><span>de la d\u00e9sesp\u00e9rance<\/span><br \/>\n<span class=\"esp\">Et continuer de manipuler<\/span><span>les outils d\u2019acier<\/span><\/p>\n<p class=\"K-Texte-Centre K-Texte\">\n<span class=\"esp\">Le tailleur de pierres devient<\/span><span>la pierre qu\u2019il taille<\/span><br \/>\n<span class=\"esp\">Loin de la logique<\/span><span>dict\u00e9e par la monture de lunettes<\/span><br \/>\n<span class=\"esp\">Nos lunettes encadr\u00e9es<\/span><span>qui ne nous montrent pas tout<\/span><\/p>\n<div class=\"K-Bottom-41\"><\/div>\n<\/p>\n<\/div>\n<div class=\"LK2Separateur\">============================== 66 ====================================<\/div>\n<div id=\"Ressource66\" class=\"LK2Ressource\">\n<p class=\"K-Titre-Centre\">Je suis Luk\u00e0s\u00e0<\/p>\n<div class=\"K-Image-Centre\"><img loading=\"lazy\" decoding=\"async\" src=\"http:\/\/www.landrea.net\/wp-content\/uploads\/2021\/12\/Lukasa-66-Image-188x300.png\" alt=\"\" width=\"188\" height=\"300\" \/>\n<\/div>\n<p class=\"K-Texte-Centre K-Texte\">\n<span class=\"esp\">Aide-m\u00e9moire je suis Parole-r\u00e9v\u00e9latrice<\/span><span>et Parole-action<\/span><br \/>\n<span class=\"esp\">Je me fais volontiers<\/span><span>luk\u00e0s\u00e0 contemporain inspir\u00e9 des bambudye<\/span><br \/>\n<span class=\"esp\">Je suis autobiographie po\u00e9tique<\/span><span>je dis la vie dans ses tours et d\u00e9tours<\/span><br \/>\n<span class=\"esp\">Dans ses interconnexions<\/span><span>avec les \u00eatres la terre les astres les anc\u00eatres<\/span><br \/>\n<span class=\"esp\">Et je raconte le r\u00e9cit \u00e9pique<\/span><span>de la personne ce joyaux de la cr\u00e9ation<\/span><br \/>\n<span class=\"esp\">Voyez donc le luk\u00e0s\u00e0<\/span><span>de Michelle Dyett-Welcome la Redress\u00e9e<\/span><br \/>\n<span class=\"esp\">Solennel festif d\u00e9coratif<\/span><span>orn\u00e9 de bijoux de fleurs et de rires<\/span><br \/>\n<span class=\"esp\">Voyez aussi le luk\u00e0s\u00e0 lumineux<\/span><span>d\u2019Andr\u00e9e D\u00e9ry la R\u00e9solue<\/span><br \/>\n<span class=\"esp\">Qui nous r\u00e9v\u00e8le de grands espaces<\/span><span>parsem\u00e9s de cl\u00e9s<\/span><\/p>\n<p class=\"K-Titre-Centre\" style=\"margin-top:4vw;\" >LUK\u00c0S\u00c0 CONTEMPORAIN<br \/>\nOU LUKAS\u00c0L\u00c0<\/p>\n<p class=\"K-Texte-Centre K-Texte\">\n<span class=\"esp\">Aide-m\u00e9moire<\/span><span>ou plus exactement Luk\u00e0s\u00e0 contemporain<\/span><br \/>\n<span class=\"esp\">Je suis originaire<\/span><span>de la R\u00e9publique d\u00e9mocratique du Congo<\/span><br \/>\n<span class=\"esp\">Au c\u0153ur de l\u2019Afrique<\/span><span>l\u00e0 o\u00f9 poussent le cuivre le cobalt l\u2019uranium<\/span><br \/>\n<span class=\"esp\">Ainsi que mille autres minerais pr\u00e9cieux<\/span><span>sans parler d\u2019aliments vari\u00e9s<\/span><br \/>\n<span class=\"esp\">Offerts en abondance<\/span><span>par la Terre-M\u00e8re-et-P\u00e8re alli\u00e9e au Soleil \u00e0 l\u2019Air<\/span><br \/>\n<span class=\"esp\">Alli\u00e9e au Lwalaba majestueux<\/span><span>parmi mille cours d\u2019eau qui dansent<\/span><br \/>\n<span class=\"esp\">La RDC c\u2019est le champ priv\u00e9 d\u2019Imana<\/span><span>Le Cultivateur-Supr\u00eame<\/span><br \/>\n<span class=\"esp\">Qu\u2019on appelle aussi Sh\u00e0\u00e0kap\u00e0ng\u00e0<\/span><span>Celui-qui-cr\u00e9e-sans-cesse<\/span><br \/>\n<span class=\"esp\">La RDC est pill\u00e9e sans piti\u00e9<\/span><span>par des hordes d\u2019envahisseurs<\/span><\/p>\n<p class=\"K-Texte-Centre K-Texte\">\n<span class=\"esp\">Je proviens des discrets Bambudye<\/span><span>initi\u00e9s qui se rencontrent en loge<\/span><br \/>\n<span class=\"esp\">Pour proposer les solutions appropri\u00e9es<\/span><span>aux conflits dans la soci\u00e9t\u00e9<\/span><br \/>\n<span class=\"esp\">Pour contr\u00f4ler le pouvoir du roi<\/span><span>et assurer diverses responsabilit\u00e9s<\/span><\/p>\n<p class=\"K-Texte-Centre K-Texte\">\n<span class=\"esp\">Voici l\u2019\u00e9pop\u00e9e de Kabuta B\u00eany\u00ec<\/span><span>dit Monfr\u00e8re dit Jandhi<\/span><br \/>\n<span class=\"esp\">Fils de Kambal\u00e0 Cik\u00e8ng\u00e8l\u00e8<\/span><span>autrement dit Colon Fils-du-lion<\/span><br \/>\n<span class=\"esp\">Et de Ndaay\u00e0 Luf\u00f9lw\u00e0b\u00f2<\/span><span>qu\u2019on appelle Maam\u00e0 S\u00e2l\u00e0 Mw\u00e2Kabuta<\/span><br \/>\n<span class=\"esp\">Petit-fils de Cimbu Mw\u00e2Kab\u00e0mb\u00e0<\/span><span>et de Luf\u00f9lw\u00e0b\u00f2 Simon le Taciturne<\/span><br \/>\n<span class=\"esp\">Petit-fils de Citenga Nt\u00e2mbw\u00e0<\/span><span>et de Nt\u00f9mb\u00e0 C\u00ecbaad\u00eck\u00f2ng\u00f9<\/span><br \/>\n<span class=\"esp\">Qui vivaient \u00e0 Kap\u00e0l\u00e0 au mont Nnyemvw\u00e0<\/span><span>le pays des Ndoba<\/span><br \/>\n<span class=\"esp\">Grand-fr\u00e8re<\/span><span>de Bora Mishika Esther l\u2019Attentive l\u2019Inoubliable<\/span><br \/>\n<span class=\"esp\">De Nd\u00e0\u00e0y\u00e0 Andr\u00e9 de Nt\u00f9mb\u00e0 M\u00f9t\u00e2nd\u00e0<\/span><span>et de Kambal\u00e0 Oscar<\/span><br \/>\n<span class=\"esp\">Grand-fr\u00e8re de nombreux autres<\/span><span>s\u0153urs et fr\u00e8res vigoureux<\/span><br \/>\n<span class=\"esp\">Neveu s\u00e9questr\u00e9<\/span><span>de Ma\u00eetre Paul Camplimbar l\u2019Interlocuteur<\/span><\/p>\n<p class=\"K-Texte-Centre K-Texte\">\n<span class=\"esp\">Il naquit par miracle \u00e0 Kamina<\/span><span>d\u2019une femme qu\u2019on disait st\u00e9rile<\/span><br \/>\n<span class=\"esp\">Qui faillit d\u2019ailleurs mourir en couches<\/span><span>pour que lui puisse vivre<\/span><br \/>\n<span class=\"esp\">Preuve pour les m\u00e9disants<\/span><span>qu\u2019elle n\u2019\u00e9tait pas faite pour \u00eatre m\u00e8re<\/span><\/p>\n<p class=\"K-Texte-Centre K-Texte\">\n<span class=\"esp\">Il avait \u00e0 peine go\u00fbt\u00e9 au lait maternel<\/span><span>que sa m\u00e8re fut r\u00e9pudi\u00e9e<\/span><br \/>\n<span class=\"esp\">Il fut malmen\u00e9 depuis le berceau<\/span><span>par une mar\u00e2tre apr\u00e8s l\u2019autre<\/span><br \/>\n<span class=\"esp\">Est-ce \u00e9tonnant qu\u2019on l\u2019ait surnomm\u00e9<\/span><span>B\u00eany\u00ec ou l\u2019\u00c9tranger\u00a0?<\/span><\/p>\n<p class=\"K-Texte-Centre K-Texte\">\n<span class=\"esp\">Devenu fils spirituel<\/span><span>du P\u00e8re Guido Haazen le Ma\u00eetre de chant<\/span><br \/>\n<span class=\"esp\">Par les hasards de la vie intelligente<\/span><span>qui le mit sur le bon chemin<\/span><br \/>\n<span class=\"esp\">Il sut s\u2019\u00e9chapper et vola dans les airs<\/span><span>jusqu\u2019\u00e0 l\u2019autre c\u00f4t\u00e9 du globe<\/span><br \/>\n<span class=\"esp\">Il devint le fils adoptif choy\u00e9<\/span><span>de Jacques et Jos\u00e9phine Haazen-Derickx<\/span><br \/>\n<span class=\"esp\">Des \u00eatres remplis de bont\u00e9<\/span><span>qui vivaient \u00e0 Anvers au bord de l\u2019Escaut<\/span><br \/>\n<span class=\"esp\">Et avaient une seule fille<\/span><span>du nom de Jeanne \u00e9pouse de Frank Zwijsen<\/span><br \/>\n<span class=\"esp\">Des \u00eatres hospitaliers et compatissants<\/span><span>qui surent essuyer les larmes<\/span><br \/>\n<span class=\"esp\">Et \u00e9tancher la soif<\/span><span>du jeune Kabuta l\u2019enfant d\u2019Afrique trop t\u00f4t sevr\u00e9<\/span><br \/>\n<span class=\"esp\">Son adolescence fut nourrie<\/span><span>de voyages d\u2019\u00e9tude de musique d\u2019amour<\/span><\/p>\n<p class=\"K-Texte-Centre K-Texte\">\n<span class=\"esp\">Il devint \u00e9l\u00e8ve-et-disciple b\u00e9ni<\/span><span>de Paul Colmant le Math\u00e9maticien<\/span><br \/>\n<span class=\"esp\">Il devint fr\u00e8re et ami de Jacques Mulongo<\/span><span>yogi et futur m\u00e9decin<\/span><br \/>\n<span class=\"esp\">Initi\u00e9 \u00e0 diverses pens\u00e9es\u00a0:<\/span><span>l\u2019occidentale l\u2019orientale et l\u2019africaine<\/span><br \/>\n<span class=\"esp\">Il cr\u00e9a lui-m\u00eame une pens\u00e9e originale\u00a0:<\/span><span>le kas\u00e0l\u00e0 contemporain<\/span><\/p>\n<p class=\"K-Texte-Centre K-Texte\">\n<span class=\"esp\">Mari\u00e9 par inadvertance<\/span><span>il eut une heureuse surprise et devint<\/span><br \/>\n<span class=\"esp\">P\u00e8re de Nt\u00f9mb\u00e0 C\u00ecbaad\u00eck\u00f2ng\u00f9 l\u2019Esth\u00e8te<\/span><span>qui vit \u00e0 Duba\u00ef l\u2019\u00c9lue<\/span><br \/>\n<span class=\"esp\">De Ndaay\u00e0 Mw\u00e2Kabuta<\/span><span>la Pers\u00e9v\u00e9rante M\u00e8re de Noah et Soan<\/span><br \/>\n<span class=\"esp\">De Lel\u00e0\u00e0y\u00ec Mbiiy\u00e8<\/span><span>fine Avocate et M\u00e8re de Zo\u00e9 M\u00e8re de Sacha<\/span><br \/>\n<span class=\"esp\">Jean Kabuta Auteur-de-lukas\u00e0l\u00e0-et-de-kaslam<\/span><span>donna aussi la vie<\/span><br \/>\n<span class=\"esp\">\u00c0 Kambal\u00e0 Ngalula Sola Mandela<\/span><span>Artiste de la table et du palais<\/span><\/p>\n<p class=\"K-Texte-Centre K-Texte\">\n<span class=\"esp\">\u00c9migrant qui \u00e9migra depuis l\u2019invisible<\/span><span>vers la plan\u00e8te Terre en Afrique<\/span><br \/>\n<span class=\"esp\">Puis de l\u2019Afrique devenue hostile<\/span><span>\u00e0 l\u2019Europe chaleureuse et accueillante<\/span><br \/>\n<span class=\"esp\">Puis de l\u2019Europe ancienne colonisatrice<\/span><span>vers l\u2019Am\u00e9rique nouveau monde<\/span><br \/>\n<span class=\"esp\">En attendant la 4\u00e8me et ultime \u00e9migration<\/span><span>vers l\u2019invisible d\u2019o\u00f9 il \u00e9tait issu<\/span><br \/>\n<span class=\"esp\">Kabuta est all\u00e9 d\u2019initiation en initiation<\/span><span>avant de devenir le compagnon<\/span><br \/>\n<span class=\"esp\">L\u2019\u00e9poux bien veill\u00e9 de Jeanne-Marie Rugira<\/span><span>la Grande et Noble Dame<\/span><br \/>\n<span class=\"esp\">Fille a\u00een\u00e9e de Christiane Mujawingoma<\/span><span>et d\u2019Amandin Rugira le Sage<\/span><br \/>\n<span class=\"esp\">M\u00e8re de Marie-Ange Niwemugeni<\/span><span>et de Yannick Shimwa le Rieur<\/span><\/p>\n<p class=\"K-Texte-Centre K-Texte\">\n<span class=\"esp\">Comment mentionner<\/span><span>tous les \u00eatres chers li\u00e9s \u00e0 Jean Kabuta<\/span><br \/>\n<span class=\"esp\">Fr\u00e8re des gens d\u2019Afrique<\/span><span>d\u2019Europe d\u2019Am\u00e9rique et d\u2019ailleurs<\/span><br \/>\n<span class=\"esp\">Fr\u00e8re de plantes et d\u2019animaux<\/span><span>\u00e9parpill\u00e9s sur toute la terre<\/span><br \/>\n<span class=\"esp\">Je ne saurais les mentionner tous<\/span><span>tant ils sont nombreux<\/span><\/p>\n<p class=\"K-Texte-Centre K-Texte\">\n<span class=\"esp\">Comment me pr\u00e9senter moi-m\u00eame<\/span><span>en quelques mots ?<\/span><br \/>\n<span class=\"esp\">Comme tout \u00eatre vivant<\/span><span>je suis tellement complexe\u00a0!<\/span><br \/>\n<span class=\"esp\">Il y a les choses qu\u2019on voit<\/span><span>et celles qu\u2019on ne voit pas<\/span><br \/>\n<span class=\"esp\">Il y a les choses qu\u2019on sait<\/span><span>et celles qu\u2019on ne sait pas<\/span><br \/>\n<span class=\"esp\">Je suis fait de fragments d\u2019histoire<\/span><span>d\u2019images et d\u2019id\u00e9es<\/span><br \/>\n<span class=\"esp\">De symboles et autres signes<\/span><span>qui m\u00e8nent \u00e0 la lumi\u00e8re<\/span><br \/>\n<span class=\"esp\">Qui m\u00e8nent \u00e0 l\u2019\u00e9veil<\/span><span>me donnant acc\u00e8s \u00e0 moi-m\u00eame<\/span><br \/>\n<span class=\"esp\">Et provoquant des r\u00eaves<\/span><span>o\u00f9 je vole parmi les oiseaux<\/span><\/p>\n<p class=\"K-Texte-Centre K-Texte\">\n<span class=\"esp\">Je me refl\u00e8te dans ma totalit\u00e9<\/span><span>dans un luk\u00e0s\u00e0 minuscule<\/span><br \/>\n<span class=\"esp\">Comme le firmament entier<\/span><span>se refl\u00e8te dans la mer bleue<\/span><br \/>\n<span class=\"esp\">Comme il se refl\u00e8te m\u00eame<\/span><span>dans une goutte de ros\u00e9e<\/span><\/p>\n<p class=\"K-Texte-Centre K-Texte\">\n<span class=\"esp\">Je suis le Ph\u00e9nom\u00e9nal<\/span><span>Celui-qui-se-voit-s\u2019observant<\/span><br \/>\n<span class=\"esp\">Support de connaissances<\/span><span>parent du mut\u00e1nga<\/span><br \/>\n<span class=\"esp\">Que l\u2019on appelle aussi<\/span><span>corde \u00e0 proverbes<\/span><br \/>\n<span class=\"esp\">Je suis loyal Aide-m\u00e9moire<\/span><span>pour l\u2019initi\u00e9<\/span><br \/>\n<span class=\"esp\">Le Voyant<\/span><span>qui lit les livres ferm\u00e9s<\/span><\/p>\n<p class=\"K-Texte-Centre K-Texte\">\n<span class=\"esp\">Des pans entiers de mes entrailles<\/span><span>ont suscit\u00e9 des kas\u00e0l\u00e0s fleuris<\/span><br \/>\n<span class=\"esp\">Pour dire leur force et leur beaut\u00e9<\/span><span>leurs r\u00eaves et leurs promesses<\/span><\/p>\n<p class=\"K-Texte-Centre K-Texte\">\n<span class=\"esp\">Me traverse<\/span><span>un long fleuve sinueux et multiforme<\/span><br \/>\n<span class=\"esp\">Ici c\u2019est le Nil bicolore<\/span><span>n\u00e9 dans les lacs Victoria et Tana<\/span><br \/>\n<span class=\"esp\">Qui se d\u00e9verse dans la M\u00e9diterran\u00e9e<\/span><span>au nord de l\u2019\u00c9gypte<\/span><br \/>\n<span class=\"esp\">Le Nil rendit possible<\/span><span>l\u2019essor de la civilisation \u00e9gyptienne<\/span><br \/>\n<span class=\"esp\">L\u00e0-bas c\u2019est le beau Lwalaba<\/span><span>n\u00e9 dans le grand rift est-africain<\/span><br \/>\n<span class=\"esp\">Qui baigne l\u2019immense RDC<\/span><span>et se jette dans l\u2019oc\u00e9an Atlantique<\/span><br \/>\n<span class=\"esp\">Plus au nord c\u2019est la Meuse<\/span><span>qui accueillit Kabuta pendant 50 ans<\/span><br \/>\n<span class=\"esp\">Depuis bient\u00f4t dix ans<\/span><span>c\u2019est le Saint-Laurent havre de h\u00e9rons<\/span><br \/>\n<span class=\"esp\">Issu des Grands-Lacs<\/span><span>qui s\u00e9parent les \u00c9tats-Unis du Canada<\/span><br \/>\n<span class=\"esp\">Ce fleuve rejoint l\u2019Atlantique<\/span><span>en passant par Rimouski<\/span><br \/>\n<span class=\"esp\">L\u00e0 o\u00f9 se dresse<\/span><span>l\u2019\u00e9cole du kas\u00e0l\u00e0 contemporain<\/span><\/p>\n<p class=\"K-Texte-Centre K-Texte\">\n<span class=\"esp\">Le fleuve m\u00e9andreux relie<\/span><span>les diff\u00e9rents secteurs de mon \u00eatre<\/span><br \/>\n<span class=\"esp\">C\u2019est le syst\u00e8me nerveux<\/span><span>qui irrigue l\u2019ensemble de l\u2019organisme<\/span><br \/>\n<span class=\"esp\">C\u2019est la longue corde ferm\u00e9e d\u2019un c\u00f4t\u00e9<\/span><span>et ouverte de l\u2019autre c\u00f4t\u00e9<\/span><br \/>\n<span class=\"esp\">O\u00f9 s\u2019enfilent sans cesse<\/span><span>de nouveaux \u00e9v\u00e9nements et exp\u00e9riences<\/span><br \/>\n<span class=\"esp\">Elle exprime la complexit\u00e9 le myst\u00e8re<\/span><span>de la trajectoire humaine<\/span><br \/>\n<span class=\"esp\">Qui me conduit toujours au bon endroit<\/span><span>quand je suis \u00e0 l\u2019\u00e9coute<\/span><br \/>\n<span class=\"esp\">C\u2019est enfin le chemin \u00e9troit<\/span><span>qui veut qu\u2019on se mette \u00e0 l\u2019\u00e9cart<\/span><br \/>\n<span class=\"esp\">Pour que l\u2019autre puisse passer<\/span><span>pour qu\u2019il puisse appara\u00eetre<\/span><\/p>\n<p class=\"K-Texte-Centre K-Texte\">\n<span class=\"esp\">Je raconte tant\u00f4t tout droit<\/span><span>tant\u00f4t par des d\u00e9tours<\/span><br \/>\n<span class=\"esp\">Ma propre histoire<\/span><span>comme l\u2019histoire de celles et ceux<\/span><br \/>\n<span class=\"esp\">Qui ont s\u00e9journ\u00e9 avant moi<\/span><span>sur la plan\u00e8te M\u00e8re-et-P\u00e8re<\/span><br \/>\n<span class=\"esp\">Riche en air en mers en min\u00e9raux<\/span><span>favorables \u00e0 la vie<\/span><\/p>\n<p class=\"K-Texte-Centre K-Texte\">\n<span class=\"esp\">Je raconte ma propre histoire<\/span><span>qui change sans arr\u00eat<\/span><br \/>\n<span class=\"esp\">\u00c0 travers toponymes<\/span><span>et anthroponymes renforc\u00e9s<\/span><\/p>\n<p class=\"K-Texte-Centre K-Texte\">\n<span class=\"esp\">Associant concepts<\/span><span>images et symboles expressifs<\/span><br \/>\n<span class=\"esp\">Qui \u00e9voquent tout ce envers quoi<\/span><span>j\u2019ai de la gratitude<\/span><br \/>\n<span class=\"esp\">Qui \u00e9voquent tout ce \u00e0 quoi je suis reli\u00e9<\/span><span>et qui fait sens<\/span><\/p>\n<p class=\"K-Texte-Centre K-Texte\">\n<span class=\"esp\">Notre Terre qui regorge de ressources<\/span><span>c\u2019est le c\u0153ur<\/span><br \/>\n<span class=\"esp\">Et les poumons<\/span><span>qui insufflent de la vie \u00e0 chaque cellule<\/span><br \/>\n<span class=\"esp\">C\u2019est le support solide et rassurant<\/span><span>de toute la structure<\/span><\/p>\n<p class=\"K-Texte-Centre K-Texte\">\n<span class=\"esp\">Pour cette raison arr\u00eatez-vous un instant<\/span><span>pour \u00e9couter<\/span><br \/>\n<span class=\"esp\">L\u2019Hommage \u00e0 la Terre<\/span><span>\u0153uvre d\u2019un po\u00e8te de Rimouski<\/span><br \/>\n<span class=\"esp\">Nomm\u00e9 Jandhi l\u2019\u00c9migr\u00e9<\/span><span>l\u2019Inspirateur venu d\u2019ailleurs<\/span><br \/>\n<span class=\"esp\">Le Nommeur<\/span><span>qui nomme ad\u00e9quatement le R\u00e9el<\/span><\/p>\n<p class=\"K-Texte-Centre K-Texte\">\n<span class=\"esp\">Luk\u00e0s\u00e0 contemporain<\/span><span>je suis en m\u00eame temps<\/span><br \/>\n<span class=\"esp\">Planche \u00e0 proverbes<\/span><span>planche \u00e0 symboles<\/span><br \/>\n<span class=\"esp\">Planche \u00e0 citations<\/span><span>et planche \u00e0 po\u00e9sie<\/span><br \/>\n<span class=\"esp\">Je renvoie l\u2019\u00eatre<\/span><span>au plus intime de soi<\/span><br \/>\n<span class=\"esp\">Et lui r\u00e9v\u00e8le<\/span><span>l\u2019inviolable qu\u2019il porte<\/span><br \/>\n<span class=\"esp\">Et qui r\u00e9siste<\/span><span>aux intemp\u00e9ries<\/span><\/p>\n<p class=\"K-Texte-Centre K-Texte\">\n<span class=\"esp\">\u00c0 son fils a\u00een\u00e9<\/span><span>\u00e0 qui le destin avait r\u00e9serv\u00e9 un destin sp\u00e9cial<\/span><br \/>\n<span class=\"esp\">Ndaay\u00e0 la Clairvoyante<\/span><span>donna le nom pr\u00e9monitoire de Kabuta<\/span><br \/>\n<span class=\"esp\">Oiseau cr\u00e9pusculaire membre de la grande famille<\/span><span>des Caprimulgid\u00e9s<\/span><br \/>\n<span class=\"esp\">Aux pattes courtes certes<\/span><span>mais aux doigts puissants munis d\u2019ongles ac\u00e9r\u00e9s<\/span><br \/>\n<span class=\"esp\">Ceux-qui-chassent-la-nuit<\/span><span>Ceux-qui-veillent-pendant-que-d\u2019autres-dorment<\/span><br \/>\n<span class=\"esp\">Oiseaux discrets au vol silencieux aux grands yeux<\/span><span>les Caprimulgid\u00e9s excellent<\/span><br \/>\n<span class=\"esp\">Par leur diversit\u00e9\u00a0:<\/span><span>Engoulevent-lyre des Andes Engoulevent-\u00e0-tra\u00eene du Br\u00e9sil<\/span><br \/>\n<span class=\"esp\">Engoulevent-porte-\u00e9tendard Engoulevent-\u00e0-balanciers d\u2019Afrique<\/span><span>et bien d\u2019autres<\/span><br \/>\n<span class=\"esp\">End\u00e9miques d\u2019une zone ou migrateurs<\/span><span>ils vivent sur l\u2019ensemble du globe<\/span><br \/>\n<span class=\"esp\">Aimant la proximit\u00e9 des points d\u2019eau<\/span><span>les milieux a\u00e9r\u00e9s ou les friches<\/span><br \/>\n<span class=\"esp\">O\u00f9 leur plumage cryptique<\/span><span>les prot\u00e8ge de leurs pr\u00e9dateurs vigilants<\/span><\/p>\n<p class=\"K-Texte-Centre K-Texte\">\n<span class=\"esp\">Tendez l\u2019oreille \u00e9coutez le chant<\/span><span>de celui qu\u2019on appelle aussi<\/span><br \/>\n<span class=\"esp\">Lubuta M\u00e0l\u00e8mbelel\u00e8<\/span><span>Lubuta-M\u00e0l\u00e8nj\u00ec-\u00e0-la-vision-nocturne<\/span><br \/>\n<span class=\"esp\">Celui qui se reproduit en Europe<\/span><span>et hiverne en Afrique<\/span><br \/>\n<span class=\"esp\">Le Voyageur qui arrive<\/span><span>les bras charg\u00e9s de cadeaux<\/span><br \/>\n<span class=\"esp\">Le Messager attendu<\/span><span>Porteur-de-bonnes-nouvelles<\/span><br \/>\n<span class=\"esp\">Qui annonce<\/span><span>le retour de la pluie et de l\u2019abondance<\/span><\/p>\n<p class=\"K-Texte-Centre K-Texte\">\n<span class=\"esp\">Profitez-en chers amis<\/span><span>pour \u00e9couter les kas\u00e0l\u00e0s d\u00e9di\u00e9s<\/span><br \/>\n<span class=\"esp\">\u00c0 Jandhi Miroir-\u00e9tincelant<\/span><span>qui vous r\u00e9v\u00e8le \u00e0 vous-m\u00eames<\/span><br \/>\n<span class=\"esp\">\u00c0 Jacques Derickx Le-Magnanime<\/span><span>Celui-qui-essuie-les-larmes<\/span><br \/>\n<span class=\"esp\">\u00c0 Jos\u00e9phine Derickx Le-C\u0153ur-blanc<\/span><span>qui devint la m\u00e8re de c\u0153ur<\/span><br \/>\n<span class=\"esp\">\u00c0 Guido Haazen le Franciscain<\/span><span>le Fr\u00e8re de Mozart et des Anges<\/span><br \/>\n<span class=\"esp\">\u00c0 Jacques Mulongo<\/span><span>le M\u00e9decin qui restaure la quadruple sant\u00e9<\/span><br \/>\n<span class=\"esp\">Celle du corps et celle de l\u2019\u00e2me<\/span><span>celle du lien et celle de l\u2019esprit<\/span><br \/>\n<span class=\"esp\">\u00c0 Ndaay\u00e0 Luf\u00f9lw\u00e0b\u00f2 S\u00e2l\u00e0 Mw\u00e2Kabuta<\/span><span>la M\u00e8re-Amie de Jandhi<\/span><br \/>\n<span class=\"esp\">\u00c0 Kambal\u00e0 Cik\u00e8ng\u00e8l\u00e8<\/span><span>Celui qui s\u00e9duisit Ndaay\u00e0 pour accueillir<\/span><br \/>\n<span class=\"esp\">Le fils venu s\u2019incarner dans leur foyer<\/span><span>porteur de pens\u00e9es nouvelles<\/span><br \/>\n<span class=\"esp\">\u00c0 Kab\u00e0mb\u00e0 Luf\u00f9lw\u00e0b\u00f2 Nsenda<\/span><span>celui dont le nom de gloire est Ma\u00eetre<\/span><br \/>\n<span class=\"esp\">\u00c0 Jeanne-Marie Rugira<\/span><span>la Femme-Monument la Femme-Ph\u00e9nom\u00e9nale<\/span><br \/>\n<span class=\"esp\">\u00c0 l\u2019Araign\u00e9e Tisseuse-de-ponts<\/span><span>\u00e0 la Pieuvre-aux-bras-bourr\u00e9s-de-neurones<\/span><br \/>\n<span class=\"esp\">Au Baobab-au-bois-tendre<\/span><span>qu\u2019on ne peut encercler qu\u2019on ne peut d\u00e9raciner<\/span><br \/>\n<span class=\"esp\">Au Temps que nous traversons<\/span><span>th\u00e8me du kas\u00e0l\u00e0\u00a0: \u00ab\u00a0Tout cela est bien loin\u00a0\u00bb<\/span><br \/>\n<span class=\"esp\">\u00c0 Rimouski-la-Ville-du-bonheur<\/span><span>\u00e0 la Chauve-souris-aux-grandes-oreilles<\/span><br \/>\n<span class=\"esp\">Et \u00e0 bien d\u2019autres \u00eatres \u00e9tonnants<\/span><span>qui disent l\u2019intelligence de la Terre<\/span><\/p>\n<p class=\"K-Texte-Centre K-Texte\">\n<span class=\"esp\">Sans parler de la \u00ab\u00a0Semaine de gr\u00e2ce\u00a0\u00bb<\/span><span>o\u00f9 Bach respire vivant<\/span><br \/>\n<span class=\"esp\">Sans parler de \u00ab\u00a0La Voie\u00a0\u00bb<\/span><span>qui c\u00e9l\u00e8bre Johann le Silencieux<\/span><br \/>\n<span class=\"esp\">Sans parler des kas\u00e0l\u00e0s aux enfants<\/span><span>et aux petits-enfants<\/span><\/p>\n<p class=\"K-Texte-Centre K-Texte\">\n<span class=\"esp\">J\u2019\u00e9voque les chants<\/span><span>d\u00e9di\u00e9s aux actions aux projets aux r\u00eaves<\/span><br \/>\n<span class=\"esp\">Je convoque l\u2019ubuntu le kas\u00e0l\u00e0<\/span><span>ainsi que le vent le soleil l\u2019eau<\/span><br \/>\n<span class=\"esp\">Et tous autres concepts vivifiants<\/span><span>\u00e9labor\u00e9s au c\u0153ur de l\u2019Afrique<\/span><\/p>\n<p class=\"K-Texte-Centre K-Texte\">\n<span class=\"esp\">\u00catre le plus singulier qui soit<\/span><span>je ne saurais \u00eatre confondu avec un autre<\/span><br \/>\n<span class=\"esp\">Car chaque histoire est unique<\/span><span>chacune correspondant \u00e0 un algorithme<\/span><\/p>\n<p class=\"K-Texte-Centre K-Texte\">\n<span class=\"esp\">Reflet de l\u2019interconnexion<\/span><span>entre les humains dans leur infinie diversit\u00e9<\/span><br \/>\n<span class=\"esp\">Entre tous les habitants de la nature<\/span><span>et entre les constituants de l\u2019univers <\/span><br \/>\n<span class=\"esp\">Entre les ph\u00e9nom\u00e8nes qui se d\u00e9roulent ici<\/span><span>et ceux qui se d\u00e9roulent ailleurs<\/span><br \/>\n<span class=\"esp\">Je suis symbole complexe<\/span><span>que sait interpr\u00e9ter la personne \u00e0 l\u2019esprit exerc\u00e9<\/span><\/p>\n<p class=\"K-Texte-Centre K-Texte\">\n<span class=\"esp\">Luk\u00e0s\u00e0 je d\u00e9cris une trajectoire<\/span><span>et j\u2019engendre un ou plusieurs kas\u00e0l\u00e0s\u00a0:<\/span><br \/>\n<span class=\"esp\">Kas\u00e0l\u00e0 de soi ou de l\u2019autre ou du territoire<\/span><span>ou kas\u00e0l\u00e0 de la col\u00e8re vitale<\/span><br \/>\n<span class=\"esp\">Kas\u00e0l\u00e0 \u00e9cho ou rituel ou kas\u00e0l\u00e0 \u00e9pique<\/span><span>J\u2019appartiens \u00e0 la m\u00eame famille<\/span><br \/>\n<span class=\"esp\">Que le kas\u00e0l\u00e0 contemporain<\/span><span>puissant h\u00e9ritage de la pens\u00e9e africaine<\/span><\/p>\n<p class=\"K-Texte-Centre K-Texte\">\n<span class=\"esp\">Lorsqu\u2019on m\u2019observe<\/span><span>on distingue des territoires particuliers\u00a0:<\/span><br \/>\n<span class=\"esp\">La ville de Kamina en Afrique<\/span><span>la Belgique au c\u0153ur de l\u2019Europe<\/span><br \/>\n<span class=\"esp\">La suave ville de Rimouski<\/span><span>tout en haut de l\u2019Am\u00e9rique du Nord<\/span><br \/>\n<span class=\"esp\">Ainsi que des territoires myst\u00e9rieux<\/span><span>d\u2019o\u00f9 l\u2019on vient et o\u00f9 l\u2019on va<\/span><br \/>\n<span class=\"esp\">Tout cela au milieu<\/span><span>de multiples \u00e9v\u00e9nements et lieux signifiants<\/span><\/p>\n<p class=\"K-Texte-Centre K-Texte\">\n<span class=\"esp\">Lorsque je parle de moi<\/span><span>je provoque des r\u00e9sonnances diverses<\/span><br \/>\n<span class=\"esp\">Gr\u00e2ce aux questions et commentaires<\/span><span>je continue de me parfaire<\/span><\/p>\n<p class=\"K-Texte-Centre K-Texte\">\n<span class=\"esp\">Quoique concentr\u00e9 sur une seule page<\/span><span>je suis un vaste champ<\/span><br \/>\n<span class=\"esp\">En moi se trouvent parsem\u00e9s<\/span><span>des pens\u00e9es de toutes les couleurs<\/span><br \/>\n<span class=\"esp\">Des symboles, cl\u00e9s qui donnent acc\u00e8s<\/span><span>\u00e0 d\u2019autres plans de la r\u00e9alit\u00e9<\/span><br \/>\n<span class=\"esp\">O\u00f9 ne conduit la parole ordinaire<\/span><span>o\u00f9 tout est signe allusion et intuition<\/span><br \/>\n<span class=\"esp\">L\u00e0 o\u00f9 foisonnent des images<\/span><span>pour nourrir pour renouveler l\u2019imaginaire<\/span><br \/>\n<span class=\"esp\">L\u00e0 o\u00f9 des segments droits c\u00f4toient<\/span><span>des segments courbes ou invisibles<\/span><br \/>\n<span class=\"esp\">Surtout je suis constitu\u00e9 de chiffres de 0 \u00e0 9<\/span><span>et d\u2019une trentaine de lettres<\/span><br \/>\n<span class=\"esp\">Invent\u00e9s en Orient<\/span><span>et capables de dire toute l\u2019exp\u00e9rience de l\u2019univers<\/span><br \/>\n<span class=\"esp\">Pour tout dire je suis support de m\u00e9ditation<\/span><span>et de rem\u00e9moration<\/span><br \/>\n<span class=\"esp\">Je renouvelle le discours intime<\/span><span>et aiguise la conscience d\u2019\u00eatre<\/span><\/p>\n<p class=\"K-Texte-Centre K-Texte\">\n<span class=\"esp\">Jean Kabuta j\u2019ai expos\u00e9 mon autobiographie<\/span><span>sans rien dissimuler<\/span><br \/>\n<span class=\"esp\">L\u2019essentiel est jet\u00e9 l\u00e0 sur le luk\u00e0s\u00e0<\/span><span>depuis mon \u00e9migration initiale<\/span><br \/>\n<span class=\"esp\">Par laquelle je suis entr\u00e9 dans le monde<\/span><span>venant de l\u2019invisible<\/span><br \/>\n<span class=\"esp\">Jusqu\u2019au monde actuel<\/span><span>o\u00f9 je me consacre \u00e0 la transmission<\/span><\/p>\n<p class=\"K-Texte-Centre K-Texte\">\n<span class=\"esp\">De jour en jour je m\u2019\u00e9veille<\/span><span>et je prends conscience<\/span><br \/>\n<span class=\"esp\">Du temps que je porte dans mon corps<\/span><span>\u00e0 chaque instant<\/span><br \/>\n<span class=\"esp\">Je visualise les \u00eatres et les actions<\/span><span>b\u00e9n\u00e9fiques et inspirants<\/span><br \/>\n<span class=\"esp\">Alors je n\u2019ai pas d\u2019autres choix<\/span><span>que de dire ma gratitude<\/span><\/p>\n<p class=\"K-Texte-Centre K-Texte\">\n<span class=\"esp\">Voici soixante ann\u00e9es d\u00e9j\u00e0<\/span><span>que ma deuxi\u00e8me \u00e9migration<\/span><br \/>\n<span class=\"esp\">M\u2019a conduit depuis l\u2019Afrique<\/span><span>Berceau chaleureux de l\u2019humanit\u00e9<\/span><br \/>\n<span class=\"esp\">Jusque dans la froide Europe occidentale<\/span><span>quoique riche de merveilles<\/span><br \/>\n<span class=\"esp\">Ma troisi\u00e8me \u00e9migration<\/span><span>m\u2019a conduit depuis l\u2019Europe r\u00eav\u00e9e autrefois<\/span><br \/>\n<span class=\"esp\">Jusque dans l\u2019Am\u00e9rique<\/span><span>terre des Dakotas des Micmacs des Ab\u00e9nakis<\/span><br \/>\n<span class=\"esp\">Et autres peuples connect\u00e9s \u00e0 la Terre<\/span><span>qui conversent avec la nature<\/span><br \/>\n<span class=\"esp\">On se croirait en Afrique<\/span><span>o\u00f9 l\u2019humain n\u2019a pas le monopole de la vie<\/span><br \/>\n<span class=\"esp\">L\u00e0 o\u00f9 la Terre et les \u00eatres qu\u2019elle h\u00e9berge<\/span><span>sont nos fr\u00e8res et s\u0153urs<\/span><\/p>\n<p class=\"K-Texte-Centre K-Texte\">\n<span class=\"esp\">J\u2019ai une gratitude immense<\/span><span>\u00e0 l\u2019\u00e9gard de quelques lieux particuliers:<\/span><br \/>\n<span class=\"esp\">Kamina Escale-initiale<\/span><span>o\u00f9 j\u2019ai fait la rencontre de Mozart l\u2019Initiant<\/span><br \/>\n<span class=\"esp\">Tervuren Monde-de-musique-et-de-r\u00eaves<\/span><span>Porte-ouverte-sur-l\u2019impens\u00e9<\/span><br \/>\n<span class=\"esp\">Anvers Foyer-d\u2019amour Foyer-de-beaut\u00e9<\/span><span>L\u00e0-o\u00f9-la-vie-retrouve-du-sens<\/span><br \/>\n<span class=\"esp\">Bruxelles Berceau-du-savoir<\/span><span>L\u00e0-o\u00f9-l\u2019on-passe-de-la-nuit-\u00e0-la-lumi\u00e8re<\/span><br \/>\n<span class=\"esp\">Nivelles Clairi\u00e8re-dans-la-for\u00eat<\/span><span>L\u00e0-o\u00f9-la-m\u00e8re-retrouve-son-fils-a\u00een\u00e9<\/span><br \/>\n<span class=\"esp\">L\u00e0-o\u00f9-des-enfants-commencent-\u00e0-na\u00eetre<\/span><span>pour embellir la Terre-m\u00e8re<\/span><br \/>\n<span class=\"esp\">Feluy Camp-d\u2019initiation<\/span><span>riche en \u00e9preuves pour l\u2019homme en devenir<\/span><br \/>\n<span class=\"esp\">Gand Ville-d\u2019enseignement<\/span><span>o\u00f9 voit le jour le kas\u00e0l\u00e0 contemporain <\/span><br \/>\n<span class=\"esp\">Et Rimouski Champ-d\u2019envol<\/span><span>pour la diffusion et la transmission<\/span><\/p>\n<p class=\"K-Texte-Centre K-Texte\">\n<span class=\"esp\">J\u2019avance patient et curieux<\/span><span>vers ma prochaine et ultime \u00e9migration<\/span><br \/>\n<span class=\"esp\">Qui me ram\u00e8nera peut-\u00eatre<\/span><span>dans le Point d\u2019interrogation initial<\/span><br \/>\n<span class=\"esp\">Ou ailleurs il n\u2019importe<\/span><span>\u00e0 travers de nouvelles m\u00e9tamorphoses<\/span><\/p>\n<div class=\"K-Bottom-42\"><\/div>\n<\/p>\n<\/div>\n<div class=\"LK2Separateur\">============================== 67 ====================================<\/div>\n<div id=\"Ressource67\" class=\"LK2Ressource\">\n<p class=\"K-Titre-Centre\"> Moi Lombric ou Ver-de-terre <\/p>\n<div class=\"K-Image-Centre\"><img loading=\"lazy\" decoding=\"async\" src=\"http:\/\/www.landrea.net\/wp-content\/uploads\/2021\/12\/Lukasa-67-GIF.gif\" alt=\"\" width=\"283\" height=\"101\"  \/>\n<\/div>\n<p class=\"K-Texte-Centre K-Texte\">\n<span class=\"esp\">Moi Lombric mieux connu<\/span><span>sous le nom de Ver-de-terre<\/span><br \/>\n<span class=\"esp\">Certains me croient \u00e0 tort insignifiant<\/span><span>alors que je suis l\u2019Essentiel<\/span><\/p>\n<p class=\"K-Texte-Centre K-Texte\">\n<span class=\"esp\">J\u2019appartiens \u00e0 l\u2019une des sept mille esp\u00e8ces et plus<\/span><span>dites esp\u00e8ces ing\u00e9nieurs<\/span><br \/>\n<span class=\"esp\">Toutes acteurs majeurs<\/span><span>dans la r\u00e9gularisation des cycles des nutriments<\/span><br \/>\n<span class=\"esp\">Dans la structuration et l\u2019entretien<\/span><span>des propri\u00e9t\u00e9s physiques des sols<\/span><br \/>\n<span class=\"esp\">Des g\u00e9odrilologues de diff\u00e9rents horizons<\/span><span>passent leur vie enti\u00e8re<\/span><br \/>\n<span class=\"esp\">\u00c0 essayer de comprendre<\/span><span>ma nature et mon \u0153uvre sous la terre<\/span><\/p>\n<p class=\"K-Texte-Centre K-Texte\">\n<span class=\"esp\">Moi Ver-de-terre<\/span><span>Le-Vivant-gorg\u00e9-de-puissance-de-vie<\/span><br \/>\n<span class=\"esp\">Je suis Celui-qui-se-r\u00e9g\u00e9n\u00e8re-<\/span><span>depuis-chacun-de-ses-atomes<\/span><br \/>\n<span class=\"esp\">Je suis Celui qui enseigne<\/span><span>que toute vie sur cette terre a un sens<\/span><\/p>\n<div class=\"K-Bottom-43\"><\/div>\n<\/p>\n<\/div>\n<div class=\"LK2Separateur\">============================== 68 ====================================<\/div>\n<div id=\"Ressource68\" class=\"LK2Ressource\">\n<p class=\"K-Titre-Centre\">Je m\u2019appelle F\u00e1n ou Connaissance<\/p>\n<p><div class=\"K-Image-Centre\"><img loading=\"lazy\" decoding=\"async\" src=\"http:\/\/www.landrea.net\/wp-content\/uploads\/2022\/01\/Lukasa-68-Image.png\" alt=\"\" width=\"248\" height=\"234\" \/>\n<\/div>\n<p class=\"K-Texte-Centre K-Texte\">\n<span class=\"esp\">Symbole graphique initiatique<\/span><span>issue de l\u2019Afrique de l\u2019Ouest<\/span><br \/>\n<span class=\"esp\">Je m\u2019appelle F\u00e1n ou Connaissance<\/span><span>en langue bambara du Mali<\/span><br \/>\n<span class=\"esp\">Je suis v\u00e9hicule de la pens\u00e9e<\/span><span>\u00e9labor\u00e9e depuis des mill\u00e9naires<\/span><br \/>\n<span class=\"esp\">Je symbolise la connaissance<\/span><span>et la pl\u00e9nitude de l\u2019\u00eatre<\/span><\/p>\n<p class=\"K-Texte-Centre K-Texte\">\n<span class=\"esp\">L\u2019initi\u00e9 en devenir me d\u00e9couvre<\/span><span>pour acc\u00e9der \u00e0 l\u2019ouverture<\/span><br \/>\n<span class=\"esp\">Et pour se pr\u00e9server<\/span><span>de l\u2019accumulation des connaissances inutiles<\/span><br \/>\n<span class=\"esp\">Pour cette raison<\/span><span>je suis aussi symbole du remplissage<\/span><\/p>\n<p class=\"K-Texte-Centre K-Texte\">\n<span class=\"esp\">Pour la collection<\/span><span>\u00ab\u00a0Pens\u00e9e et perspectives africaines\u00a0\u00bb<\/span><br \/>\n<span class=\"esp\">Je symbolise la diffusion<\/span><span>des connaissances venues d\u2019Afrique<\/span><br \/>\n<span class=\"esp\">Afin de contribuer<\/span><span>\u00e0 l\u2019enrichissement de l\u2019humanit\u00e9<\/span><\/p>\n<div class=\"K-Bottom-44\"><\/div>\n<\/p>\n<\/div>\n<div class=\"LK2Separateur\">============================== 70 ====================================<\/div>\n<div id=\"Ressource70\" class=\"LK2Ressource\">\n<p class=\"K-Titre-Centre\">Le Grand Signe<br \/>\n(Extrait)<\/p>\n<div class=\"K-Image-Centre\"><img loading=\"lazy\" decoding=\"async\" src=\"http:\/\/www.landrea.net\/wp-content\/uploads\/2021\/12\/Lukasa-70-Image-300x285.png\" alt=\"\" width=\"300\" height=\"285\" \/>\n<\/div>\n<p class=\"K-Texte-Gauche K-Texte\">Du symbole vient la vie<br \/>\nGr\u00e2ce au symbole il y a des survivants<br \/>\nApr\u00e8s le symbole, c\u2019est le symbole qui explique mieux<br \/>\nVoici le \u00ab\u00a0Grand Signe\u00a0\u00bb.<\/p>\n<p class=\"K-Texte-Gauche K-Texte\">Le \u00ab\u00a0Symbole des symboles\u00a0\u00bb\u00a0!<br \/>\nQuiconque entre dans le gouffre bavant<br \/>\nEn sort rid\u00e9.<\/p>\n<p class=\"K-Texte-Gauche K-Texte\">Le symbole est une corde<br \/>\nIl est l\u2019\u00e9manation du vide-plein.<\/p>\n<p class=\"K-Texte-Gauche K-Texte\">Il n\u2019est pas cr\u00e9ation mais cr\u00e9ateur<br \/>\nIl enveloppe et d\u00e9veloppe la vie.<\/p>\n<p class=\"K-Texte-Gauche K-Texte\">Le symbole est une corde<br \/>\nOn ne peut le comprendre mais le sentir<br \/>\nIl lie et d\u00e9lie l\u2019univers.<\/p>\n<p class=\"K-Texte-Gauche K-Texte\">Il est la parole de la for\u00eat<br \/>\nI est le lit des eaux<br \/>\nIl est la langue des savanes.<\/p>\n<p class=\"K-Texte-Gauche K-Texte\">Le symbole est une corde<br \/>\nIl s\u00e9curise et rassemble les b\u00fbches<br \/>\nPar ses mouvements<br \/>\nIl fait descendre les \u00e9toiles au sol<br \/>\nEt fait monter la poussi\u00e8re au firmament.<\/p>\n<p class=\"K-Texte-Gauche K-Texte\">Le symbole est une corde<br \/>\nIl est \u00e0 la fois raide et flexible<br \/>\nSes extr\u00e9mit\u00e9s sont les objectifs<br \/>\nTant personnels que collectifs.\u2028<br \/>\nLe symbole est une corde<br \/>\nIl apprivoise et d\u00e9voile l\u2019homme<br \/>\nIl le spiritualise par perspicacit\u00e9 d\u2019esprit<br \/>\nIl l\u2019animalise par ignorance.<\/p>\n<p class=\"K-Texte-Gauche K-Texte\">Le symbole est une corde<br \/>\nCelle qui forme une t\u00eate<br \/>\nCelle qu\u2019on ballote dans tous les sens<br \/>\nLe symbole est tout<br \/>\nLe symbole est rien.<sup> 7<\/sup><\/p>\n<p class=\"K-Texte-Centre K-Texte\">\n<span class=\"esp\">Laissons la parole \u00e0 Sakasaka<\/span><span>H\u00e9ros-qui-mit-le-monde-en-ordre<\/span><br \/>\n<span class=\"esp\">H\u00e9ros assoiff\u00e9 de connaissance<\/span><span>issu de la r\u00e9gion des Grands-Lacs<\/span><\/p>\n<p class=\"K-Texte-Centre K-Texte\">\n<span class=\"esp\">Je m\u2019appelle Sakasaka Yango<\/span><span>je proviens de Womosongo<\/span><br \/>\n<span class=\"esp\">Domaine de la Voix Permanente<\/span><span>et de la Lumi\u00e8re Immuable<\/span><br \/>\n<span class=\"esp\">Parti jadis des entrailles de la Terre<\/span><span>\u00e0 la recherche de la V\u00e9rit\u00e9<\/span><br \/>\n<span class=\"esp\">J\u2019ai atteint Elembetelo le Grand-Signe<\/span><span>dit Source-des-Symboles<\/span><br \/>\n<span class=\"esp\">J\u2019ai atteint le Lieu-de-la-remise-au-point<\/span><span>J\u2019ai atteint aussi Anako<\/span><br \/>\n<span class=\"esp\">Le Pays de la Connaissance<\/span><span>o\u00f9 brillent les Grands Luminaires<\/span><br \/>\n<span class=\"esp\">Devenu Itap\u00e9 La Petite-Branche<\/span><span>issue de mon propre \u00eatre<\/span><br \/>\n<span class=\"esp\">J\u2019ai re\u00e7u l\u2019initiation<\/span><span>et j\u2019ai mis le monde en ordre<\/span><\/p>\n<p class=\"K-Texte-Centre K-Texte\">\n<span class=\"esp\">L\u2019Humain aspire \u00e0 conna\u00eetre<\/span><span>les causes de tout ce qui est<\/span><br \/>\n<span class=\"esp\">Dot\u00e9 d\u2019une extraordinaire facult\u00e9<\/span><span>nomm\u00e9e imagination<\/span><br \/>\n<span class=\"esp\">Il imagine de magnifiques fictions<\/span><span>et autres r\u00e9cits sacr\u00e9s<\/span><br \/>\n<span class=\"esp\">Pr\u00e9f\u00e9rant une explication fabul\u00e9e ou une croyance<\/span><span>\u00e0 l\u2019absence d\u2019explication<\/span><br \/>\n<span class=\"esp\">En vertu de cette parole rassurante<\/span><span>de Jacques Mulongo le M\u00e9decin-po\u00e8te\u00a0:<\/span><br \/>\n<span class=\"esp\">Mieux vaut des cheveux blancs qu\u2019on a<\/span><span>que des cheveux noirs qu\u2019on n\u2019a pas !<\/span><\/p>\n<p class=\"K-Texte-Note K-Texte\"><sup>7<\/sup> (Fa\u00efk-Nzuji, Cl., 2004:45-46. Les traces du Grand Signe. P.I.E. Peter Lang)<\/p>\n<div class=\"K-Bottom-45\"><\/div>\n<\/p>\n<\/div>\n<div class=\"LK2Separateur\">============================== 71 ====================================<\/div>\n<div id=\"Ressource71\" class=\"LK2Ressource\">\n<p class=\"K-Titre-Centre\">\u00c9change avec un inconnu<\/p>\n<p class=\"K-Texte-Gauche K-Texte\">\n<span class=\"esp\">Me voici Kabuta-wa-Ndaay\u00e0 L\u2019\u00c9ph\u00e9m\u00e8re<\/span><span>Contingence surgie dans la vie fragile<\/span><br \/>\n<span class=\"esp\">Selon je ne sais quel algorithme<\/span><span>Tant\u00f4t attentif tant\u00f4t distrait<\/span><br \/>\n<span class=\"esp\">Je pourrais dispara\u00eetre<\/span><span>d\u2019un moment \u00e0 l\u2019autre<\/span><br \/>\n<span class=\"esp\">Et regagner le Silence<\/span><span>dont je suis issu<\/span><br \/>\n<span class=\"esp\">Je pourrais en un clin d\u2019\u0153il<\/span><span>quitter la vie aventure ph\u00e9nom\u00e9nale<\/span><br \/>\n<span class=\"esp\">Et me r\u00e9duire \u00e0 quelques traces<\/span><span>\u00e0 travers des mots \u00e9pars dits noms po\u00e9tiques<\/span><br \/>\n<span class=\"esp\">J\u2019ai la facult\u00e9 de m\u2019incarner et de me d\u00e9sincarner<\/span><span>\u00e0 tout instant<\/span><\/p>\n<p class=\"K-Texte-Gauche K-Texte\">\n<span class=\"esp\">Voici quelques \u00e9v\u00e9nements<\/span><span>survenus entre le 8 et le 12 ao\u00fbt 2021<\/span><br \/>\n<span class=\"esp\">Et qui montrent la vie<\/span><span>dans ce qu\u2019elle a de plus inattendu de plus surprenant<\/span><\/p>\n<p class=\"K-Texte-Centre K-Texte\">\n<span class=\"esp\">Je d\u00e9die ces mots<\/span><span>\u00e0 Madeleine Timmermans la Sage-Femme<\/span><br \/>\n<span class=\"esp\">S\u0153ur de la for\u00eat et des rivi\u00e8res<\/span><span>ni\u00e8ce des saumons et des cerfs<\/span><br \/>\n<span class=\"esp\">La Vivante exemplaire<\/span><span>Celle-qui-se-laisse-modeler-par-la-po\u00e9sie<\/span><br \/>\n<span class=\"esp\">Celle qui sait que la vie<\/span><span>quelle que soit sa dur\u00e9e et son support<\/span><br \/>\n<span class=\"esp\">M\u00e9rite d\u2019\u00eatre v\u00e9cue arros\u00e9e et a\u00e9r\u00e9e<\/span><span>renforc\u00e9e et c\u00e9l\u00e9br\u00e9e<\/span><\/p>\n<p class=\"K-Texte-Gauche K-Texte\">\n<span class=\"esp\">C\u2019est le soir d\u2019une superbe journ\u00e9e estivale<\/span><span>Je termine ma marche quotidienne<\/span><br \/>\n<span class=\"esp\">Le long du fleuve et de la rivi\u00e8re fraternels<\/span><span>v\u00e9ritables b\u00e9n\u00e9dictions pour l\u2019\u00e2me<\/span><br \/>\n<span class=\"esp\">Qu\u2019ils sont fortun\u00e9s les Rimouskois<\/span><span>d\u2019\u00eatre si bien entour\u00e9s si bien port\u00e9s !<\/span><\/p>\n<p class=\"K-Texte-Gauche K-Texte\">\n<span class=\"esp\">Je m&rsquo;appr\u00eate \u00e0 traverser la chauss\u00e9e<\/span><span>J\u2019attends que les feux m\u2019y autorisent<\/span><br \/>\n<span class=\"esp\">Un homme d\u2019environ 70 ans arrive<\/span><span>Nous nous saluons<\/span><br \/>\n<span class=\"esp\">Il me dit<\/span><span>en appuyant sur le dernier mot :<\/span><br \/>\n<span class=\"esp\">\u00ab\u00a0Vous \u00eates BEAU !  Vous \u00eates BEAU !\u00a0\u00bb<\/span><span>Je suis surpris<\/span><br \/>\n<span class=\"esp\">Nous \u00e9changeons juste deux ou trois mots<\/span><span>le temps de traverser la chauss\u00e9e<\/span><br \/>\n<span class=\"esp\">C\u2019est-\u00e0-dire une quinzaine de secondes !<\/span><span>Une fois sur l\u2019autre trottoir<\/span><br \/>\n<span class=\"esp\">L\u2019inconnu intriguant<\/span><span>continue son chemin et moi le mien !<\/span><\/p>\n<p class=\"K-Texte-Gauche K-Texte\">\n<span class=\"esp\">Je m&rsquo;examine pendant plusieurs minutes<\/span><span>Je ne vois pas ce qu&rsquo;il lui semble si beau<\/span><br \/>\n<span class=\"esp\">Je ne trouve rien de sp\u00e9cial \u00e0 mon sujet :<\/span><span>Je suis habill\u00e9 comme tout le monde<\/span><br \/>\n<span class=\"esp\">Je subis comme tout le monde l\u2019agression du temps !<\/span><span>Je finis par me dire\u00a0:<\/span><br \/>\n<span class=\"esp\">\u00ab\u00a0Ce ne peut \u00eatre que mon visage\u00a0\u00bb<\/span><span>Justement je ne peux le voir moi-m\u00eame<\/span><br \/>\n<span class=\"esp\">Le meilleur miroir du monde<\/span><span>ne saurait jamais me le montrer r\u00e9ellement !<\/span><\/p>\n<p class=\"K-Texte-Gauche K-Texte\">\n<span class=\"esp\">Quelle exp\u00e9rience !<\/span><span>C&rsquo;est donc l&rsquo;autre qui m&rsquo;informe sur moi-m\u00eame !<\/span><br \/>\n<span class=\"esp\">C\u2019est l\u2019autre qui me r\u00e9v\u00e8le \u00e0 moi-m\u00eame !<\/span><span>Et de me rem\u00e9morer ce proverbe bantu\u00a0:<\/span><br \/>\n<span class=\"esp\">\u00ab\u00a0Umuntu ngumuntu ngabantu\u00a0\u00bb<\/span><span>Je n\u2019existe que par la m\u00e9diation de l\u2019autre<\/span><br \/>\n<span class=\"esp\">Autrement dit<\/span><span>l\u2019autre est t\u00e9moin de mon existence !<\/span><br \/>\n<span class=\"esp\">\u00c0 ma naissance il me donne un nom<\/span><span>pour attester que j\u2019existe<\/span><\/p>\n<p class=\"K-Texte-Gauche K-Texte\">\n<span class=\"esp\">Quant \u00e0 moi je le crois<\/span><span>Je consens \u00e0 lui faire confiance !<\/span><br \/>\n<span class=\"esp\">Je per\u00e7ois chez lui une invitation bienveillante<\/span><span>\u00e0 \u00eatre fid\u00e8le \u00e0 ce qui transpara\u00eet<\/span><br \/>\n<span class=\"esp\">L\u2019invitation \u00e0 prendre soin de ce qui me d\u00e9passe<\/span><span>J&rsquo;accepte la responsabilit\u00e9<\/span><br \/>\n<span class=\"esp\">D&rsquo;h\u00e9berger cette pr\u00e9sence<\/span><span>plus grande que moi<\/span><br \/>\n<span class=\"esp\">Ce passant fait de moi un mod\u00e8le de beaut\u00e9<\/span><span>Il fait un id\u00e9al de l\u2019\u00eatre que je suis !<\/span><\/p>\n<div class=\"K-Bottom-46\"><\/div>\n<\/p>\n<\/div>\n<div class=\"LK2Separateur\">============================== 72 ====================================<\/div>\n<div id=\"Ressource72\" class=\"LK2Ressource\">\n<p class=\"K-Titre-Centre\">Joyeux Anniversaire Jeanne-Marie !<\/p>\n<div class=\"K-Image-Centre\"><img loading=\"lazy\" decoding=\"async\" src=\"http:\/\/www.landrea.net\/wp-content\/uploads\/2021\/12\/Lukasa-72-Image-300x300.png\" alt=\"\" width=\"300\" height=\"300\" \/>\n<\/div>\n<p class=\"K-Texte-Centre K-Texte\">Ce 7 septembre 2021<br \/>\nNous nous rem\u00e9morons avec joie<br \/>\nLa venue au monde de Femme-Monument<br \/>\nQu\u2019on appelle commun\u00e9ment Jeanne-Marie<br \/>\nA\u00een\u00e9e de neuf s\u0153urs et fr\u00e8res tous excellents<br \/>\n\u00c9parpill\u00e9s en Afrique centrale en Afrique du Sud<br \/>\nEn Europe occidentale ainsi qu\u2019en Am\u00e9rique du Nord<br \/>\nC\u2019est la Fraternelle qui agrandit sans cesse sa famille<br \/>\nDe chaque voyage ext\u00e9rieur ou int\u00e9rieur elle revient<br \/>\nEnrichie de nouvelles s\u0153urs et de nouveaux fr\u00e8res<br \/>\nDe toutes les couleurs de toutes les formes<br \/>\nToutes et tous d\u2019une grande beaut\u00e9<br \/>\nImage de l\u2019humanit\u00e9 r\u00eav\u00e9e<\/p>\n<p class=\"K-Texte-Centre K-Texte\">En voici deux ou trois<br \/>\nParmi les plus remarquables<br \/>\nPerles de son dernier voyage<br \/>\n\u00c0 Darwin o\u00f9 l&rsquo;avenir se r\u00e9invente<br \/>\n\u00c0 Climax Africa o\u00f9 se r\u00e9invente<br \/>\nUn nouvel imaginaire commun<br \/>\nAinsi que de nouvelles alliances<br \/>\nPour le monde \u00e0 venir<\/p>\n<p class=\"K-Texte-Centre K-Texte\">Saluons Herv\u00e9 Soumouna Ngoto Assossa<br \/>\nLe <span style=\"font-style:italic;\">nganga-puvi<\/span> qui connait les secrets du <span style=\"font-style:italic;\">bwiti<\/span><br \/>\nLe magnifique Pygm\u00e9e-aux-astuces-\u00e9poustouflantes<br \/>\nCelui qui se prom\u00e8ne avec sa for\u00eat dans une main<br \/>\nL\u2019homme connect\u00e9 par excellence issu du c\u0153ur de l\u2019Afrique<br \/>\nSavant qui sait que chaque parcelle de la nature est anim\u00e9e<br \/>\nCelui qui parle aux animaux aux v\u00e9g\u00e9taux et aux min\u00e9raux<br \/>\nLe soignant qui r\u00e9v\u00e8le les \u00eatres \u00e0 eux-m\u00eames et au monde<br \/>\nAssossa fr\u00e8re de c\u0153ur de Sabah Rahmani l&rsquo;anthropologue<br \/>\nL&rsquo;amie bien-aim\u00e9e des peuples racines gardiens de la terre<br \/>\nCelle qui rappelle \u00e0 l&rsquo;humanit\u00e9 que les peuples autochtones<br \/>\nNous tendent la main dans un plaidoyer pour la terre<\/p>\n<p class=\"K-Texte-Centre K-Texte\">Saluons Gaston-Paul Effa Esprit-clairvoyant<br \/>\nForm\u00e9 \u00e0 l\u2019\u00e9cole occidentale et h\u00e9bra\u00efque<br \/>\nAssez sagace pour \u00e9lire la nature et ses habitants<br \/>\nComme ma\u00eetres \u00e0 penser et ma\u00eetres initiateurs<br \/>\nGaston-Paul le fr\u00e8re-ami de Gabriel Okoundji<br \/>\nLe po\u00e8te soignant \u00e0 la vision de l&rsquo;aigle<br \/>\nL&rsquo;\u00eatre inspirant qui honore les anc\u00eatres<br \/>\nL&rsquo;homme int\u00e8gre qui partage g\u00e9n\u00e9reusement<br \/>\nLa noix de kola comme ses multiples enseignements<\/p>\n<p class=\"K-Texte-Centre K-Texte\">Saluons Felwine Sarr ami d\u2019Achille Mbembe<br \/>\nTous deux initiateurs des Ateliers de la pens\u00e9e<br \/>\nO\u00f9 l\u2019on tente d\u2019aller au-del\u00e0 de la Technosph\u00e8re<br \/>\nO\u00f9 l\u2019on pense le monde d\u2019aujourd\u2019hui et de demain<br \/>\nO\u00f9 l\u2019on remet l&rsquo;Afrique \u00e0 sa juste place<\/p>\n<p class=\"K-Texte-Centre K-Texte\">Invitons Etienne Minoungou<br \/>\nLe com\u00e9dien conteur de grand talent<br \/>\nL&rsquo;initiateur des Cr\u00e9ations th\u00e9\u00e2trales panafricaines<br \/>\nFr\u00e8re-ami de Simon Winse le flutiste au souffle long<br \/>\nMusicien dou\u00e9 qui joue de la Kora comme un dieu<br \/>\nEt qui f\u00e9conde le monde avec la musique du pays San<\/p>\n<p class=\"K-Texte-Centre K-Texte\">Saluons Blick Bassy le fabuleux auteur-compositeur<br \/>\nProducteur guitariste et percussionniste camerounais<br \/>\nL&rsquo;Africain \u00e9clair\u00e9 qui assume ses racines et son h\u00e9ritage<br \/>\nTout en restant g\u00e9n\u00e9reusement ouvert sur le monde<\/p>\n<p class=\"K-Texte-Centre K-Texte\">\u00ab Dis-moi qui tu fr\u00e9quentes je te dirai qui tu es \u00bb dit-on<br \/>\nJeanne-Marie c\u2019est la Vivante de mieux en mieux entour\u00e9e<br \/>\nQui ram\u00e8ne ses rencontres ravissantes dans sa communaut\u00e9<br \/>\nAfin que ceux qui n\u2019ont pas eu la chance d\u2019aller en voyage<br \/>\nGo\u00fbtent eux aussi aux fruits savoureux de la fraternit\u00e9<\/p>\n<p class=\"K-Texte-Centre K-Texte\">Merci \u00e0 Femme-Continent qui est partie en voyage<br \/>\nEt qui revient les bras charg\u00e9s de cadeaux<br \/>\nPour chacun de ceux qui sont rest\u00e9s<\/p>\n<p class=\"K-Texte-Centre K-Texte\">Joyeuse f\u00eate<br \/>\nBelle et grande Dame<br \/>\nSoleil-levant !<\/p>\n<div class=\"K-Bottom-47\"><\/div>\n<\/p>\n<\/div>\n<div class=\"LK2Separateur\">============================== 73 ====================================<\/div>\n<div id=\"Ressource73\" class=\"LK2Ressource\">\n<p class=\"K-Titre-Centre\">Je suis aussi \u00catre-plastique<sup> 8<\/sup><\/p>\n<div class=\"K-Image-Centre\"><img loading=\"lazy\" decoding=\"async\" src=\"http:\/\/www.landrea.net\/wp-content\/uploads\/2021\/12\/Lukasa-73-Image-204x300.png\" alt=\"\" width=\"204\" height=\"300\" height=\"196\" \/>\n<\/div>\n<p class=\"K-Texte-Centre K-Texte\">\n<span class=\"esp\">Dans le kas\u00e0l\u00e0 contemporain<\/span><span>issus du kas\u00e0l\u00e0 traditionnel<\/span><br \/>\n<span class=\"esp\">Le vers et ses figures ne sont pas<\/span><span>les seuls moyens d\u2019expression<\/span><br \/>\n<span class=\"esp\">On peut parler avec des objets<\/span><span>r\u00e9colt\u00e9s dans la mer ou la for\u00eat<\/span><br \/>\n<span class=\"esp\">On peut m\u00ealer c\u00e9ramique et laine<\/span><span>plumes et peaux<\/span><\/p>\n<p class=\"K-Texte-Note K-Texte\"><sup>8 <\/sup>Exposition Kas\u00e0l\u00e0 d\u2019Ito La\u00efla Le Fran\u00e7ois, \u00e0 la Fabrique de verre, Montr\u00e9al, octobre-novembre 2016.<\/p>\n<div class=\"K-Bottom-48\"><\/div>\n<\/p>\n<\/div>\n<div class=\"LK2Separateur\">============================== 74 ====================================<\/div>\n<div id=\"Ressource74\" class=\"LK2Ressource\">\n<p class=\"K-Titre-Centre\">Ville de Rimouski<\/p>\n<div class=\"K-Image-Centre\"><img loading=\"lazy\" decoding=\"async\" src=\"http:\/\/www.landrea.net\/wp-content\/uploads\/2021\/12\/Lukasa-74-Image-300x127.png\" alt=\"\" width=\"300\" height=\"127\" \/>\n<\/div>\n<p class=\"K-Texte-Centre K-Texte\">Jean Kabuta Mtajamajina Fils-du-Lwalaba<br \/>\nCelui-qui-nomme-les-choses-et-les-concepts<br \/>\nCelui-qui-nomme-les-humains-et-leurs-actions<br \/>\nOn m\u2019appelle aussi Jandhi dans ma nouvelle vie<br \/>\nJe vous salue amis et amies ! Bienvenue \u00e0 vous !<\/p>\n<p class=\"K-Texte-Centre K-Texte\">J\u2019ai r\u00e9cemment \u00e9lu domicile \u00e0 Rimouski-la-Belle<br \/>\nCr\u00e9\u00e9e en 1696 par Ren\u00e9 Lepage de Sainte-Claire<br \/>\nEt situ\u00e9e dans l\u2019estuaire du Fleuve Saint-Laurent<br \/>\nQui relie les 5 Grands Lacs \u00e0 l\u2019Oc\u00e9an Atlantique<br \/>\nEt qu\u2019alimentent des affluents en grand nombre<br \/>\nDont l\u2019Outaouais la Saguenay et la Rimouski<\/p>\n<p class=\"K-Texte-Centre K-Texte\">Je vis combl\u00e9 dans cette Am\u00e9rique du nord<br \/>\n\u00c0 la population constitu\u00e9e d\u2019Autochtones<br \/>\nEt de nouveaux arrivants en provenance<br \/>\nDe l\u2019est de l\u2019ouest du sud et d\u2019ailleurs<br \/>\nArriv\u00e9s avec des h\u00e9ritages multiples<br \/>\nJ\u2019adore ce bel espace arc-en-ciel<br \/>\nO\u00f9 nul ne peut dire \u00e0 un autre :<br \/>\n<span style=\"font-style:italic;\">Fous le camp chez toi !<br \/>\nT\u2019es pas chez toi ici !<\/span><\/p>\n<p class=\"K-Texte-Centre K-Texte\">Entre autres on trouve \u00e0 Rimouski<br \/>\n<span style=\"font-style:italic;\">Demeure-du-Chien<\/span> ou <span style=\"font-style:italic;\">Terre-de-l\u2019Orignal<\/span><br \/>\nPlus d\u2019une merveille touchant \u00e0 la science et \u00e0 la po\u00e9sie :<\/p>\n<p class=\"K-Texte-Centre K-Texte\">L\u2019UQAR ou Universit\u00e9 du Qu\u00e9bec \u00e0 Rimouski foyer du savoir<br \/>\nL\u2019IMQ ou Institut maritime du Qu\u00e9bec \u00e9cole des sp\u00e9cialit\u00e9s navales<br \/>\nLa Cath\u00e9drale Saint-Germain de Rimouski lieu de culte h\u00e9las d\u00e9saffect\u00e9<br \/>\nL\u2019\u00c9KAR ou \u00c9cole du kas\u00e0l\u00e0 de Rimouski qui est le Temple du kas\u00e0l\u00e0<br \/>\nLe parc du Bic le parc Beaus\u00e9jour les \u0153uvres de Langevin des sentiers<br \/>\nEt des couchers du soleil \u00e0 couper le souffle qui embrasent l\u2019horizon<\/p>\n<p class=\"K-Texte-Centre K-Texte\">On trouve aussi \u00e0 Rimouski l\u2019impressionnant <span style=\"font-style:italic;\">Chemin-qui-marche<\/span><br \/>\nQue les riverains appellent <span style=\"font-style:italic;\">La Mer<\/span> Immense-miroir-du-firmament<br \/>\nO\u00f9 se mirent \u00e9blouissants les habitants c\u00e9lestes et leurs myst\u00e8res<br \/>\nSans parler de l\u2019Oie blanche migratrice de l\u2019\u00e9l\u00e9gant grand H\u00e9ron<br \/>\nDe la Bernache du Canada et de tant d\u2019autres esp\u00e8ces de vivants<\/p>\n<p class=\"K-Texte-Centre K-Texte\">La cath\u00e9drale de Rimouski qu\u2019il vous faut visiter<br \/>\nDepuis le Brise-lame le Littoral ou le Rocher-Blanc<br \/>\nDepuis la Promenade la Marina ou l\u2019\u00cele Saint-Barnab\u00e9<br \/>\nC\u2019est celle-l\u00e0 ! C\u2019est cette Mer vaste et habit\u00e9e !<br \/>\nC\u2019est ce sublime qu\u2019il vous faut admirer<br \/>\n\u00c0 mar\u00e9e basse ou \u00e0 mar\u00e9e haute !<\/p>\n<p class=\"K-Texte-Centre K-Texte\">Ah je comprends \u00e0 pr\u00e9sent pourquoi les peuples d\u2019Afrique<br \/>\nConstamment connect\u00e9s \u00e0 l\u2019invisible n\u2019ont pas perdu leur temps<br \/>\n\u00c0 \u00e9riger des b\u00e2tisses gigantesques pour capturer pour emprisonner<br \/>\nLa Poti\u00e8re-Primordiale que les uns appellent Leza Brahman ou Allah<br \/>\nD\u2019autres Imana ou Dieu et qu\u2019aucun nom ne peut r\u00e9ellement nommer !<br \/>\nJe comprends qu\u2019avant d\u2019\u00eatre ferm\u00e9s ces lieux ont toujours \u00e9t\u00e9 vides !<\/p>\n<p class=\"K-Texte-Centre K-Texte\">Rimouski m\u2019appara\u00eet chaque jour comme serait Kamina ma ville natale<br \/>\nApr\u00e8s un si\u00e8cle peut-\u00eatre deux am\u00e9nag\u00e9e \u00e9quip\u00e9e c\u2019est-\u00e0-dire modernis\u00e9e<br \/>\nEncore que pour la vie palpitante des rues habit\u00e9es pour la chaleur humaine<br \/>\nPour les odeurs savoureuses les sauces \u00e9pic\u00e9es et color\u00e9es et autres d\u00e9lices<br \/>\nL\u2019Afrique qui c\u00e9l\u00e8bre la vie en d\u00e9pit des d\u00e9fis sans nombre soit sans \u00e9gale !<br \/>\nRimouski et moi on s\u2019est apprivois\u00e9s et je m\u2019y sens parfaitement chez nous<\/p>\n<p class=\"K-Texte-Centre K-Texte\">Ici je suis entr\u00e9 dans l\u2019inconcevable apr\u00e8s m\u2019\u00eatre lib\u00e9r\u00e9 de mon ancienne vie<br \/>\nCar un jour las de l\u2019absence de sens j\u2019ai r\u00e9pondu au signe de la Grande-main<br \/>\nQui m\u2019avait fait signe une ou deux fois d\u00e9j\u00e0 sans que je n\u2019y pr\u00eate attention<\/p>\n<p class=\"K-Texte-Centre K-Texte\">Elle m\u2019invitait au voyage dans des contr\u00e9es dont je n\u2019avais aucune id\u00e9e<br \/>\nJ\u2019ai dit sans h\u00e9siter un seul instant : <span style=\"font-style:italic;\">Oui je consens J\u2019abandonne tout !<\/span><br \/>\n<span class=\"esp\">J\u2019ai pris la route et je suis arriv\u00e9 \u00e0 Rimouski<\/span><span>Et l\u00e0 j\u2019ai pris mon envol !<\/span><\/p>\n<div class=\"K-Bottom-49\"><\/div>\n<\/p>\n<\/div>\n<div class=\"LK2Separateur\">============================== 76 ====================================<\/div>\n<div id=\"Ressource76\" class=\"LK2Ressource\">\n<p class=\"K-Titre-Centre\">Maam\u00e0 D\u00f4k\u00e0<br \/>\n(extrait)<\/p>\n<p class=\"K-Texte-Centre K-Texte\">Alors que j\u2019avais quelques mois \u00e0 peine<br \/>\nMon p\u00e8re malavis\u00e9 r\u00e9pudia ma m\u00e8re<br \/>\nIl me pla\u00e7a chez Henriette M\u00f9t\u00e0nd\u00e0<br \/>\nMa m\u00e8re ne pouvait plus me voir<\/p>\n<p class=\"K-Texte-Centre K-Texte\">Henriette c\u2019\u00e9tait une amie \u00e0 sa s\u0153ur<br \/>\nElle \u00e9tait sans enfant elle m\u2019accueillit<br \/>\nElle n\u2019\u00e9tait pas tendre loin s\u2019en faut<br \/>\nElle \u00e9tait en col\u00e8re du matin au soir<br \/>\nElle brisait des b\u00e2tons durs sur moi<\/p>\n<p class=\"K-Texte-Centre K-Texte\">Il arrivait qu\u2019Henriette s\u2019absente<br \/>\nDeux femmes venaient me \u201cvoler\u201d<br \/>\nElles me lavaient elles m\u2019huilaient<br \/>\nElles me comblaient de g\u00e2teries<br \/>\nElles me couvraient d\u2019amour<br \/>\nKaay\u00f2wa \u00e9tait l\u2019une d\u2019elles\u00a0!<\/p>\n<p class=\"K-Texte-Centre K-Texte\">A l\u2019\u00e2ge de quatre ans \u00e0 peine<br \/>\nJ\u2019appris \u00e0 fuguer je d\u00e9couvris le foyer<br \/>\nD\u2019o\u00f9 venaient ces personnes au bon c\u0153ur<br \/>\nSi diff\u00e9rentes de celles qui m\u2019entouraient<br \/>\nJe d\u00e9couvris que c\u2019\u00e9tait mes jeunes-m\u00e8res<br \/>\nKaay\u00f2wa Mpwekela \u00e9tait l\u2019une d\u2019elles<\/p>\n<p class=\"K-Texte-Centre K-Texte\">Dans leur maison pleine de lumi\u00e8re<br \/>\nL\u2019on chantait l\u2019on riait tout le temps<br \/>\nL\u2019on racontait de belles histoires<br \/>\nL\u2019on lisait les Saintes Ecritures<br \/>\nJ\u2019ai encore dans mon corps<br \/>\nLa senteur du busa \u00e9pic\u00e9<br \/>\nEt du capitaine fum\u00e9<br \/>\nAu c\u00eclw\u00e0beenyi<\/p>\n<p class=\"K-Texte-Centre K-Texte\">Nous les enfants en grand nombre<br \/>\nOn s\u2019amusait ensemble comme des fous<br \/>\nDu matin au soir on \u00e9tait au grand air<br \/>\nOn cr\u00e9ait des jeux on se chatouillait<br \/>\nOn se laissait g\u00e2ter par les grands<\/p>\n<p class=\"K-Texte-Centre K-Texte\">Dans ma famille maternelle<br \/>\nLa vie \u00e9tait savoureuse<br \/>\nJ\u2019y \u00e9tais heureux<\/p>\n<p class=\"K-Texte-Centre K-Texte\">H\u00e9las les jeunes fr\u00e8res de mon p\u00e8re<br \/>\nPassaient leur triste vie \u00e0 me guetter<br \/>\nD\u00e8s qu\u2019ils le pouvaient ils m\u2019attrapaient<br \/>\nIls me remettaient chez ma mar\u00e2tre<br \/>\nElle me ha\u00efssait elle me maltraitait<br \/>\nD\u00e8s que je le pouvais je refuguais<br \/>\nEt je rejoignais mes m\u00e8res !<\/p>\n<p class=\"K-Texte-Centre K-Texte\">Kaay\u00f2wa Mpwekela Maam\u00e0 D\u00f4k\u00e0<br \/>\nCompagne-de-Dieu-source-de-bont\u00e9<br \/>\nFaisait partie de ce foyer merveilleux<br \/>\nElle est tout un chapitre de ma vie<\/p>\n<div class=\"K-Bottom-50\"><\/div>\n<\/p>\n<\/div>\n<div class=\"LK2Separateur\">============================== 77 ====================================<\/div>\n<div id=\"Ressource77\" class=\"LK2Ressource\">\n<div>\n<p class=\"K-Titre-Centre\">\u00c9TAT DU MONDE<\/p>\n<p class=\"K-Titre-Centre\">Kas\u00e0l\u00e0 pour Ha\u00efti<br \/>\n(Thuy Aur\u00e9lie Nguyen 2016)<\/p>\n<p class=\"K-Texte-Gauche K-Texte\">Je suis Ha\u00efti la belle incandescente<br \/>\nQui jamais ne baisse la t\u00eate<br \/>\nQui toujours se rel\u00e8ve de ses cendres<br \/>\nToujours je chante la joie au c\u0153ur<br \/>\nLes larmes aux yeux<br \/>\nDans la fureur des combats<br \/>\nJe chante je ris je danse<br \/>\nMoi Ha\u00efti la belle incandescente<\/p>\n<p class=\"K-Texte-Gauche K-Texte\">Mes origines sont nombreuses<br \/>\nPar maints tours et d\u00e9tours<br \/>\nElles me ram\u00e8nent<br \/>\n\u00c0 la lointaine et langoureuse Afrique<br \/>\nLa terre f\u00e9conde<br \/>\nO\u00f9 tout a commenc\u00e9<br \/>\nAvant le ventre sans piti\u00e9<br \/>\nDu bateau n\u00e9grier<\/p>\n<p class=\"K-Texte-Gauche K-Texte\">Je suis la descendante de la reine Sarraounia<br \/>\nLa reine-Sorci\u00e8re qui d\u00e9fia les Fran\u00e7ais<br \/>\nEt d\u00e9fendit le village de Lougou<br \/>\nEntour\u00e9e de ses invincibles guerriers<\/p>\n<p class=\"K-Texte-Gauche K-Texte\">Je suis la petite-fille de la Princesse Yenenga<br \/>\nLa femme qui savait parler aux b\u00eates<br \/>\nElle quitta tous les privil\u00e8ges du tr\u00f4ne<br \/>\nPour fonder le royaume des Mossi<br \/>\nPour vivre libre et choisir qui aimer<\/p>\n<p class=\"K-Texte-Gauche K-Texte\">Je suis la digne h\u00e9riti\u00e8re de Mul\u00e2tresse Solitude<br \/>\nCette femme qui combattit pour la libert\u00e9<br \/>\nEt resta debout<br \/>\nJusque dans sa pendaison<\/p>\n<p class=\"K-Texte-Gauche K-Texte\">Je suis la fille du N\u00e8gre Marron<br \/>\nL\u2019esclave rebelle et fugitif<br \/>\nQui rompit ses cha\u00eenes<br \/>\nEt de Toussaint Louverture<br \/>\nL\u2019ancien esclave qui prit la t\u00eate<br \/>\nDe la r\u00e9volte contre les colons fran\u00e7ais<\/p>\n<p class=\"K-Texte-Gauche K-Texte\">Je suis Ha\u00efti<br \/>\nLa premi\u00e8re r\u00e9publique noire ind\u00e9pendante au monde<br \/>\nCelle qui osa se dresser contre tous<br \/>\nEt se r\u00eaver libre<\/p>\n<p class=\"K-Texte-Gauche K-Texte\">Ma langue est riche et m\u00e9tiss\u00e9e<br \/>\nComme l\u2019est mon c\u0153ur<br \/>\nJe parle le cr\u00e9ole<br \/>\nCette langue<br \/>\nForg\u00e9e \u00e0 partir de la langue des oppresseurs<br \/>\nL\u2019espagnol le fran\u00e7ais le portugais<br \/>\nLes langues autochtones des premi\u00e8res nations<br \/>\nLes Ta\u00efnos, les Ciboney<br \/>\nSans oublier les langues africaines<br \/>\nLe yoruba, le bantou, le fon et l\u2019ibo<\/p>\n<p class=\"K-Texte-Gauche K-Texte\">Dans mon sang coulent les mots<br \/>\nD\u2019Amadou Hampat\u00e9 B\u00e2<br \/>\nBirago Diop chuchote \u00e0 mon oreille<br \/>\nLes morts ne sont pas morts<br \/>\nC\u2019est vrai, je vous entends<br \/>\nDans mes r\u00eaves je vois passer<br \/>\nL\u00e9opold S\u00e9dar Senghor<br \/>\nEt avec Aim\u00e9 C\u00e9saire je dis<br \/>\nJe ne passerai pas \u00e0 c\u00f4t\u00e9 de mon cri<\/p>\n<\/div>\n<div class=\"K-Bottom-51\"><\/div>\n<\/p>\n<div style=\"margin-top:4vw;\">\n<p class=\"K-Titre-Centre\">J&rsquo;ai tellement honte<\/p>\n<p class=\"K-Titre-Centre\">1<\/p>\n<p class=\"K-Texte-Gauche K-Texte\">\n<span class=\"esp\">Je m\u2019appelle Dyann Serafica-Donaire<\/span><span>J\u2019avais quitt\u00e9 les Philippines depuis longtemps<\/span><br \/>\n<span class=\"esp\">Nous habitions rue Beauchemin<\/span><span>\u00e0 Mercier sur la Rive-Sud de Montr\u00e9al<\/span><br \/>\n<span class=\"esp\">Je me sentais bien chez nous<\/span><span>J\u2019\u00e9tais m\u00e8re de famille<\/span><br \/>\n<span class=\"esp\">Cuisini\u00e8re de talent<\/span><span>je faisais volontiers des heures suppl\u00e9mentaires<\/span><br \/>\n<span class=\"esp\">Je travaillais \u00e0 la maison de retraite<\/span><span>nomm\u00e9e S\u00e9lection de L\u2019\u00cele-des-S\u0153urs<\/span><br \/>\n<span class=\"esp\">Pour les gens qui m\u2019ont connue<\/span><span>c\u2019est l\u2019incompr\u00e9hension totale<\/span><br \/>\n<span class=\"esp\">Ils disent:<\/span><span style=\"font-style:italic;\">Elle \u00e9tait si g\u00e9n\u00e9reuse si travailleuse<\/span><br \/>\n<span class=\"esp\">On ne pouvait pas ne pas l\u2019aimer<\/span><span>Elle incarnait la joie de vivre<\/span><br \/>\n<span class=\"esp\">On ne l\u2019a jamais vue triste<\/span><span>Elle adorait la vie<\/span><br \/>\n<span class=\"esp\">Ce 17 avril 2021<\/span><span>il m\u2019a tu\u00e9e<\/span><br \/>\n<span class=\"esp\">Je n\u2019avais que 38 ans<\/span><span>Je laisse 4 orphelins<\/span><br \/>\n<span class=\"esp\">Mais pourquoi m\u2019a-t-il tu\u00e9e?<\/span><span>Pourquoi m\u2019a-t-il donc tu\u00e9e?<\/span><\/p>\n<p class=\"K-Texte-Gauche K-Texte\">\n<span class=\"esp\">Je m\u2019appelle Elisapee Angma<\/span><span>Ce 5 f\u00e9vrier 2021<\/span><br \/>\n<span class=\"esp\">Il m\u2019a tu\u00e9e<\/span><span>J\u2019avais 44 ans<\/span><br \/>\n<span class=\"esp\">Puis il s\u2019est tu\u00e9 aussi<\/span><span>Nous laissons un enfant orphelin<\/span><br \/>\n<span class=\"esp\">Mais pourquoi m\u2019a-t-il tu\u00e9e?<\/span><span>Pourquoi m\u2019a-t-il donc tu\u00e9e?<\/span><\/p>\n<p class=\"K-Texte-Gauche K-Texte\">\n<span class=\"esp\">Je m\u2019appelle Marly Edouard<\/span><span>J\u2019\u00e9tais sur le stationnement de mon domicile<\/span><br \/>\n<span class=\"esp\">Ce 21 avril 2021<\/span><span>il m\u2019a abattue d\u2019une balle dans la t\u00eate<\/span><br \/>\n<span class=\"esp\">J\u2019avais \u00e0 peine 32 ans<\/span><span>et toute ma vie devant moi<\/span><br \/>\n<span class=\"esp\">Mais pourquoi m\u2019a-t-il tu\u00e9e?<\/span><span>Pourquoi m\u2019a-t-il donc tu\u00e9e?<\/span><\/p>\n<p class=\"K-Texte-Gauche K-Texte\">\n<span class=\"esp\">Je m\u2019appelle Nancy Roy<\/span><span>Je suis m\u00e8re de deux enfants<\/span><br \/>\n<span class=\"esp\">Il me for\u00e7ait \u00e0 porter<\/span><span>une cagoule et des \u0153ill\u00e8res<\/span><br \/>\n<span class=\"esp\">Je ne pouvais regarder<\/span><span>ni \u00e0 gauche ni \u00e0 droite<\/span><br \/>\n<span class=\"esp\">J\u2019\u00e9tais sa chose il me poss\u00e9dait<\/span><span>Il \u00e9tait mon propri\u00e9taire<\/span><br \/>\n<span class=\"esp\">Nous habitions \u00e0 Saint-Hyacinthe<\/span><span>J\u2019avais tellement peur<\/span><br \/>\n<span class=\"esp\">Ce 23 f\u00e9vrier 2021<\/span><span>il m\u2019a poignard\u00e9e \u00e0 mort<\/span><br \/>\n<span class=\"esp\">Je n\u2019ai pas r\u00e9ussi \u00e0 me d\u00e9fendre<\/span><span>Il \u00e9tait tellement plus fort<\/span><br \/>\n<span class=\"esp\">Pourtant il m\u2019avait ador\u00e9e<\/span><span>Je n\u2019avais que 44 ans<\/span><br \/>\n<span class=\"esp\">Mais pourquoi m\u2019a-t-il tu\u00e9e?<\/span><span>Pourquoi m\u2019a-t-il donc tu\u00e9e?<\/span><\/p>\n<p class=\"K-Texte-Gauche K-Texte\">\n<span class=\"esp\">Je m\u2019appelle Myriam Dallaire<\/span><span>J\u2019avais 28 ans<\/span><br \/>\n<span class=\"esp\">Ma m\u00e8re s\u2019appelle Sylvie Bisson<\/span><span>Elle avait 60 ans<\/span><br \/>\n<span class=\"esp\">Nous habitions \u00e0 Sainte-Sophie<\/span><span>dans les Laurentides<\/span><br \/>\n<span class=\"esp\">Lui et moi on avait un enfant<\/span><span>Ce 1er mars 2021<\/span><br \/>\n<span class=\"esp\">il nous a massacr\u00e9es<\/span><span>avec sa hache<\/span><br \/>\n<span class=\"esp\">Notre jeune enfant reste dans le deuil<\/span><span>Pourquoi a-t-il tu\u00e9 ma m\u00e8re?<\/span><br \/>\n<span class=\"esp\">Mais pourquoi m\u2019a-t-il tu\u00e9e?<\/span><span>Pourquoi nous-a-t-il donc tu\u00e9es?<\/span><\/p>\n<p class=\"K-Texte-Gauche K-Texte\">\n<span class=\"esp\">Je m\u2019appelle Carolyne Labont\u00e9<\/span><span>J&rsquo;habite avec mon conjoint<\/span><br \/>\n<span class=\"esp\">\u00e0 Notre-Dame-des-Monts<\/span><span>dans la r\u00e9gion de Charlevoix<\/span><br \/>\n<span class=\"esp\">Le 18 mars 2021<\/span><span>il m\u2019a tu\u00e9e<\/span><br \/>\n<span class=\"esp\">J\u2019avais \u00e0 peine 40 ans<\/span><span>Je commen\u00e7ais \u00e0 me poser<\/span><br \/>\n<span class=\"esp\">Mais pourquoi m\u2019a-t-il tu\u00e9e?<\/span><span>Pourquoi m\u2019a-t-il donc tu\u00e9e?<\/span><\/p>\n<p class=\"K-Texte-Gauche K-Texte\">\n<span class=\"esp\">Je m\u2019appelle Nad\u00e8ge Jolic\u0153ur<\/span><span>Le 19 mars 2021<\/span><br \/>\n<span class=\"esp\">Mon conjoint m\u2019a poignard\u00e9e \u00e0 mort<\/span><span>Puis il s\u2019est poignard\u00e9 aussi<\/span><br \/>\n<span class=\"esp\">J\u2019avais 40 ans<\/span><span>Nous laissons 5 enfants dans le deuil<\/span><br \/>\n<span class=\"esp\">Mais pourquoi m\u2019a-t-il tu\u00e9e?<\/span><span>Pourquoi m\u2019a-t-il donc tu\u00e9e?<\/span><\/p>\n<p class=\"K-Texte-Gauche K-Texte\">\n<span class=\"esp\">Je suis Rebekah Harry<\/span><span>Nous habitions \u00e0 LaSalle<\/span><br \/>\n<span class=\"esp\">Ce 23 mars<\/span><span>il m\u2019a battue sauvagement<\/span><br \/>\n<span class=\"esp\">\u00e0 coups de poings<\/span><span>jusqu\u2019\u00e0 ce que je perde la vie!<\/span><br \/>\n<span class=\"esp\">Pourtant nous nous \u00e9tions aim\u00e9s<\/span><span>J\u2019avais \u00e0 peine 29 ans<\/span><br \/>\n<span class=\"esp\">J\u2019avais toute ma vie devant moi<\/span><span>Je laisse un jeune gar\u00e7on orphelin<\/span><br \/>\n<span class=\"esp\">Mais pourquoi m\u2019a-t-il tu\u00e9e?<\/span><span>Pourquoi m\u2019a-t-il donc tu\u00e9e?<\/span><\/p>\n<p class=\"K-Texte-Gauche K-Texte\">\n<span class=\"esp\">Je m\u2019appelle Kataluk Paningayak<\/span><span>Nous vivions \u00e0 Ivujivik<\/span><br \/>\n<span class=\"esp\">J\u2019avais 43 ans<\/span><span>J\u2019\u00e9tais m\u00e8re de famille<\/span><br \/>\n<span class=\"esp\">Ce 25 mars 2021<\/span><span>mon conjoint m\u2019a tu\u00e9e<\/span><br \/>\n<span class=\"esp\">Puis il s\u2019est tu\u00e9<\/span><span>Nous laissons six enfants orphelins<\/span><br \/>\n<span class=\"esp\">Mais pourquoi m\u2019a-t-il tu\u00e9e?<\/span><span>Pourquoi m\u2019a-t-il donc tu\u00e9e?<\/span><\/p>\n<p class=\"K-Titre-Centre\">2<\/p>\n<p class=\"K-Texte-Gauche K-Texte\">\n<span class=\"esp\">En 4 mois<\/span><span>10 femmes liquid\u00e9es<\/span><br \/>\n<span class=\"esp\">par leur conjoint<\/span><span>ou ex-conjoint<\/span><br \/>\n<span class=\"esp\">10 femmes mortes<\/span><span>aux mains d\u2019un homme<\/span><br \/>\n<span class=\"esp\">dans la seule province<\/span><span>du Qu\u00e9bec<\/span><\/p>\n<p class=\"K-Texte-Gauche K-Texte\">\n<span class=\"esp\">On n\u2019ose penser<\/span><span>aux chiffres du Canada<\/span><br \/>\n<span class=\"esp\">et de l\u2019Am\u00e9rique enti\u00e8re<\/span><span>et de la plan\u00e8te!<\/span><\/p>\n<\/div>\n<div class=\"K-Bottom-52\"><\/div>\n<\/p>\n<div style=\"margin-top:4vw;\">\n<p class=\"K-Titre-Centre\">R\u00e9chauffement climatique\u00a0:<br \/>\nLa Militante<\/p>\n<p class=\"K-Texte-Centre K-Texte\">\n<span class=\"esp\">R\u00e9chauffement climatique<\/span><span>Ce n\u2019est pas une invention<\/span><br \/>\n<span class=\"esp\">Voici l\u2019urgence aujourd\u2019hui\u00a0:<\/span><span>\u00e9conomie sans carbone<\/span><br \/>\n<span class=\"esp\">et sans \u00e9nergies fossiles<\/span><span>et autres trucs polluants<\/span><br \/>\n<span class=\"esp\">Changer radicalement<\/span><span>nos fa\u00e7ons de consommer !<\/span><\/p>\n<p class=\"K-Texte-Centre K-Texte\">\n<span class=\"esp\">H\u00e9 adultes arrogants<\/span><span>vous m\u2019avez donn\u00e9 la vie<\/span><br \/>\n<span class=\"esp\">comme vous l\u2019avez re\u00e7ue<\/span><span>de ceux qui vous ont voulus<\/span><br \/>\n<span class=\"esp\">En d\u00e9truisant le climat<\/span><span>vous me volez mon futur<\/span><br \/>\n<span class=\"esp\">Il est temps de s\u2019arr\u00eater<\/span><span>pour sauvegarder la Vie<\/span><\/p>\n<p class=\"K-Texte-Centre K-Texte\">\n<span class=\"esp\">Vous ne faites que tricher<\/span><span>Seul compte pour vous le gain<\/span><br \/>\n<span class=\"esp\">Il faut penser autrement<\/span><span>sauver l\u2019environnement<\/span><br \/>\n<span class=\"esp\">et partager les ressources<\/span><span>Jeunesse du monde entier<\/span><br \/>\n<span class=\"esp\">unissons-nous protestons<\/span><span>avant qu\u2019il ne soit trop tard !<\/span><\/p>\n<p class=\"K-Texte-Centre K-Texte\">\n<span class=\"esp\">On n\u2019est jamais trop petit<\/span><span>pour faire de grandes choses<\/span><br \/>\n<span class=\"esp\">C\u2019est ce qu\u2019illustre Greta<\/span><span>jeune Activiste-en-col\u00e8re<\/span><br \/>\n<span class=\"esp\">Fille-pr\u00e9coce-d\u2019artistes<\/span><span>qui r\u00e9veille les consciences<\/span><br \/>\n<span class=\"esp\">qui fait bouger la plan\u00e8te<\/span><span>et nous rend l\u2019espoir perdu<\/span><\/p>\n<p class=\"K-Texte-Centre K-Texte\">\n<span class=\"esp\">En gr\u00e8ve pour le climat<\/span><span>elle sillonne le monde<\/span><br \/>\n<span class=\"esp\">rencontre des sommit\u00e9s<\/span><span>et provoque des d\u00e9bats<\/span><br \/>\n<span class=\"esp\">Pour soutenir son action<\/span><span>des prix pleuvent de partout<\/span><br \/>\n<span class=\"esp\">qu\u2019elle refuse ou partage<\/span><span>souveraine dans ses choix<\/span><\/p>\n<p class=\"K-Texte-Centre K-Texte\">\n<span class=\"esp\">Nelloptodes Gretae<\/span><span>c\u2019est le nom du scarab\u00e9e<\/span><br \/>\n<span class=\"esp\">que vient d\u2019identifier<\/span><span>le chercheur Michael Darby<\/span><br \/>\n<span class=\"esp\">\u00c0 d\u00e9faut du prix Nobel<\/span><span>figurer parmi les phares<\/span><br \/>\n<span class=\"esp\">qui illuminent la route<\/span><span>vers un futur rassurant<\/span><\/p>\n<p class=\"K-Texte-Centre K-Texte\">\n<span class=\"esp\">Car ce qui compte vraiment<\/span><span>c\u2019est plus que ma seule vie<\/span><br \/>\n<span class=\"esp\">C\u2019est la vie qui me d\u00e9borde<\/span><span>qui palpite en tout Vivant<\/span><br \/>\n<span class=\"esp\">Ce qui m\u2019\u00e9meut et me meut<\/span><span>c\u2019est le ph\u00e9nom\u00e8ne vie<\/span><br \/>\n<span class=\"esp\">qui impr\u00e8gne la Nature<\/span><span>le visible et l\u2019invisible<\/span><\/p>\n<\/div>\n<div class=\"K-Bottom-53\"><\/div>\n<\/p>\n<div style=\"margin-top:4vw;\">\n<p class=\"K-Titre-Centre\">Le six avril<\/p>\n<p class=\"K-Texte-Gauche K-Texte\">Mois d&rsquo;avril cet horrible mois<br \/>\nL&rsquo;on croyait le monstre d\u00e9funt<br \/>\nApr\u00e8s la traite apr\u00e8s Auschwitz<br \/>\nL&rsquo;on r\u00eavait l&rsquo;on disait tout haut<br \/>\nDiable est mort il n&rsquo;existe pas<\/p>\n<p class=\"K-Texte-Gauche K-Texte\">Le six avril quatre-vingt-quatorze<br \/>\nL\u2019avion pr\u00e9sidentiel est abattu<br \/>\nSeul rescap\u00e9 un monstre<br \/>\nUn monstre surgi des Grands-lacs<br \/>\nIl tranche les jambes et les t\u00eates<br \/>\nIl coupe tout ce qui d\u00e9passe<br \/>\nIl sectionne les troncs \u00e9lagu\u00e9s<br \/>\nIl prend de longs b\u00e2tons pointus<br \/>\nIl enfile la chair humaine<br \/>\nIl brandit victorieux ses troph\u00e9es<br \/>\nIl les jette dans la rivi\u00e8re<\/p>\n<p class=\"K-Texte-Gauche K-Texte\">Le monstre anime les milices<br \/>\nAppel\u00e9es Interhamwe et Impuzamugambi<br \/>\nEt assist\u00e9es des FAR<sup> 9<\/sup> et du reste de la population<\/p>\n<p class=\"K-Texte-Gauche K-Texte\">\n<span class=\"esp\">Les m\u00e8res percent<\/span><span>les yeux de leurs fils<\/span><br \/>\n<span class=\"esp\">Les p\u00e8res brisent<\/span><span>les os de leurs filles<\/span><br \/>\nLes uns sont br\u00fbl\u00e9s les autres enterr\u00e9s vifs<br \/>\nDans chaque flacon dans chaque r\u00e9cipient du poison<br \/>\nPour empoisonner la soeur le neveu la tante<br \/>\nPartout la fum\u00e9e suffocante et le feu ardent<br \/>\n<span class=\"esp\">Sous chaque pas<\/span><span>des mines nerveuses<\/span><br \/>\n<span class=\"esp\">Dans chaque maison<\/span><span>des objets tranchants<\/span><br \/>\nDestin\u00e9s \u00e0 hacher la m\u00e8re la vieille grand-m\u00e8re<br \/>\nDans chaque chambre des machettes brillantes<br \/>\nDestin\u00e9es \u00e0 d\u00e9capiter les voisins devenus ennemis<br \/>\n<span class=\"esp\">Des machettes flambant neuves<\/span><span>offertes par P\u00e9kin<\/span><br \/>\n<span class=\"esp\">Des grenades<\/span><span>offertes par Paris Bruxelles Pr\u00e9toria<\/span><br \/>\n<span class=\"esp\">Et des b\u00e2tons clout\u00e9s<\/span><span>et des marteaux<\/span><span>et des couteaux<\/span><br \/>\nPour d\u00e9molir broyer l&rsquo;autre Celui-qui-est-diff\u00e9rent<\/p>\n<p class=\"K-Texte-Gauche K-Texte\">Quelque Hutu t\u00e9m\u00e9raire ose se rebeller<br \/>\nContre la haine soudaine la d\u00e9raison meurti\u00e8re<br \/>\nSit\u00f4t il est d\u00e9chiquet\u00e9 et d\u00e9vor\u00e9 froidement<br \/>\nQuelque autre est simplement soup\u00e7onn\u00e9 de connivence<\/p>\n<p class=\"K-Texte-Gauche K-Texte\">Il est livr\u00e9 aux b\u00eates et insectes carnivores<br \/>\nDes Hutu sans nombre assassin\u00e9s qui refusent d&rsquo;ob\u00e9ir<\/p>\n<p class=\"K-Texte-Gauche K-Texte\">Le Monstre sans \u00e2me du haut de ses Mille Collines<br \/>\nHurle \u00e0 travers les ondes \u00e9lectromagn\u00e9tiques<br \/>\nScande des injures contre les damn\u00e9s sans armes<br \/>\nIl exhorte les milices  et chante leur bravoure<br \/>\nVaillant guerrier Fils-de-l&rsquo;intr\u00e9pide Fils-du-sanguinaire<\/p>\n<p class=\"K-Texte-Gauche K-Texte\">L&rsquo;heure est venue de te venger Hutu Power\u00a0!<br \/>\nDes tueurs aux yeux rouges au verbe br\u00fblant<br \/>\nDebout sur des enfants des femmes fra\u00eechement tu\u00e9s<br \/>\nR\u00e9citent des autopan\u00e9gyriques enflamm\u00e9s<br \/>\nJe suis le Lion-irascible-aux-canines-ac\u00e9r\u00e9es<br \/>\nMoi Fils-du-Sanglant-race-des-seigneurs<br \/>\nLorsque j&rsquo;apparais avec mon javelot le Col\u00e9reux<br \/>\nCelui-qui-ne-rate-jamais-sa-cible Fils-du-Vainqueur<br \/>\nL&rsquo;ennemi apeur\u00e9 atterr\u00e9 lib\u00e8re sa vessie ses intestins<br \/>\nJe coupe son sexe ses seins je le liquide avec sang-froid<br \/>\nA Gikongoro j&rsquo;ai abattu courageusement vingt mille Tutsi<br \/>\nA Kigali j&rsquo;ai \u00e9trangl\u00e9 six cent seize nourrissons<br \/>\nMoi h\u00e9ros-incontest\u00e9-aux-visc\u00e8res-p\u00e9trifi\u00e9es<\/p>\n<p class=\"K-Texte-Gauche K-Texte\">Des raids \u00e0 toute heure  des obus \u00e0 chaque minute<br \/>\nDes projectiles volent en tous sens sans arr\u00eat<br \/>\nComme l&rsquo;on r\u00eave de dormir une nuit compl\u00e8te<br \/>\nSans l&rsquo;angoisse sans la hantise de la mort<\/p>\n<p class=\"K-Texte-Note K-Texte\"><sup>9 <\/sup> Forces arm\u00e9es rwandaises.<\/p>\n<\/div>\n<div class=\"K-Bottom-54\"><\/div>\n<\/p>\n<\/div>\n<div class=\"LK2Separateur\">============================== a1 ====================================<\/div>\n<div id=\"Ressourcea1\" class=\"LK2Ressource\">\n<div class=\"K-Image-Centre-Large\"><img loading=\"lazy\" decoding=\"async\" src=\"http:\/\/www.landrea.net\/wp-content\/uploads\/Lukasa-a1-Image.png\" alt=\"\" width=\"300\" height=\"234\" \/>\n<\/div>\n<p class=\"K-Titre-Centre\">Kas\u00e0l\u00e0 pour les noces de<br \/>\nNdaay\u00e0 Kabuta et Cl\u00e9ment Couvreur<\/p>\n<p class=\"K-Texte-Gauche K-Texte\">Ndaay\u00e0 S\u00e2l\u00e0 Mw\u00e2 Kabuta Promesse-Joyeuse<br \/>\nNdaay\u00e0 la Rouge ma fille bien-aim\u00e9e<br \/>\nPetite-s\u0153ur de Nt\u00f9mb\u00e0 C\u00ecbaad\u00eck\u00f2ngu M\u00e9t\u00e9ore-Riant<br \/>\nGrande-s\u0153ur ch\u00e9rie de Lel\u00e0\u00e0y\u00ec Mbiiy\u00e8 l\u2019Intr\u00e9pide<br \/>\nEt de Kambal\u00e0 Sola Ngalula qu\u2019on appelle aussi Mandela<br \/>\nM\u00e8re de Noah le Loquace et de Soan l\u2019Admirable<br \/>\n\u00c9pouse de Cl\u00e9ment Couvreur le Bienveillant<\/p>\n<p class=\"K-Texte-Gauche K-Texte\">Au nom de l\u2019autre Ndaay\u00e0 dont tu portes le nom insigne<br \/>\nQui \u00e9tait fille de Cimbu Ann\u00e0 Mw\u00e2 Kab\u00e0mb\u00e0<br \/>\nEt de Luf\u00f9lw\u00e0b\u00f2 Simon le mukw\u00e0 Kalonji mwena Kalenda<br \/>\nFemme de grande intelligence et de grande beaut\u00e9<br \/>\nGrand-Ma\u00eetre qui cultiva le chant et l\u2019amour au sein des siens<br \/>\nS\u0153ur de l\u2019illustre Luf\u00f9lw\u00e0b\u00f2 Paul Kab\u00e0mb\u00e0 dit Camplimbar<br \/>\nEt d\u2019un grand nombre d\u2019autres \u00eatres remarquables<br \/>\nCelle dont de nombreux hommes se disputaient le c\u0153ur<br \/>\nTa grand-m\u00e8re paternelle qui te d\u00e9sira de toutes ses forces<br \/>\nPriant Dieu sans rel\u00e2che pour que tu vinsses au monde<br \/>\nVoyant que longtemps apr\u00e8s la naissance de ta s\u0153ur Nt\u00f9mb\u00e0<br \/>\nNous tes parents semblions nous contenter d\u2019elle seule<\/p>\n<p class=\"K-Texte-Gauche K-Texte\">Au nom de ton grand-p\u00e8re paternel Kambal\u00e0 Cik\u00e8ng\u00e8l\u00e8 Ambroise<br \/>\nFr\u00e8re de Bw\u00e0n\u00e0 Kab\u00e0mb\u00e0 de K\u00e0ny\u00e0m\u00e0 Stanis et de tant d\u2019autres<\/p>\n<p class=\"K-Texte-Gauche K-Texte\">Au nom de Citenga Nt\u00e2mbw\u00e0 ton arri\u00e8re-grand-p\u00e8re<br \/>\nLe Mukw\u00e0 Ndoba mwena Mpwanga mwena Cimbaayi aux yeux de lumi\u00e8re<\/p>\n<p class=\"K-Texte-Gauche K-Texte\">Au nom de Nt\u00f9mb\u00e0 Cibaadikongu wa Kaamudimba<br \/>\nTa sagace arri\u00e8re-grand-m\u00e8re qui rendait justice \u00e0 Kap\u00e0l\u00e0<\/p>\n<p class=\"K-Texte-Gauche K-Texte\">Au nom de Mudioko Yakalo Flauribert ton grand-p\u00e8re maternel<br \/>\nDistributeur renomm\u00e9 qui distribuait aux citoyens la terre pr\u00e9cieuse<br \/>\nEt de Lel\u00e0\u00e0y\u00ec Elisabeth ta grand-m\u00e8re maternelle<br \/>\nFemme de Dieu connue pour son hospitalit\u00e9<\/p>\n<p class=\"K-Texte-Gauche K-Texte\">Au nom de Sidonie Claudine Kikangala l\u2019El\u00e9gante<br \/>\nCelle qui r\u00e9siste au temps et qui te donna la vie<br \/>\nEt au nom de celles et ceux qui font partie de son escorte<\/p>\n<div class=\"K-Bottom-55\"><\/div>\n<\/p>\n<\/div>\n<div class=\"LK2Separateur\">============================== a2 ====================================<\/div>\n<div id=\"Ressourcea2\" class=\"LK2Ressource\">\n<p class=\"K-Titre-Centre\">\u00c9change avec un inconnu<\/p>\n<p class=\"K-Titre-Centre\">1<\/p>\n<p class=\"K-Texte-Gauche K-Texte\">\n<span class=\"esp\">Me voici Kabuta-wa-Ndaay\u00e0 L\u2019\u00c9ph\u00e9m\u00e8re<\/span><span>Contingence surgie dans la vie fragile<\/span><br \/>\n<span class=\"esp\">Selon je ne sais quel algorithme<\/span><span>Tant\u00f4t attentif tant\u00f4t distrait<\/span><br \/>\n<span class=\"esp\">Je pourrais dispara\u00eetre<\/span><span>d\u2019un moment \u00e0 l\u2019autre<\/span><br \/>\n<span class=\"esp\">Et regagner le Silence<\/span><span>dont je suis issu<\/span><br \/>\n<span class=\"esp\">Je pourrais en un clin d\u2019\u0153il<\/span><span>quitter la vie aventure ph\u00e9nom\u00e9nale<\/span><br \/>\n<span class=\"esp\">Et me r\u00e9duire \u00e0 quelques traces<\/span><span>\u00e0 travers des mots \u00e9pars dits noms po\u00e9tiques<\/span><br \/>\n<span class=\"esp\">J\u2019ai la facult\u00e9 de m\u2019incarner et de me d\u00e9sincarner<\/span><span>\u00e0 tout instant<\/span><\/p>\n<p class=\"K-Texte-Gauche K-Texte\">\n<span class=\"esp\">Voici quelques \u00e9v\u00e9nements<\/span><span>survenus entre le 8 et le 12 ao\u00fbt 2021<\/span><br \/>\n<span class=\"esp\">Et qui montrent la vie<\/span><span>dans ce qu\u2019elle a de plus inattendu de plus surprenant   <\/span><\/p>\n<p class=\"K-Texte-Centre K-Texte\">\n<span class=\"esp\">Je d\u00e9die ces mots<\/span><span>\u00e0 Madeleine Timmermans la Sage-Femme<\/span><br \/>\n<span class=\"esp\">S\u0153ur de la for\u00eat et des rivi\u00e8res<\/span><span>ni\u00e8ce des saumons et des cerfs<\/span><br \/>\n<span class=\"esp\">La Vivante exemplaire<\/span><span>Celle-qui-se-laisse-modeler-par-la-po\u00e9sie<\/span><br \/>\n<span class=\"esp\">Celle qui sait que la vie<\/span><span>quelle que soit sa dur\u00e9e et son support<\/span><br \/>\n<span class=\"esp\">M\u00e9rite d\u2019\u00eatre v\u00e9cue arros\u00e9e et a\u00e9r\u00e9e<\/span><span>renforc\u00e9e et c\u00e9l\u00e9br\u00e9e<\/span><\/p>\n<p class=\"K-Texte-Gauche K-Texte\">\n<span class=\"esp\">C\u2019est le soir d\u2019une superbe journ\u00e9e estivale<\/span><span>Je termine ma marche quotidienne<\/span><br \/>\n<span class=\"esp\">Le long du fleuve et de la rivi\u00e8re fraternels<\/span><span>v\u00e9ritables b\u00e9n\u00e9dictions pour l\u2019\u00e2me<\/span><br \/>\n<span class=\"esp\">Qu\u2019ils sont fortun\u00e9s les Rimouskois<\/span><span>d\u2019\u00eatre si bien entour\u00e9s si bien port\u00e9s !<\/span><\/p>\n<p class=\"K-Texte-Gauche K-Texte\">\n<span class=\"esp\">Je m&rsquo;appr\u00eate \u00e0 traverser la chauss\u00e9e<\/span><span>J\u2019attends que les feux m\u2019y autorisent<\/span><br \/>\n<span class=\"esp\">Un homme d\u2019environ 70 ans arrive<\/span><span>Nous nous saluons<\/span><br \/>\n<span class=\"esp\">Il me dit<\/span><span>en appuyant sur le dernier mot :<\/span><br \/>\n<span class=\"esp\">\u00ab\u00a0Vous \u00eates BEAU !  Vous \u00eates BEAU !\u00a0\u00bb<\/span><span>Je suis surpris<\/span><br \/>\n<span class=\"esp\">Nous \u00e9changeons juste deux ou trois mots<\/span><span>le temps de traverser la chauss\u00e9e<\/span><br \/>\n<span class=\"esp\">C\u2019est-\u00e0-dire une quinzaine de secondes !<\/span><span>Une fois sur l\u2019autre trottoir<\/span><br \/>\n<span class=\"esp\">L\u2019inconnu intriguant<\/span><span>continue son chemin et moi le mien !<\/span><\/p>\n<p class=\"K-Texte-Gauche K-Texte\">\n<span class=\"esp\">Je m&rsquo;examine pendant plusieurs minutes<\/span><span>Je ne vois pas ce qu&rsquo;il lui semble si beau<\/span><br \/>\n<span class=\"esp\">Je ne trouve rien de sp\u00e9cial \u00e0 mon sujet :<\/span><span>Je suis habill\u00e9 comme tout le monde<\/span><br \/>\n<span class=\"esp\">Je subis comme tout le monde l\u2019agression du temps !<\/span><span>Je finis par me dire\u00a0:<\/span><br \/>\n<span class=\"esp\">\u00ab\u00a0Ce ne peut \u00eatre que mon visage\u00a0\u00bb<\/span><span>Justement je ne peux le voir moi-m\u00eame<\/span><br \/>\n<span class=\"esp\">Le meilleur miroir du monde<\/span><span>ne saurait jamais me le montrer r\u00e9ellement !<\/span><\/p>\n<p class=\"K-Texte-Gauche K-Texte\">\n<span class=\"esp\">Quelle exp\u00e9rience !<\/span><span>C&rsquo;est donc l&rsquo;autre qui m&rsquo;informe sur moi-m\u00eame !<\/span><br \/>\n<span class=\"esp\">C\u2019est l\u2019autre qui me r\u00e9v\u00e8le \u00e0 moi-m\u00eame !<\/span><span>Et de me rem\u00e9morer ce proverbe bantu\u00a0:<\/span><br \/>\n<span class=\"esp\">\u00ab\u00a0Umuntu ngumuntu ngabantu\u00a0\u00bb<\/span><span>Je n\u2019existe que par la m\u00e9diation de l\u2019autre<\/span><br \/>\n<span class=\"esp\">Autrement dit<\/span><span>l\u2019autre est t\u00e9moin de mon existence !<\/span><br \/>\n<span class=\"esp\">\u00c0 ma naissance il me donne un nom<\/span><span>pour attester que j\u2019existe<\/span><\/p>\n<p class=\"K-Texte-Gauche K-Texte\">\n<span class=\"esp\">Quant \u00e0 moi je le crois<\/span><span>Je consens \u00e0 lui faire confiance !<\/span><br \/>\n<span class=\"esp\">Je per\u00e7ois chez lui une invitation bienveillante<\/span><span>\u00e0 \u00eatre fid\u00e8le \u00e0 ce qui transpara\u00eet<\/span><br \/>\n<span class=\"esp\">L\u2019invitation \u00e0 prendre soin de ce qui me d\u00e9passe<\/span><span>J&rsquo;accepte la responsabilit\u00e9<\/span><br \/>\n<span class=\"esp\">D&rsquo;h\u00e9berger cette pr\u00e9sence<\/span><span>plus grande que moi<\/span><br \/>\n<span class=\"esp\">Ce passant fait de moi un mod\u00e8le de beaut\u00e9<\/span><span>Il fait un id\u00e9al de l\u2019\u00eatre que je suis !<\/span><\/p>\n<div class=\"K-Bottom-56\"><\/div>\n<\/p>\n<\/div>\n<div class=\"LK2Separateur\">============================== a3 ====================================<\/div>\n<div id=\"Ressourcea3\" class=\"LK2Ressource\">\n<p class=\"K-Titre-Centre\">Baobab-volant<\/p>\n<div class=\"K-Image-Centre\"><img loading=\"lazy\" decoding=\"async\" src=\"http:\/\/www.landrea.net\/wp-content\/uploads\/Lukasa-a3-Image-300x225.png\" alt=\"\" width=\"300\" height=\"225\"  \/>\n<\/div>\n<p class=\"K-Texte-Centre K-Texte\">\n<span class=\"esp\">\u00c0 peine n\u00e9 l\u2019enfant subit<\/span><span>des agressions tous azimuts<\/span><br \/>\n<span class=\"esp\">Et la famille et les petits \u00e9crans<\/span><span>se liguent pour l\u2019affubler<\/span><br \/>\n<span class=\"esp\">D\u2019armures et de croyances<\/span><span>de mani\u00e8res et d\u2019orni\u00e8res<\/span><br \/>\n<span class=\"esp\">Bient\u00f4t il entreprend<\/span><span>de se d\u00e9serter de soi-m\u00eame<\/span><\/p>\n<p class=\"K-Texte-Centre K-Texte\">\n<span class=\"esp\">Il grandit en entretenant<\/span><span>les r\u00eaves des autres<\/span><br \/>\n<span class=\"esp\">Il d\u00e9teste sa demeure<\/span><span>pour convoiter celle du voisin<\/span><br \/>\n<span class=\"esp\">Il se d\u00e9serte de soi<\/span><span>et ne reconna\u00eet plus que le visible<\/span><br \/>\n<span class=\"esp\">Il n\u2019entend plus son \u00e2me<\/span><span>ni son c\u0153ur ni son corps<\/span><\/p>\n<p class=\"K-Texte-Centre K-Texte\">\n<span class=\"esp\">Il oublie que cette vie est accord\u00e9e<\/span><span>une seule fois<\/span><br \/>\n<span class=\"esp\">Il oublie qu\u2019il est l\u2019artisan<\/span><span>de son paradis ou son enfer<\/span><br \/>\n<span class=\"esp\">Il oublie son aptitude<\/span><span>\u00e0 se r\u00e9g\u00e9n\u00e9rer et \u00e0 voler<\/span><br \/>\n<span class=\"esp\">Il oublie sa noblesse<\/span><span>et son essence divine<\/span><\/p>\n<p class=\"K-Texte-Centre K-Texte\">\n<span class=\"esp\">Par bonheur il existe des \u00e9coles<\/span><span>o\u00f9 l\u2019on se d\u00e9s\u00e9duque<\/span><br \/>\n<span class=\"esp\">L\u2019on y apprend la d\u00e9sob\u00e9issance<\/span><span>l\u2019audace la lenteur le jeu<\/span><br \/>\n<span class=\"esp\">Ainsi que l\u2019art de se d\u00e9lester<\/span><span>de pesanteurs et de soi<\/span><br \/>\n<span class=\"esp\">L\u2019on y apprend \u00e0 voyager<\/span><span>nu et sans valises<\/span><\/p>\n<p class=\"K-Texte-Centre K-Texte\">\n<span class=\"esp\">L\u2019on y apprend aussi \u00e0 \u00e9couter<\/span><span>sa propre voix<\/span><br \/>\n<span class=\"esp\">Et l\u2019on s\u2019entra\u00eene \u00e0 tracer<\/span><span>son propre chemin<\/span><br \/>\n<span class=\"esp\">L\u2019on retrouve son nom<\/span><span>et sa propre signature<\/span><br \/>\n<span class=\"esp\">Ainsi l\u2019on contribue<\/span><span>\u00e0 sa propre cr\u00e9ation<\/span><\/p>\n<p class=\"K-Texte-Centre K-Texte\">\n<span class=\"esp\">Le ficus pousse gentiment<\/span><span>autour d\u2019un arbre<\/span><br \/>\n<span class=\"esp\">Alors qu\u2019il semblait le prot\u00e9ger<\/span><span>il finit par l\u2019\u00e9trangler<\/span><br \/>\n<span class=\"esp\">Un seul arbre r\u00e9siste au ficus \u00e9trangleur\u00a0:<\/span><span>le baobab<\/span><br \/>\n<span class=\"esp\">Je suis Baobab-<\/span><span>que-nul-n\u2019encercle-ni-n\u2019\u00e9touffe<\/span><\/p>\n<p class=\"K-Texte-Centre K-Texte\">\n<span class=\"esp\">Je suis bien enracin\u00e9 dans le sol<\/span><span>et bien accroch\u00e9 au ciel<\/span><br \/>\n<span class=\"esp\">Le temps qui terrifie l\u2019homme ordinaire<\/span><span>est mon alli\u00e9 loyal<\/span><br \/>\n<span class=\"esp\">Rien ne m\u2019\u00e9branle\u00a0!<\/span><span>J\u2019ai de l\u2019\u00e9nergie vitale \u00e0 revendre\u00a0!<\/span><br \/>\n<span class=\"esp\">J\u2019\u00e9volue dans le visible<\/span><span>comme dans l\u2019invisible\u2026<\/span><\/p>\n<p class=\"K-Texte-Centre K-Texte\">\n<span class=\"esp\">L\u00e0 o\u00f9 mes feuilles se muent en ailes<\/span><span>et je deviens Oiseau<\/span><br \/>\n<span class=\"esp\">Je m\u2019envole et gagne l\u2019impens\u00e9<\/span><span>sur l\u2019autre rive de l\u2019oc\u00e9an<\/span><br \/>\n<span class=\"esp\">L\u00e0 o\u00f9 je deviens Homard-<\/span><span>s\u00e9cr\u00e9teur-de-t\u00e9lom\u00e9rase<\/span><br \/>\n<span class=\"esp\">Et me renouvelle<\/span><span>et savoure l\u2019immortalit\u00e9<\/span><\/p>\n<p class=\"K-Texte-Centre K-Texte\">\n<span class=\"esp\">Homme d\u2019action je n\u2019ai pas quitt\u00e9<\/span><span>ma chaleureuse Afrique<\/span><br \/>\n<span class=\"esp\">Je ne suis pas venu<\/span><span>dans l\u2019Am\u00e9rique du nord aux hivers cuisants<\/span><br \/>\n<span class=\"esp\">Pour jouer au golf pour regarder la t\u00e9l\u00e9<\/span><span>pour manger la poutine<\/span><br \/>\n<span class=\"esp\">Je suis venu proposer<\/span><span>d\u2019autres mani\u00e8res d\u2019\u00eatre au monde<\/span><\/p>\n<p class=\"K-Texte-Centre K-Texte\">\n<span class=\"esp\">Homard-\u00e0-la-pince-coupante<\/span><span>je coupe les amarres au connu<\/span><br \/>\n<span class=\"esp\">Porteur d\u2019un autre h\u00e9ritage<\/span><span>je viens renouveler les traditions<\/span><br \/>\n<span class=\"esp\">Ma vie est faite de spectacles<\/span><span>de rythmes et d\u2019oscillations\u00a0:<\/span><br \/>\n<span class=\"esp\">De sons d\u2019images d\u2019\u00e9chos de reflets<\/span><span>de mon rythme intime<\/span><\/p>\n<p class=\"K-Texte-Centre K-Texte\">\n<span class=\"esp\">J\u2019ai fait de ma vie<\/span><span>une succession discontinue de vastitudes\u00a0:<\/span><br \/>\n<span class=\"esp\">Le h\u00e9ron blanc en vrikshasana<\/span><span>ou en vol dans le ciel ouvert<\/span><br \/>\n<span class=\"esp\">Cette toile de Chrystel Robin<\/span><span>qui ouvre sur l\u2019incommensurable<\/span><br \/>\n<span class=\"esp\">Ces musiques venues d\u2019ailleurs<\/span><span>qui m\u2019\u00e9merveillent tant\u00a0!<\/span><\/p>\n<p class=\"K-Texte-Centre K-Texte\">\n<span class=\"esp\">Ces po\u00e8mes constitu\u00e9s<\/span><span>de quelques mots seulement<\/span><br \/>\n<span class=\"esp\">Qui disent l\u2019univers<\/span><span>comme cette goutte de ros\u00e9e matinale<\/span><br \/>\n<span class=\"esp\">Sur une feuille de capucine<\/span><span>qui refl\u00e8te tout le firmament<\/span><br \/>\n<span class=\"esp\">Comme ces enfants libres<\/span><span>qui jouent et \u00e9clatent de rire\u00a0!<\/span><\/p>\n<div class=\"K-Bottom-57\"><\/div>\n<\/p>\n<\/div>\n<div class=\"LK2Separateur\">============================== a4 ====================================<\/div>\n<div id=\"Ressourcea4\" class=\"LK2Ressource\">\n<p class=\"K-Titre-Centre\">Je suis Calligramme<\/p>\n<div class=\"K-Image-Centre\"><img loading=\"lazy\" decoding=\"async\" src=\"http:\/\/www.landrea.net\/wp-content\/uploads\/2021\/12\/Lukasa-61-Image-300x171.png\" alt=\"\" width=\"300\" height=\"171\"\/>\n<\/div>\n<p class=\"K-Texte-Centre K-Texte\">\n<span class=\"esp\">Objet multiforme<\/span><span>\u00e0 voir \u00e0 contempler<br \/>\n<span class=\"esp\">Tr\u00e8s souvent<\/span><span>je suis simplement objet graphique<br \/>\n<span class=\"esp\">Constitu\u00e9 de lettres et de mots<\/span><span>et je me fais Calligramme<br \/>\n<span class=\"esp\">Dont la cr\u00e9ation impose<\/span><span>une agr\u00e9able contrainte<br \/>\n<span class=\"esp\">Celle d\u2019\u00eatre silencieux<\/span><span>celle d\u2019\u00eatre concis<\/p>\n<div class=\"K-Bottom-58\"><\/div>\n<\/p>\n<\/div>\n<div class=\"LK2Separateur\">============================== a5 ====================================<\/div>\n<div id=\"Ressourcea5\" class=\"LK2Ressource\">\n<p class=\"K-Titre-Centre\">Prochaine migration<\/p>\n<p class=\"K-Texte-Gauche K-Texte\">Ce lieu, qui repr\u00e9sente ma prochaine migration, est probablement le m\u00eame que celui dont je suis parti, lors de ma premi\u00e8re initiation, \u00e9voqu\u00e9e au n\u00b0 27.<\/p>\n<div class=\"K-Bottom-59\"><\/div>\n<\/p>\n<\/div>\n<div class=\"LK2Separateur\">============================== MG Marie France ====================================<\/div>\n<div id=\"RessourceMG\" class=\"LK2Ressource\" style=\"top:6vw; height:200vw; width:92vw; \">\n<p class=\"K-Titre-Centre\" style=\"font-size:2.5em;\">J\u2019ai de la chance<\/p>\n<p class=\"K-Texte-Centre K-Texte\" style=\"font-size:2em;\">\n<span class=\"esp\">-Je suis n\u00e9 en Afrique<\/span><br \/>\n<span class=\"esp\">Il y a quelques ann\u00e9es<\/span><br \/>\n<span class=\"esp\">Bient\u00f4t je serai un homme<\/span><br \/>\n<span class=\"esp\">Comme vous mes fr\u00e8res<\/span><br \/>\n<span class=\"esp\">Je me questionne<\/span><\/p>\n<p class=\"K-Texte-Centre K-Texte\" style=\"font-size:2em;\">\n<span class=\"esp\">Je me demande comment faire<\/span><br \/>\n<span class=\"esp\">Pour mettre de l\u2019espoir dans l\u2019avenir<\/span><br \/>\n<span class=\"esp\">Tisser de parents \u00e0 enfants <\/span><br \/>\n<span class=\"esp\">Le fil d\u2019une vie ni laide ni vide<\/span><\/p>\n<p class=\"K-Texte-Centre K-Texte\" style=\"font-size:2em;\">\n<span class=\"esp\">Mais ici Y a pas beaucoup de m\u00e9tiers<\/span><br \/>\n<span class=\"esp\">Pas d\u2019opportunit\u00e9s<\/span><br \/>\n<span class=\"esp\">La vue sur demain ?<\/span><br \/>\n<span class=\"esp\">De pr\u00e8s de loin<\/span><br \/>\n<span class=\"esp\">Elle est bouch\u00e9e<\/span><\/p>\n<p class=\"K-Texte-Centre K-Texte\" style=\"font-size:2em;\">\n<span class=\"esp\">Mais j\u2019ai de la chance<\/span><br \/>\n<span class=\"esp\">Moi j\u2019ai un r\u00eave<\/span><br \/>\n<span class=\"esp\">Je vais prendre la mer<\/span><br \/>\n<span class=\"esp\">La traverser<\/span><br \/>\n<span class=\"esp\">Parce que la vie on me l\u2019a dit<\/span><br \/>\n<span class=\"esp\">Est bien plus belle de l\u2019autre c\u00f4t\u00e9<\/span><\/p>\n<p class=\"K-Texte-Centre K-Texte\" style=\"font-size:2em;\">\n<span class=\"esp\">Je deviendrai riche<\/span><br \/>\n<span class=\"esp\">Je serai respect\u00e9<\/span><br \/>\n<span class=\"esp\">Et mes parents au pays<\/span><br \/>\n<span class=\"esp\">Seront plus ni inquiets ni priv\u00e9s<\/span><\/p>\n<p class=\"K-Texte-Centre K-Texte\" style=\"font-size:2em;\">\n<span class=\"esp\">Je sais\u2026 ce r\u00eave<\/span><br \/>\n<span class=\"esp\">D\u2019autres avant moi l\u2019ont fait<\/span><br \/>\n<span class=\"esp\">C\u2019\u00e9tait trop dur pour eux<\/span><br \/>\n<span class=\"esp\">Mais moi, j\u2019ai de la chance<\/span><br \/>\n<span class=\"esp\">Je suis z\u00e9l\u00e9 et courageux<\/span><\/p>\n<p class=\"K-Texte-Centre K-Texte\" style=\"font-size:2em;\">\n<span class=\"esp\">J\u2019ai mis de l\u2019argent de c\u00f4t\u00e9<\/span><br \/>\n<span class=\"esp\">Dans quelques jours c\u2019est le d\u00e9part<\/span><br \/>\n<span class=\"esp\">Les guides vers la libert\u00e9<\/span><br \/>\n<span class=\"esp\">On les appelle des passeurs<\/span><\/p>\n<p class=\"K-Texte-Centre K-Texte\" style=\"font-size:2em;\">\n<span class=\"esp\">Premi\u00e8re \u00e9tape<\/span><br \/>\n<span class=\"esp\">D\u00e9sert libyen<\/span><br \/>\n<span class=\"esp\">La premi\u00e8re fois qu\u2019je vais aussi loin<\/span><br \/>\n<span class=\"esp\">Ce pays voisin<\/span><br \/>\n<span class=\"esp\">Mes parents l\u2019ont jamais vu<\/span><br \/>\n<span class=\"esp\">J\u2019ai de la chance<\/span><\/p>\n<p class=\"K-Texte-Centre K-Texte\" style=\"font-size:2em;\">\n<span class=\"esp\">Au bout du d\u00e9sert ils m\u2019ont tout pris<\/span><br \/>\n<span class=\"esp\">Mon t\u00e9l\u00e9phone <\/span><br \/>\n<span class=\"esp\">Mes \u00e9conomies<\/span><br \/>\n<span class=\"esp\">J\u2019ai d\u00fb travailler dur<\/span><br \/>\n<span class=\"esp\">Longtemps<\/span><br \/>\n<span class=\"esp\">Parfois c\u2019est vrai<\/span><br \/>\n<span class=\"esp\">On m\u2019a battu<\/span><br \/>\n<span class=\"esp\">Mais j\u2019ai jamais eu le ventre vide<\/span><br \/>\n<span class=\"esp\">Il \u00e9tait plein de cette peur solide <\/span><br \/>\n<span class=\"esp\">Aval\u00e9e  comme une nourriture<\/span><\/p>\n<p class=\"K-Texte-Centre K-Texte\" style=\"font-size:2em;\">\n<span class=\"esp\">Dans le d\u00e9sert j\u2019ai laiss\u00e9 aussi<\/span><br \/>\n<span class=\"esp\">Ce qu\u2019il me restait d\u2019enfance<\/span><br \/>\n<span class=\"esp\">J\u2019ai de la chance<\/span><br \/>\n<span class=\"esp\">Je suis un homme maintenant<\/span><br \/>\n<span class=\"esp\">Je peux r\u00eaver encore plus grand<\/span><\/p>\n<p class=\"K-Texte-Centre K-Texte\" style=\"font-size:2em;\">\n<span class=\"esp\">J\u2019ai gagn\u00e9 assez d\u2019argent<\/span><br \/>\n<span class=\"esp\">Pour payer un nouveau passeur<\/span><br \/>\n<span class=\"esp\">La libert\u00e9 dans quelques heures<\/span><br \/>\n<span class=\"esp\">Cette mer qui m\u2019a tant attendu<\/span><br \/>\n<span class=\"esp\">Mon r\u00eave piaffe <\/span><br \/>\n<span class=\"esp\">Il en peut plus !<\/span><\/p>\n<p class=\"K-Texte-Centre K-Texte\" style=\"font-size:2em;\">\n<span class=\"esp\">Bien s\u00fbr je suis un peu inquiet<\/span><br \/>\n<span class=\"esp\">Il fait nuit on n\u2019y voit rien<\/span><br \/>\n<span class=\"esp\">J\u2019ai donn\u00e9 tout ce que j\u2019avais<\/span><br \/>\n<span class=\"esp\">Et les passeurs c\u2019est pas fiable<\/span><\/p>\n<p class=\"K-Texte-Centre K-Texte\" style=\"font-size:2em;\">\n<span class=\"esp\">Bient\u00f4t mes pieds quittent le sable<\/span><br \/>\n<span class=\"esp\">La terre d\u2019Afrique o\u00f9 je suis n\u00e9<\/span><br \/>\n<span class=\"esp\">En dessous et de tous c\u00f4t\u00e9s<\/span><br \/>\n<span class=\"esp\">\u00c7a bouge<\/span><br \/>\n<span class=\"esp\">\u00c7a bouscule<\/span><br \/>\n<span class=\"esp\">\u00c7a s\u2019entasse<\/span><br \/>\n<span class=\"esp\">On est serr\u00e9s<\/span><br \/>\n<span class=\"esp\">Comme des poissons dans la nasse<\/span><br \/>\n<span class=\"esp\">Du temps o\u00f9 la p\u00eache \u00e9tait faste<\/span><\/p>\n<p class=\"K-Texte-Centre K-Texte\" style=\"font-size:2em;\">\n<span class=\"esp\">J\u2019ai plein de fr\u00e8res autour de moi<\/span><br \/>\n<span class=\"esp\">Des soeurs aussi<\/span><br \/>\n<span class=\"esp\">J\u2019ai de la chance<\/span><br \/>\n<span class=\"esp\">\u00c7a y est j\u2019y suis<\/span><\/p>\n<p class=\"K-Texte-Centre K-Texte\" style=\"font-size:2em;\">\n<span class=\"esp\">L\u2019air de la mer <\/span><br \/>\n<span class=\"esp\">Je ne le sens plus<\/span><br \/>\n<span class=\"esp\">\u00c7a peut tanguer bruiner virer<\/span><br \/>\n<span class=\"esp\">J\u2019suis install\u00e9 bien \u00e0 l\u2019abri<\/span><br \/>\n<span class=\"esp\">\u00c0 fond de cale<\/span><\/p>\n<p class=\"K-Texte-Centre K-Texte\" style=\"font-size:2em;\">\n<span class=\"esp\">\u00catre \u00e0 l\u2019abri \u00e7a a un prix<\/span><br \/>\n<span class=\"esp\">Faut supporter l\u2019bruit du moteur<\/span><br \/>\n<span class=\"esp\">Qui geint qui crie<\/span><br \/>\n<span class=\"esp\">Il est trop faible pour tant de corps<\/span><br \/>\n<span class=\"esp\">Alors on se fait tout petits<\/span><\/p>\n<p class=\"K-Texte-Centre K-Texte\" style=\"font-size:2em;\">\n<span class=\"esp\">Je savais pas que je pouvais tenir<\/span><br \/>\n<span class=\"esp\">Dans un espace aussi r\u00e9duit<\/span><br \/>\n<span class=\"esp\">Quand je respire j\u2019ai l\u2019impression<\/span><br \/>\n<span class=\"esp\">De prendre sur la vie des autres<\/span><br \/>\n<span class=\"esp\">\u00c7a sent l\u2019essence<\/span><br \/>\n<span class=\"esp\">Il fait trop chaud<\/span><br \/>\n<span class=\"esp\">\u00c7a sent les corps qui se d\u00e9fendent<\/span><br \/>\n<span class=\"esp\">Qui vomissent la peur<\/span><br \/>\n<span class=\"esp\">Le trop<\/span><br \/>\n<span class=\"esp\">Le manque<\/span><\/p>\n<p class=\"K-Texte-Centre K-Texte\" style=\"font-size:2em;\">\n<span class=\"esp\">\u00c7a sent la mort<\/span><br \/>\n<span class=\"esp\">\u00c7a pue l\u2019enfer<\/span><br \/>\n<span class=\"esp\">Mais j\u2019ai de la chance<\/span><br \/>\n<span class=\"esp\">Je suis vivant<\/span><\/p>\n<p class=\"K-Texte-Centre K-Texte\" style=\"font-size:2em;\">\n<span class=\"esp\">Papa maman vous serez fiers<\/span><br \/>\n<span class=\"esp\">Quand vous saurez ce que j\u2019endure<\/span><br \/>\n<span class=\"esp\">Mais j\u2019en peux plus<\/span><br \/>\n<span class=\"esp\">\u00c7a fait des heures<\/span><br \/>\n<span class=\"esp\">Des jours des nuits<\/span><br \/>\n<span class=\"esp\">Je ne sais plus<\/span><\/p>\n<p class=\"K-Texte-Centre K-Texte\" style=\"font-size:2em;\">\n<span class=\"esp\">Tenir mon r\u00eave de tout mon \u00eatre<\/span><br \/>\n<span class=\"esp\">Ce serait le comble que je l\u2019oublie<\/span><br \/>\n<span class=\"esp\">\u00c0 fond de cale <\/span><\/p>\n<p class=\"K-Texte-Centre K-Texte\" style=\"font-size:2em;\">\n<span class=\"esp\">Soudain des bruits bien diff\u00e9rents<\/span><br \/>\n<span class=\"esp\">Et puis c\u2019est plus le m\u00eame mouvement<\/span><br \/>\n<span class=\"esp\">Y\u2019a du roulis de la lumi\u00e8re<\/span><br \/>\n<span class=\"esp\">De l\u2019air aussi<\/span><\/p>\n<p class=\"K-Texte-Centre K-Texte\" style=\"font-size:2em;\">\n<span class=\"esp\">Des fr\u00e8res blancs qui nous lib\u00e8rent<\/span><br \/>\n<span class=\"esp\">Si la plupart ont surv\u00e9cu<\/span><br \/>\n<span class=\"esp\">On est des h\u00e9ros mais pas fiers<\/span><br \/>\n<span class=\"esp\">On a plut\u00f4t l\u2019air de vaincus<\/span><\/p>\n<p class=\"K-Texte-Centre K-Texte\" style=\"font-size:2em;\">\n<span class=\"esp\">Sur ce bateau <\/span><br \/>\n<span class=\"esp\">G\u00e9ant des mers<\/span><br \/>\n<span class=\"esp\">On se sent enfin attendus<\/span><br \/>\n<span class=\"esp\">Je le savais<\/span><br \/>\n<span class=\"esp\">J\u2019ai eu raison<\/span><br \/>\n<span class=\"esp\">Prochaine \u00e9tape l\u2019Italie<\/span><br \/>\n<span class=\"esp\">Je t\u2019aime ma chance<\/span><br \/>\n<span class=\"esp\">Tu m\u2019a souri<\/span><\/p>\n<p class=\"K-Texte-Centre K-Texte\" style=\"font-size:2em;\">\n<span class=\"esp\">Lampedusa<\/span><br \/>\n<span class=\"esp\">Des p\u2019tites maisons<\/span><br \/>\n<span class=\"esp\">La libert\u00e9 comme en prison<\/span><br \/>\n<span class=\"esp\">De combines en d\u00e9sillusions<\/span><br \/>\n<span class=\"esp\">Faut pas craquer<\/span><\/p>\n<p class=\"K-Texte-Centre K-Texte\" style=\"font-size:2em;\">\n<span class=\"esp\">J\u2019ai pas de papiers<\/span><br \/>\n<span class=\"esp\">J\u2019ai rien du tout<\/span><br \/>\n<span class=\"esp\">Mon r\u00eave fid\u00e8le et quelques sous<\/span><br \/>\n<span class=\"esp\">Pour prendre le car \u00e7a suffira<\/span><br \/>\n<span class=\"esp\">C\u2019est lui qui monte sur le bateau<\/span><\/p>\n<p class=\"K-Texte-Centre K-Texte\" style=\"font-size:2em;\">\n<span class=\"esp\">Une nouvelle mer \u00e0 traverser<\/span><br \/>\n<span class=\"esp\">Des hauts des bas<\/span><br \/>\n<span class=\"esp\">Le d\u00e9sespoir j\u2019en veux pas<\/span><br \/>\n<span class=\"esp\">Allez viens ma chance on y va<\/span><\/p>\n<p class=\"K-Texte-Centre K-Texte\" style=\"font-size:2em;\">\n<span class=\"esp\">L\u00e0 ! C\u2019est la France<\/span><br \/>\n<span class=\"esp\">C\u2019est l\u2019autre c\u00f4t\u00e9 !<\/span><br \/>\n<span class=\"esp\">\u00c0 nous Paris au bout du quai<\/span><br \/>\n<span class=\"esp\">Paris ma belle<\/span><br \/>\n<span class=\"esp\">La ville lumi\u00e8re<\/span><br \/>\n<span class=\"esp\">C\u2019est vrai qu\u2019elles s\u2019\u00e9teignent jamais<\/span><br \/>\n<span class=\"esp\">Quand tu dors sur le trottoir<\/span><br \/>\n<span class=\"esp\">Pourtant des fois tu pr\u00e9f\u00e8rerais<\/span><\/p>\n<p class=\"K-Texte-Centre K-Texte\" style=\"font-size:2em;\">\n<span class=\"esp\">Ici des opportunit\u00e9s y en a<\/span><br \/>\n<span class=\"esp\">Mais\u2026 c\u2019est plut\u00f4t pour ceux qu\u2019ont le droit<\/span><br \/>\n<span class=\"esp\">Les fr\u00e8res arriv\u00e9s avant moi<\/span><br \/>\n<span class=\"esp\">Ont pas de place pour loger mes r\u00eaves<\/span><br \/>\n<span class=\"esp\">Rien pour remplir mon estomac<\/span><\/p>\n<p class=\"K-Texte-Centre K-Texte\" style=\"font-size:2em;\">\n<span class=\"esp\">Mais j\u2019ai de la chance<\/span><br \/>\n<span class=\"esp\">Les nuits sont douces sur le trottoir<\/span><br \/>\n<span class=\"esp\">Moi qui craignais la solitude<\/span><br \/>\n<span class=\"esp\">Les potes de carton ne manquent pas<\/span><br \/>\n<span class=\"esp\">Parfois il y a m\u00eame des rats<\/span><\/p>\n<p class=\"K-Texte-Centre K-Texte\" style=\"font-size:2em;\">\n<span class=\"esp\">Et puis je peux voir les \u00e9toiles<\/span><br \/>\n<span class=\"esp\">En pensant que ce sont les m\u00eames<\/span><br \/>\n<span class=\"esp\">Que mes parents regardent l\u00e0-bas<\/span><\/p>\n<p class=\"K-Texte-Centre K-Texte\" style=\"font-size:2em;\">\n<span class=\"esp\">Les saisons passent<\/span><br \/>\n<span class=\"esp\">C\u2019est la mis\u00e8re<\/span><br \/>\n<span class=\"esp\">Maintenant je sais la reconna\u00eetre<\/span><br \/>\n<span class=\"esp\">M\u00eame si elle change de visage<\/span><br \/>\n<span class=\"esp\">Et me balade comme une \u00e9pave<\/span><br \/>\n<span class=\"esp\">Sur fond de M\u00e9diterran\u00e9e<\/span><\/p>\n<p class=\"K-Texte-Centre K-Texte\" style=\"font-size:2em;\">\n<span class=\"esp\">Alors mon r\u00eave<\/span><br \/>\n<span class=\"esp\">Tu te fais timide ?<\/span><br \/>\n<span class=\"esp\">Mon importun songe apatride<\/span><br \/>\n<span class=\"esp\">Mon infortune<\/span><br \/>\n<span class=\"esp\">Mon \u00e2me damn\u00e9e<\/span><br \/>\n<span class=\"esp\">J\u2019ai l\u2019air malin sur l\u2019autre rive<\/span><\/p>\n<p class=\"K-Texte-Centre K-Texte\" style=\"font-size:2em;\">\n<span class=\"esp\">Moi je voudrais juste rentrer<\/span><br \/>\n<span class=\"esp\">Sentir le parfum de ma m\u00e8re<\/span><br \/>\n<span class=\"esp\">L\u2019exp\u00e9rience c\u2019est trop cher pay\u00e9<\/span><\/p>\n<p class=\"K-Texte-Centre K-Texte\" style=\"font-size:2em;\">\n<span class=\"esp\">J\u2019ai froid<\/span><br \/>\n<span class=\"esp\">Je g\u00e8le<\/span><br \/>\n<span class=\"esp\">J\u2019vais m\u2019endormir<\/span><br \/>\n<span class=\"esp\">Sur mon trottoir<\/span><br \/>\n<span class=\"esp\">Sur le pav\u00e9<\/span><br \/>\n<span class=\"esp\">En \u00e9pargnant la honte aux miens<\/span><\/p>\n<p class=\"K-Texte-Centre K-Texte\" style=\"font-size:2em;\">\n<span class=\"esp\">Mais j\u2019ai de la chance<\/span><br \/>\n<span class=\"esp\">Au creux d\u2019mon corps tout engourdi<\/span><br \/>\n<span class=\"esp\">Mon coeur africain se souvient<\/span><br \/>\n<span class=\"esp\">De la chaleur de vos sourires<\/span><br \/>\n<span class=\"esp\">De vos \u00e9pices<\/span><br \/>\n<span class=\"esp\">Et c\u2019est divin\u2026<\/span><\/p>\n<div class=\"K-Bottom-01\"><\/div>\n<\/p>\n<\/div>\n<div class=\"LK2Separateur\">========================== FIN DES KASALAS ===========================<\/div>\n<\/div>\n","protected":false},"excerpt":{"rendered":"<p>54 71 76 Prompteur Ressource01 ============================== 01 ==================================== Testament d\u2019une m\u00e8re (Extrait) Ma m\u00e8re r\u00e9pudi\u00e9ea d\u00fb me laisser \u00e0 mon p\u00e8re J\u2019avais quatre moisJ\u2019avais encore soif de lait maternel Elle s\u2019appelait Ndaay\u00e0 Mw\u00e2Kabuta 2et lui Kambal\u00e0 Ambroise Je l\u2019ai rencontr\u00e9e \u00e0 quelques reprisesElle a v\u00e9cu jusqu\u2019en 1991 En r\u00e9alit\u00e9 elle ne m\u2019a jamais quitt\u00e9Car sa &hellip; <\/p>\n<p class=\"link-more\"><a href=\"https:\/\/www.landrea.net\/index.php\/lk2\/\" class=\"more-link\">Continuer la lecture<span class=\"screen-reader-text\"> de &laquo;&nbsp;_LK2&nbsp;&raquo;<\/span><\/a><\/p>\n","protected":false},"author":1,"featured_media":0,"parent":0,"menu_order":0,"comment_status":"closed","ping_status":"closed","template":"","meta":{"spay_email":"","footnotes":""},"class_list":["post-2346","page","type-page","status-publish","hentry"],"_links":{"self":[{"href":"https:\/\/www.landrea.net\/index.php\/wp-json\/wp\/v2\/pages\/2346","targetHints":{"allow":["GET"]}}],"collection":[{"href":"https:\/\/www.landrea.net\/index.php\/wp-json\/wp\/v2\/pages"}],"about":[{"href":"https:\/\/www.landrea.net\/index.php\/wp-json\/wp\/v2\/types\/page"}],"author":[{"embeddable":true,"href":"https:\/\/www.landrea.net\/index.php\/wp-json\/wp\/v2\/users\/1"}],"replies":[{"embeddable":true,"href":"https:\/\/www.landrea.net\/index.php\/wp-json\/wp\/v2\/comments?post=2346"}],"version-history":[{"count":7,"href":"https:\/\/www.landrea.net\/index.php\/wp-json\/wp\/v2\/pages\/2346\/revisions"}],"predecessor-version":[{"id":3788,"href":"https:\/\/www.landrea.net\/index.php\/wp-json\/wp\/v2\/pages\/2346\/revisions\/3788"}],"wp:attachment":[{"href":"https:\/\/www.landrea.net\/index.php\/wp-json\/wp\/v2\/media?parent=2346"}],"curies":[{"name":"wp","href":"https:\/\/api.w.org\/{rel}","templated":true}]}}